{"id":63393,"date":"2024-08-10T14:56:13","date_gmt":"2024-08-10T13:56:13","guid":{"rendered":"https:\/\/kamerpower.com\/?page_id=63393"},"modified":"2026-04-19T03:10:40","modified_gmt":"2026-04-19T02:10:40","slug":"accueil","status":"publish","type":"page","link":"https:\/\/kamerpower.com\/fr\/","title":{"rendered":"Pr\u00e9pa Concours en ligne, Bourses, Concours, Formations, Carri\u00e8re"},"content":{"rendered":"\n<section id=\"wp-block-themeisle-blocks-advanced-columns-1ca28495\" class=\"wp-block-themeisle-blocks-advanced-columns alignfull has-2-columns has-desktop-equal-layout has-tablet-equal-layout has-mobile-collapsedRows-layout has-vertical-flex-start\"><div class=\"wp-block-themeisle-blocks-advanced-columns-overlay\"><\/div><div class=\"innerblocks-wrap\">\n<div id=\"wp-block-themeisle-blocks-advanced-column-3fee3a63\" class=\"wp-block-themeisle-blocks-advanced-column\"><div class=\"wp-block-themeisle-blocks-advanced-column-overlay\"><\/div><div class=\"wp-block-image\">\n<figure class=\"aligncenter size-full is-resized\"><img decoding=\"async\" src=\"https:\/\/kamerpower.com\/wp-content\/uploads\/2025\/11\/headhomekp.png\" alt=\"Kamerpower.com - Pr\u00e9pa Concours en ligne, Bourses, Concours, Formations, Carri\u00e8re, Job\" class=\"wp-image-72135\" style=\"width:380px;height:auto\"\/><\/figure>\n<\/div><\/div>\n\n\n\n<div id=\"wp-block-themeisle-blocks-advanced-column-a365f1e1\" class=\"wp-block-themeisle-blocks-advanced-column\">\n<p class=\"has-neve-link-color-color has-text-color\"><strong>Kamerpower<\/strong><\/p>\n\n\n\n<h2 class=\"wp-block-heading has-text-align-left has-black-color has-text-color has-link-color has-large-font-size wp-elements-70ca7fc91e864befb03af1c65b92e26c\" id=\"h-prepa-concours-en-ligne-bourses-concours-formations-carriere-job\" style=\"text-transform:capitalize\"><strong>Pr\u00e9pa Concours en ligne, Bourses, Concours, Formations, Carri\u00e8re, Job<\/strong><\/h2>\n\n\n\n<p class=\"has-text-align-left has-black-color has-text-color has-link-color wp-elements-c5bc2a65dbd845a2f9221409f0b52924\">Documents d&#8217;\u00e9tude t\u00e9l\u00e9chargeables, Anciennes \u00c9preuves et sujet Corrig\u00e9es d&#8217;examens, <a href=\"https:\/\/kamerpower.com\/fr\/concours-lances-au-cameroun-actuellement\/\" target=\"_blank\" rel=\"noreferrer noopener\">dernier concours lanc\u00e9<\/a>, r\u00e9daction de CV et de lettres de motivation, bourses d&#8217;\u00e9tudes, <a href=\"https:\/\/kamerpower.com\/fr\/emplois\/\" target=\"_blank\" rel=\"noreferrer noopener\">emplois<\/a>, conseils de carri\u00e8re pertinents.<\/p>\n\n\n\n<div class=\"wp-block-buttons is-layout-flex wp-block-buttons-is-layout-flex\">\n<div class=\"wp-block-button is-style-primary\"><a class=\"wp-block-button__link wp-element-button\" href=\"https:\/\/kamerpower.com\/fr\/courses\/\"><strong>Commencez \u00e0 apprendre<\/strong><\/a><\/div>\n\n\n\n<div class=\"wp-block-button is-style-primary\"><a class=\"wp-block-button__link wp-element-button\" href=\"https:\/\/kamerpower.com\/fr\/product\/\"><strong>Les ressources<\/strong><\/a><\/div>\n<\/div>\n<\/div>\n<\/div><\/section>\n\n\n\n<section id=\"wp-block-themeisle-blocks-advanced-columns-21a53cd5\" class=\"wp-block-themeisle-blocks-advanced-columns alignfull has-1-columns has-desktop-equal-layout has-tablet-equal-layout has-mobile-equal-layout has-vertical-flex-start\"><div class=\"wp-block-themeisle-blocks-advanced-columns-overlay\"><\/div><div class=\"innerblocks-wrap\">\n<div id=\"wp-block-themeisle-blocks-advanced-column-95510eda\" class=\"wp-block-themeisle-blocks-advanced-column\">\n<h2 class=\"wp-block-heading has-text-align-left has-black-color has-text-color has-link-color wp-elements-6a31e26c4b75545e0e45122e189ac408\" id=\"h-cours-en-vedette-produits-et-concours\" style=\"text-transform:capitalize\">Cours en vedette, Produits et Concours<\/h2>\n\n\n<div class=\"llms-loop\">\n\t<ul class=\"llms-loop-list llms-course-list cols-3\">\n<li class=\"llms-loop-item post-72681 course type-course status-publish has-post-thumbnail hentry not-enrolled is-complete\">\n\t<div class=\"llms-loop-item-content\">\n\n\t<a class=\"llms-loop-link\" href=\"https:\/\/kamerpower.com\/fr\/course\/cours-histoire\/\">\n\t<img decoding=\"async\" src=\"https:\/\/kamerpower.com\/wp-content\/uploads\/2025\/10\/Les-Cours-Histoire-en-ligne-gratuit.jpg\" alt=\"Cours d&#8217;Histoire gratuit en Ligne\" class=\"llms-featured-image wp-post-image\">\n\t<h4 class=\"llms-loop-title\">Cours d&#8217;Histoire gratuit en Ligne<\/h4>\n\n\t<footer class=\"llms-loop-item-footer\">\n\t\t\t<div class=\"llms-author\">\n\t\t\t\t<span class=\"llms-author-info name\">Kamerpower<\/span>\n\t\t\t\t\t<\/div>\n\t\n<div class=\"llms-meta llms-lessons-count\">\n\t<p>\n\t\tNumber of lessons: <span class=\"lessons-count\">10<\/span>\t<\/p>\n<\/div>\n\t<\/footer>\n\n\t<\/a><!-- .llms-loop-link -->\n\t<\/div><!-- .llms-loop-item-content -->\n<\/li><!-- .llms-loop-item -->\n<li class=\"llms-loop-item post-72683 course type-course status-publish has-post-thumbnail hentry not-enrolled is-complete\">\n\t<div class=\"llms-loop-item-content\">\n\n\t<a class=\"llms-loop-link\" href=\"https:\/\/kamerpower.com\/fr\/course\/cours-geographie\/\">\n\t<img decoding=\"async\" src=\"https:\/\/kamerpower.com\/wp-content\/uploads\/2025\/10\/Les-Cours-de-Geographie-en-ligne-gratuite-pdf.jpg\" alt=\"Cours G\u00e9ographie\" class=\"llms-featured-image wp-post-image\">\n\t<h4 class=\"llms-loop-title\">Cours G\u00e9ographie<\/h4>\n\n\t<footer class=\"llms-loop-item-footer\">\n\t\t\t<div class=\"llms-author\">\n\t\t\t\t<span class=\"llms-author-info name\">Kamerpower<\/span>\n\t\t\t\t\t<\/div>\n\t\n<div class=\"llms-meta llms-lessons-count\">\n\t<p>\n\t\tNumber of lessons: <span class=\"lessons-count\">1<\/span>\t<\/p>\n<\/div>\n\t<\/footer>\n\n\t<\/a><!-- .llms-loop-link -->\n\t<\/div><!-- .llms-loop-item-content -->\n<\/li><!-- .llms-loop-item -->\n<li class=\"llms-loop-item post-72687 course type-course status-publish has-post-thumbnail hentry course_cat-cours-exercices-pratiques-d-examen not-enrolled is-complete\">\n\t<div class=\"llms-loop-item-content\">\n\n\t<a class=\"llms-loop-link\" href=\"https:\/\/kamerpower.com\/fr\/course\/prepa-concours-ensp\/\">\n\t<img decoding=\"async\" src=\"https:\/\/kamerpower.com\/wp-content\/uploads\/2025\/10\/Prepa-Concours-ENSP-Ecole-Nationale-Superieure-Polytechnique-au-Cameroun.jpg\" alt=\"Pr\u00e9pa Concours Ecole Nationale Sup\u00e9rieure Polytechnique\u00a0au Cameroun (ENSP)\" class=\"llms-featured-image wp-post-image\">\n\t<h4 class=\"llms-loop-title\">Pr\u00e9pa Concours Ecole Nationale Sup\u00e9rieure Polytechnique\u00a0au Cameroun (ENSP)<\/h4>\n\n\t<footer class=\"llms-loop-item-footer\">\n\t\t\t<div class=\"llms-author\">\n\t\t\t\t<span class=\"llms-author-info name\">Kamerpower<\/span>\n\t\t\t\t\t<\/div>\n\t\n<div class=\"llms-meta llms-lessons-count\">\n\t<p>\n\t\tNumber of lessons: <span class=\"lessons-count\">0<\/span>\t<\/p>\n<\/div>\n\t<\/footer>\n\n\t<\/a><!-- .llms-loop-link -->\n\t<\/div><!-- .llms-loop-item-content -->\n<\/li><!-- .llms-loop-item -->\n<li class=\"llms-loop-item post-72689 course type-course status-publish has-post-thumbnail hentry course_cat-cours-exercices-pratiques-d-examen not-enrolled is-complete\">\n\t<div class=\"llms-loop-item-content\">\n\n\t<a class=\"llms-loop-link\" href=\"https:\/\/kamerpower.com\/fr\/course\/prepa-concours-fmsp\/\">\n\t<img decoding=\"async\" src=\"https:\/\/kamerpower.com\/wp-content\/uploads\/2025\/10\/Prepa-Concours-FMSP-Medecine-et-Sciences-Pharmaceutiques-en-ligne.jpg\" alt=\"Pr\u00e9pa Concours Facult\u00e9 de M\u00e9decine et Sciences Pharmaceutiques\" class=\"llms-featured-image wp-post-image\">\n\t<h4 class=\"llms-loop-title\">Pr\u00e9pa Concours Facult\u00e9 de M\u00e9decine et Sciences Pharmaceutiques<\/h4>\n\n\t<footer class=\"llms-loop-item-footer\">\n\t\t\t<div class=\"llms-author\">\n\t\t\t\t<span class=\"llms-author-info name\">Kamerpower<\/span>\n\t\t\t\t\t<\/div>\n\t\n<div class=\"llms-meta llms-lessons-count\">\n\t<p>\n\t\tNumber of lessons: <span class=\"lessons-count\">1<\/span>\t<\/p>\n<\/div>\n\t<\/footer>\n\n\t<\/a><!-- .llms-loop-link -->\n\t<\/div><!-- .llms-loop-item-content -->\n<\/li><!-- .llms-loop-item -->\n<li class=\"llms-loop-item post-73408 course type-course status-publish has-post-thumbnail hentry course_cat-cours-exercices-pratiques-d-examen not-enrolled is-complete\">\n\t<div class=\"llms-loop-item-content\">\n\n\t<a class=\"llms-loop-link\" href=\"https:\/\/kamerpower.com\/fr\/course\/prepa-concours-fmsb-en-ligne-faculte-de-medecine-et-de-science-biomedicale\/\">\n\t<img decoding=\"async\" src=\"https:\/\/kamerpower.com\/wp-content\/uploads\/2026\/01\/FMSB-Prepa-Concours-en-ligne-Faculte-de-medecine-et-de-science-biomedicale.png\" alt=\"Pre\u0301pa Concours FMSB en ligne &#8211; Faculte\u0301 de me\u0301decine et de science biome\u0301dicale\" class=\"llms-featured-image wp-post-image\">\n\t<h4 class=\"llms-loop-title\">Pre\u0301pa Concours FMSB en ligne &#8211; Faculte\u0301 de me\u0301decine et de science biome\u0301dicale<\/h4>\n\n\t<footer class=\"llms-loop-item-footer\">\n\t\t\t<div class=\"llms-author\">\n\t\t\t\t<span class=\"llms-author-info name\">Kamerpower<\/span>\n\t\t\t\t\t<\/div>\n\t\n<div class=\"llms-meta llms-lessons-count\">\n\t<p>\n\t\tNumber of lessons: <span class=\"lessons-count\">1<\/span>\t<\/p>\n<\/div>\n\t<\/footer>\n\n\t<\/a><!-- .llms-loop-link -->\n\t<\/div><!-- .llms-loop-item-content -->\n<\/li><!-- .llms-loop-item -->\n<li class=\"llms-loop-item post-72685 course type-course status-publish has-post-thumbnail hentry course_cat-cours-exercices-pratiques-d-examen not-enrolled is-complete\">\n\t<div class=\"llms-loop-item-content\">\n\n\t<a class=\"llms-loop-link\" href=\"https:\/\/kamerpower.com\/fr\/course\/preparation-concours-essca-en-ligne-epreuves\/\">\n\t<img decoding=\"async\" src=\"https:\/\/kamerpower.com\/wp-content\/uploads\/2025\/10\/Preparation-Concours-ESSCA-en-ligne-annales-corrigees-QCM-exercices.jpg\" alt=\"Pr\u00e9paration Concours ESSCA en ligne &#8211; \u00c9preuves corrig\u00e9es\" class=\"llms-featured-image wp-post-image\">\n\t<h4 class=\"llms-loop-title\">Pr\u00e9paration Concours ESSCA en ligne &#8211; \u00c9preuves corrig\u00e9es<\/h4>\n\n\t<footer class=\"llms-loop-item-footer\">\n\t\t\t<div class=\"llms-author\">\n\t\t\t\t<span class=\"llms-author-info name\">Kamerpower<\/span>\n\t\t\t\t\t<\/div>\n\t\n<div class=\"llms-meta llms-lessons-count\">\n\t<p>\n\t\tNumber of lessons: <span class=\"lessons-count\">0<\/span>\t<\/p>\n<\/div>\n\t<\/footer>\n\n\t<\/a><!-- .llms-loop-link -->\n\t<\/div><!-- .llms-loop-item-content -->\n<\/li><!-- .llms-loop-item -->\n<li class=\"llms-loop-item post-73423 course type-course status-publish has-post-thumbnail hentry course_cat-cours-exercices-pratiques-d-examen not-enrolled is-complete\">\n\t<div class=\"llms-loop-item-content\">\n\n\t<a class=\"llms-loop-link\" href=\"https:\/\/kamerpower.com\/fr\/course\/revision-culture-generale-prepa-concours-enam-sujets-corriges\/\">\n\t<img decoding=\"async\" src=\"https:\/\/kamerpower.com\/wp-content\/uploads\/2026\/01\/Prepa-Concours-ENAM-Culture-Generale.png\" alt=\"R\u00e9vision pour Culture G\u00e9n\u00e9rale Pre\u0301pa Concours ENAM avec les Sujets corriges\" class=\"llms-featured-image wp-post-image\">\n\t<h4 class=\"llms-loop-title\">R\u00e9vision pour Culture G\u00e9n\u00e9rale Pre\u0301pa Concours ENAM avec les Sujets corriges<\/h4>\n\n\t<footer class=\"llms-loop-item-footer\">\n\t\t\t<div class=\"llms-author\">\n\t\t\t\t<span class=\"llms-author-info name\">Kamerpower<\/span>\n\t\t\t\t\t<\/div>\n\t\n<div class=\"llms-meta llms-lessons-count\">\n\t<p>\n\t\tNumber of lessons: <span class=\"lessons-count\">1<\/span>\t<\/p>\n<\/div>\n\t<\/footer>\n\n\t<\/a><!-- .llms-loop-link -->\n\t<\/div><!-- .llms-loop-item-content -->\n<\/li><!-- .llms-loop-item -->\n\t<\/ul>\n<\/div><!-- .llms-loop -->\n\n\n\n<div class=\"woocommerce columns-3 \"><ul class=\"products columns-3\">\n<li class=\"product type-product post-73051 status-publish first instock product_cat-download-past-questions product_tag-gce has-post-thumbnail sale downloadable virtual purchasable product-type-simple\">\n\t<a href=\"https:\/\/kamerpower.com\/product\/gce-al-arts-subjects-past-questions-cameroon\/\" class=\"woocommerce-LoopProduct-link woocommerce-loop-product__link\">\n\t<span class=\"onsale\">Promo\u00a0!<\/span>\n\t<img decoding=\"async\" width=\"300\" height=\"300\" src=\"https:\/\/kamerpower.com\/wp-content\/uploads\/2026\/01\/CGCE-AL-Arts-Subjects-latest-Past-Questions-300x300.jpg\" class=\"attachment-woocommerce_thumbnail size-woocommerce_thumbnail\" alt=\"CGCE AL Arts Subjects latest Past Questions\" srcset=\"https:\/\/kamerpower.com\/wp-content\/uploads\/2026\/01\/CGCE-AL-Arts-Subjects-latest-Past-Questions-300x300.jpg 300w, https:\/\/kamerpower.com\/wp-content\/uploads\/2026\/01\/CGCE-AL-Arts-Subjects-latest-Past-Questions-1080x1080.jpg 1080w, https:\/\/kamerpower.com\/wp-content\/uploads\/2026\/01\/CGCE-AL-Arts-Subjects-latest-Past-Questions-150x150.jpg 150w, https:\/\/kamerpower.com\/wp-content\/uploads\/2026\/01\/CGCE-AL-Arts-Subjects-latest-Past-Questions-768x768.jpg 768w, https:\/\/kamerpower.com\/wp-content\/uploads\/2026\/01\/CGCE-AL-Arts-Subjects-latest-Past-Questions-80x80.jpg 80w, https:\/\/kamerpower.com\/wp-content\/uploads\/2026\/01\/CGCE-AL-Arts-Subjects-latest-Past-Questions-320x320.jpg 320w, https:\/\/kamerpower.com\/wp-content\/uploads\/2026\/01\/CGCE-AL-Arts-Subjects-latest-Past-Questions-720x720.jpg 720w, https:\/\/kamerpower.com\/wp-content\/uploads\/2026\/01\/CGCE-AL-Arts-Subjects-latest-Past-Questions-520x520.jpg 520w, https:\/\/kamerpower.com\/wp-content\/uploads\/2026\/01\/CGCE-AL-Arts-Subjects-latest-Past-Questions-64x64.jpg 64w, https:\/\/kamerpower.com\/wp-content\/uploads\/2026\/01\/CGCE-AL-Arts-Subjects-latest-Past-Questions-600x600.jpg 600w, https:\/\/kamerpower.com\/wp-content\/uploads\/2026\/01\/CGCE-AL-Arts-Subjects-latest-Past-Questions-100x100.jpg 100w, https:\/\/kamerpower.com\/wp-content\/uploads\/2026\/01\/CGCE-AL-Arts-Subjects-latest-Past-Questions-96x96.jpg 96w, https:\/\/kamerpower.com\/wp-content\/uploads\/2026\/01\/CGCE-AL-Arts-Subjects-latest-Past-Questions.jpg 1200w\" sizes=\"(max-width: 300px) 100vw, 300px\" \/><h2 class=\"woocommerce-loop-product__title\">GCE AL Arts Subjects Past Questions 2013-2025 Cameroon<\/h2><div class=\"star-rating\" role=\"img\" aria-label=\"Note 5.00 sur 5\"><span style=\"width:100%\">Note <strong class=\"rating\">5.00<\/strong> sur 5<\/span><\/div>\n\t<span class=\"price\"><del aria-hidden=\"true\"><span class=\"woocommerce-Price-amount amount\"><bdi>15000&nbsp;<span class=\"woocommerce-Price-currencySymbol\">CFA<\/span><\/bdi><\/span><\/del> <span class=\"screen-reader-text\">Le prix initial \u00e9tait\u00a0: 15000&nbsp;CFA.<\/span><ins aria-hidden=\"true\"><span class=\"woocommerce-Price-amount amount\"><bdi>12000&nbsp;<span class=\"woocommerce-Price-currencySymbol\">CFA<\/span><\/bdi><\/span><\/ins><span class=\"screen-reader-text\">Le prix actuel est\u00a0: 12000&nbsp;CFA.<\/span><\/span>\n<\/a><a href=\"\/fr\/wp-json\/wp\/v2\/pages\/63393?add-to-cart=73051\" aria-describedby=\"woocommerce_loop_add_to_cart_link_describedby_73051\" data-quantity=\"1\" class=\"button product_type_simple add_to_cart_button ajax_add_to_cart\" data-product_id=\"73051\" data-product_sku=\"\" aria-label=\"Ajouter au panier\u00a0: &ldquo;GCE AL Arts Subjects Past Questions 2013-2025 Cameroon&rdquo;\" rel=\"nofollow\" data-success_message=\"\u00ab\u00a0GCE AL Arts Subjects Past Questions 2013-2025 Cameroon\u00a0\u00bb a \u00e9t\u00e9 ajout\u00e9 \u00e0 votre panier\" role=\"button\">Ajouter au panier<\/a>\t<span id=\"woocommerce_loop_add_to_cart_link_describedby_73051\" class=\"screen-reader-text\">\n\t\t\t<\/span>\n<\/li>\n<li class=\"product type-product post-72826 status-publish instock product_cat-download-past-questions product_tag-gce has-post-thumbnail sale downloadable virtual purchasable product-type-simple\">\n\t<a href=\"https:\/\/kamerpower.com\/product\/past-questions-cgce-al-science-subjects\/\" class=\"woocommerce-LoopProduct-link woocommerce-loop-product__link\">\n\t<span class=\"onsale\">Promo\u00a0!<\/span>\n\t<img decoding=\"async\" width=\"300\" height=\"300\" src=\"https:\/\/kamerpower.com\/wp-content\/uploads\/2026\/01\/Cameroon-GCE-AL-Sciences-Past-Questions-Subjects-300x300.jpg\" class=\"attachment-woocommerce_thumbnail size-woocommerce_thumbnail\" alt=\"Cameroon GCE AL Sciences Past Questions Subjects 2026\" srcset=\"https:\/\/kamerpower.com\/wp-content\/uploads\/2026\/01\/Cameroon-GCE-AL-Sciences-Past-Questions-Subjects-300x300.jpg 300w, https:\/\/kamerpower.com\/wp-content\/uploads\/2026\/01\/Cameroon-GCE-AL-Sciences-Past-Questions-Subjects-1080x1080.jpg 1080w, https:\/\/kamerpower.com\/wp-content\/uploads\/2026\/01\/Cameroon-GCE-AL-Sciences-Past-Questions-Subjects-150x150.jpg 150w, https:\/\/kamerpower.com\/wp-content\/uploads\/2026\/01\/Cameroon-GCE-AL-Sciences-Past-Questions-Subjects-768x768.jpg 768w, https:\/\/kamerpower.com\/wp-content\/uploads\/2026\/01\/Cameroon-GCE-AL-Sciences-Past-Questions-Subjects-80x80.jpg 80w, https:\/\/kamerpower.com\/wp-content\/uploads\/2026\/01\/Cameroon-GCE-AL-Sciences-Past-Questions-Subjects-320x320.jpg 320w, https:\/\/kamerpower.com\/wp-content\/uploads\/2026\/01\/Cameroon-GCE-AL-Sciences-Past-Questions-Subjects-720x720.jpg 720w, https:\/\/kamerpower.com\/wp-content\/uploads\/2026\/01\/Cameroon-GCE-AL-Sciences-Past-Questions-Subjects-520x520.jpg 520w, https:\/\/kamerpower.com\/wp-content\/uploads\/2026\/01\/Cameroon-GCE-AL-Sciences-Past-Questions-Subjects-64x64.jpg 64w, https:\/\/kamerpower.com\/wp-content\/uploads\/2026\/01\/Cameroon-GCE-AL-Sciences-Past-Questions-Subjects-600x600.jpg 600w, https:\/\/kamerpower.com\/wp-content\/uploads\/2026\/01\/Cameroon-GCE-AL-Sciences-Past-Questions-Subjects-100x100.jpg 100w, https:\/\/kamerpower.com\/wp-content\/uploads\/2026\/01\/Cameroon-GCE-AL-Sciences-Past-Questions-Subjects-96x96.jpg 96w, https:\/\/kamerpower.com\/wp-content\/uploads\/2026\/01\/Cameroon-GCE-AL-Sciences-Past-Questions-Subjects.jpg 1200w\" sizes=\"(max-width: 300px) 100vw, 300px\" \/><h2 class=\"woocommerce-loop-product__title\">Past Questions Cameroon GCE A Level Science Subjects for 2013-2025<\/h2>\n\t<span class=\"price\"><del aria-hidden=\"true\"><span class=\"woocommerce-Price-amount amount\"><bdi>15000&nbsp;<span class=\"woocommerce-Price-currencySymbol\">CFA<\/span><\/bdi><\/span><\/del> <span class=\"screen-reader-text\">Le prix initial \u00e9tait\u00a0: 15000&nbsp;CFA.<\/span><ins aria-hidden=\"true\"><span class=\"woocommerce-Price-amount amount\"><bdi>12000&nbsp;<span class=\"woocommerce-Price-currencySymbol\">CFA<\/span><\/bdi><\/span><\/ins><span class=\"screen-reader-text\">Le prix actuel est\u00a0: 12000&nbsp;CFA.<\/span><\/span>\n<\/a><a href=\"\/fr\/wp-json\/wp\/v2\/pages\/63393?add-to-cart=72826\" aria-describedby=\"woocommerce_loop_add_to_cart_link_describedby_72826\" data-quantity=\"1\" class=\"button product_type_simple add_to_cart_button ajax_add_to_cart\" data-product_id=\"72826\" data-product_sku=\"\" aria-label=\"Ajouter au panier\u00a0: &ldquo;Past Questions Cameroon GCE A Level Science Subjects for 2013-2025&rdquo;\" rel=\"nofollow\" data-success_message=\"\u00ab\u00a0Past Questions Cameroon GCE A Level Science Subjects for 2013-2025\u00a0\u00bb a \u00e9t\u00e9 ajout\u00e9 \u00e0 votre panier\" role=\"button\">Ajouter au panier<\/a>\t<span id=\"woocommerce_loop_add_to_cart_link_describedby_72826\" class=\"screen-reader-text\">\n\t\t\t<\/span>\n<\/li>\n<li class=\"product type-product post-73336 status-publish last instock product_cat-download-past-questions product_tag-gce has-post-thumbnail sale downloadable virtual purchasable product-type-simple\">\n\t<a href=\"https:\/\/kamerpower.com\/product\/cgce-ol-arts-subjects-past-question-papers\/\" class=\"woocommerce-LoopProduct-link woocommerce-loop-product__link\">\n\t<span class=\"onsale\">Promo\u00a0!<\/span>\n\t<img decoding=\"async\" width=\"300\" height=\"300\" src=\"https:\/\/kamerpower.com\/wp-content\/uploads\/2026\/01\/Ordinary-Level-Arts-Past-Question-Papers-Cameroon-GCE-300x300.jpg\" class=\"attachment-woocommerce_thumbnail size-woocommerce_thumbnail\" alt=\"Ordinary Level Arts Past Question Papers Cameroon GCE\" srcset=\"https:\/\/kamerpower.com\/wp-content\/uploads\/2026\/01\/Ordinary-Level-Arts-Past-Question-Papers-Cameroon-GCE-300x300.jpg 300w, https:\/\/kamerpower.com\/wp-content\/uploads\/2026\/01\/Ordinary-Level-Arts-Past-Question-Papers-Cameroon-GCE-1080x1080.jpg 1080w, https:\/\/kamerpower.com\/wp-content\/uploads\/2026\/01\/Ordinary-Level-Arts-Past-Question-Papers-Cameroon-GCE-150x150.jpg 150w, https:\/\/kamerpower.com\/wp-content\/uploads\/2026\/01\/Ordinary-Level-Arts-Past-Question-Papers-Cameroon-GCE-768x768.jpg 768w, https:\/\/kamerpower.com\/wp-content\/uploads\/2026\/01\/Ordinary-Level-Arts-Past-Question-Papers-Cameroon-GCE-64x64.jpg 64w, https:\/\/kamerpower.com\/wp-content\/uploads\/2026\/01\/Ordinary-Level-Arts-Past-Question-Papers-Cameroon-GCE-600x600.jpg 600w, https:\/\/kamerpower.com\/wp-content\/uploads\/2026\/01\/Ordinary-Level-Arts-Past-Question-Papers-Cameroon-GCE-100x100.jpg 100w, https:\/\/kamerpower.com\/wp-content\/uploads\/2026\/01\/Ordinary-Level-Arts-Past-Question-Papers-Cameroon-GCE-96x96.jpg 96w, https:\/\/kamerpower.com\/wp-content\/uploads\/2026\/01\/Ordinary-Level-Arts-Past-Question-Papers-Cameroon-GCE.jpg 1200w\" sizes=\"(max-width: 300px) 100vw, 300px\" \/><h2 class=\"woocommerce-loop-product__title\">Ordinary Level Arts Past Question Papers Cameroon GCE 2010-2025<\/h2>\n\t<span class=\"price\"><del aria-hidden=\"true\"><span class=\"woocommerce-Price-amount amount\"><bdi>14500&nbsp;<span class=\"woocommerce-Price-currencySymbol\">CFA<\/span><\/bdi><\/span><\/del> <span class=\"screen-reader-text\">Le prix initial \u00e9tait\u00a0: 14500&nbsp;CFA.<\/span><ins aria-hidden=\"true\"><span class=\"woocommerce-Price-amount amount\"><bdi>11500&nbsp;<span class=\"woocommerce-Price-currencySymbol\">CFA<\/span><\/bdi><\/span><\/ins><span class=\"screen-reader-text\">Le prix actuel est\u00a0: 11500&nbsp;CFA.<\/span><\/span>\n<\/a><a href=\"\/fr\/wp-json\/wp\/v2\/pages\/63393?add-to-cart=73336\" aria-describedby=\"woocommerce_loop_add_to_cart_link_describedby_73336\" data-quantity=\"1\" class=\"button product_type_simple add_to_cart_button ajax_add_to_cart\" data-product_id=\"73336\" data-product_sku=\"\" aria-label=\"Ajouter au panier\u00a0: &ldquo;Ordinary Level Arts Past Question Papers Cameroon GCE 2010-2025&rdquo;\" rel=\"nofollow\" data-success_message=\"\u00ab\u00a0Ordinary Level Arts Past Question Papers Cameroon GCE 2010-2025\u00a0\u00bb a \u00e9t\u00e9 ajout\u00e9 \u00e0 votre panier\" role=\"button\">Ajouter au panier<\/a>\t<span id=\"woocommerce_loop_add_to_cart_link_describedby_73336\" class=\"screen-reader-text\">\n\t\t\t<\/span>\n<\/li>\n<li class=\"product type-product post-73324 status-publish first instock product_cat-download-past-questions product_tag-gce has-post-thumbnail sale downloadable virtual purchasable product-type-simple\">\n\t<a href=\"https:\/\/kamerpower.com\/product\/o-level-science-past-questions-cameroon-gce\/\" class=\"woocommerce-LoopProduct-link woocommerce-loop-product__link\">\n\t<span class=\"onsale\">Promo\u00a0!<\/span>\n\t<img decoding=\"async\" width=\"300\" height=\"300\" src=\"https:\/\/kamerpower.com\/wp-content\/uploads\/2026\/01\/GCE-Download-OLevel-Science-Past-Questions-Cameroon-300x300.jpg\" class=\"attachment-woocommerce_thumbnail size-woocommerce_thumbnail\" alt=\"GCE Download O:Level Science Past Questions Cameroon\" srcset=\"https:\/\/kamerpower.com\/wp-content\/uploads\/2026\/01\/GCE-Download-OLevel-Science-Past-Questions-Cameroon-300x300.jpg 300w, https:\/\/kamerpower.com\/wp-content\/uploads\/2026\/01\/GCE-Download-OLevel-Science-Past-Questions-Cameroon-1080x1080.jpg 1080w, https:\/\/kamerpower.com\/wp-content\/uploads\/2026\/01\/GCE-Download-OLevel-Science-Past-Questions-Cameroon-150x150.jpg 150w, https:\/\/kamerpower.com\/wp-content\/uploads\/2026\/01\/GCE-Download-OLevel-Science-Past-Questions-Cameroon-768x768.jpg 768w, https:\/\/kamerpower.com\/wp-content\/uploads\/2026\/01\/GCE-Download-OLevel-Science-Past-Questions-Cameroon-64x64.jpg 64w, https:\/\/kamerpower.com\/wp-content\/uploads\/2026\/01\/GCE-Download-OLevel-Science-Past-Questions-Cameroon-600x600.jpg 600w, https:\/\/kamerpower.com\/wp-content\/uploads\/2026\/01\/GCE-Download-OLevel-Science-Past-Questions-Cameroon-100x100.jpg 100w, https:\/\/kamerpower.com\/wp-content\/uploads\/2026\/01\/GCE-Download-OLevel-Science-Past-Questions-Cameroon-96x96.jpg 96w, https:\/\/kamerpower.com\/wp-content\/uploads\/2026\/01\/GCE-Download-OLevel-Science-Past-Questions-Cameroon.jpg 1200w\" sizes=\"(max-width: 300px) 100vw, 300px\" \/><h2 class=\"woocommerce-loop-product__title\">Download O\/Level Science Past Question Papers GCE 2010-2025<\/h2>\n\t<span class=\"price\"><del aria-hidden=\"true\"><span class=\"woocommerce-Price-amount amount\"><bdi>14500&nbsp;<span class=\"woocommerce-Price-currencySymbol\">CFA<\/span><\/bdi><\/span><\/del> <span class=\"screen-reader-text\">Le prix initial \u00e9tait\u00a0: 14500&nbsp;CFA.<\/span><ins aria-hidden=\"true\"><span class=\"woocommerce-Price-amount amount\"><bdi>11500&nbsp;<span class=\"woocommerce-Price-currencySymbol\">CFA<\/span><\/bdi><\/span><\/ins><span class=\"screen-reader-text\">Le prix actuel est\u00a0: 11500&nbsp;CFA.<\/span><\/span>\n<\/a><a href=\"\/fr\/wp-json\/wp\/v2\/pages\/63393?add-to-cart=73324\" aria-describedby=\"woocommerce_loop_add_to_cart_link_describedby_73324\" data-quantity=\"1\" class=\"button product_type_simple add_to_cart_button ajax_add_to_cart\" data-product_id=\"73324\" data-product_sku=\"\" aria-label=\"Ajouter au panier\u00a0: &ldquo;Download O\/Level Science Past Question Papers GCE 2010-2025&rdquo;\" rel=\"nofollow\" data-success_message=\"\u00ab\u00a0Download O\/Level Science Past Question Papers GCE 2010-2025\u00a0\u00bb a \u00e9t\u00e9 ajout\u00e9 \u00e0 votre panier\" role=\"button\">Ajouter au panier<\/a>\t<span id=\"woocommerce_loop_add_to_cart_link_describedby_73324\" class=\"screen-reader-text\">\n\t\t\t<\/span>\n<\/li>\n<\/ul>\n<\/div>\n\n\n\n<h2 class=\"wp-block-heading\" id=\"h-les-concours-a-venir\">Les Concours a venir<\/h2>\n\n\n\n<hr class=\"wp-block-separator has-alpha-channel-opacity\"\/>\n\n\n<div id=\"vsel\" class=\"vsel-shortcode vsel-shortcode-upcoming-events\"><div id=\"event-74418\" class=\"vsel-content concours-lances-au-cameroun vsel-upcoming vsel-current\"><div class=\"vsel-meta vsel-alignleft\" style=\"width:36%;\"><h3 class=\"vsel-meta-title\"><a href=\"https:\/\/kamerpower.com\/fr\/events\/dates-essal-ecole-service-de-sante-des-armees-lome\/\" rel=\"bookmark\" title=\"Concours dates ESSAL \u00c9cole service de sant\u00e9 des arm\u00e9es Lom\u00e9 2026-2027\">Concours dates ESSAL \u00c9cole service de sant\u00e9 des arm\u00e9es Lom\u00e9 2026-2027<\/a><\/h3><div class=\"vsel-meta-date vsel-meta-start-date\">Date de d\u00e9but\u00a0: <span>14 f\u00e9vrier 2026<\/span><\/div><div class=\"vsel-meta-date vsel-meta-end-date\">Date de fin\u00a0: <span>15 mai 2026<\/span><\/div><div class=\"vsel-meta-time\">Heure\u00a0: <span>7 h 00 min - 15 h 00 min<\/span><\/div><div class=\"vsel-meta-location\">Lieu: <span>\u00e9cole Militaire Interarm\u00e9es<\/span><\/div><\/div><div class=\"vsel-info vsel-alignright\" style=\"width:60%;\"><figure class=\"vsel-image vsel-alignright\" style=\"max-width:40%\"><img decoding=\"async\" width=\"1280\" height=\"720\" src=\"https:\/\/kamerpower.com\/wp-content\/uploads\/2016\/05\/concour-essal-Togo-2017-2018-universit\u00e9-de-lom\u00e9-facult\u00e9-de-m\u00e9decine.jpg\" class=\"vsel-image-img wp-post-image\" alt=\"Concour essal Togo 2026-2027 universit\u00e9 de lom\u00e9 facult\u00e9 de m\u00e9decine\" srcset=\"https:\/\/kamerpower.com\/wp-content\/uploads\/2016\/05\/concour-essal-Togo-2017-2018-universit\u00e9-de-lom\u00e9-facult\u00e9-de-m\u00e9decine.jpg 1280w, https:\/\/kamerpower.com\/wp-content\/uploads\/2016\/05\/concour-essal-Togo-2017-2018-universit\u00e9-de-lom\u00e9-facult\u00e9-de-m\u00e9decine-600x338.jpg 600w, https:\/\/kamerpower.com\/wp-content\/uploads\/2016\/05\/concour-essal-Togo-2017-2018-universit\u00e9-de-lom\u00e9-facult\u00e9-de-m\u00e9decine-300x169.jpg 300w, https:\/\/kamerpower.com\/wp-content\/uploads\/2016\/05\/concour-essal-Togo-2017-2018-universit\u00e9-de-lom\u00e9-facult\u00e9-de-m\u00e9decine-768x432.jpg 768w, https:\/\/kamerpower.com\/wp-content\/uploads\/2016\/05\/concour-essal-Togo-2017-2018-universit\u00e9-de-lom\u00e9-facult\u00e9-de-m\u00e9decine-150x84.jpg 150w\" sizes=\"(max-width: 1280px) 100vw, 1280px\" \/><\/figure><div class=\"vsel-text\"><p>Un concours pour l\u2019admission \u00e0 l\u2019\u00c9cole du Service de Sant\u00e9 des Arm\u00e9es de Lom\u00e9 au Togo (ESSAL) Universit\u00e9 de Lom\u00e9 facult\u00e9 de m\u00e9decine &#8211; Togo ann\u00e9e acad\u00e9mique 2026\/2027. \u00catre \u00e2g\u00e9 de 18 ans au moins et de 21 ans au plus.<\/p>\n<\/div><\/div><\/div><div id=\"event-74452\" class=\"vsel-content concours-lances-au-cameroun vsel-upcoming vsel-current\"><div class=\"vsel-meta vsel-alignleft\" style=\"width:36%;\"><h3 class=\"vsel-meta-title\"><a href=\"https:\/\/kamerpower.com\/fr\/events\/le-concours-iai-date\/\" rel=\"bookmark\" title=\"Le Concours IAI Date Epreuves 2026 Cameroun\">Le Concours IAI Date Epreuves 2026 Cameroun<\/a><\/h3><div class=\"vsel-meta-date vsel-meta-single-date\">Date\u00a0: <span>25 avril 2026<\/span><\/div><div class=\"vsel-meta-time\">Heure\u00a0: <span>7 h 00 min - 15 h 00 min<\/span><\/div><div class=\"vsel-meta-location\">Lieu: <span>Cameroun<\/span><\/div><\/div><div class=\"vsel-info vsel-alignright\" style=\"width:60%;\"><figure class=\"vsel-image vsel-alignright\" style=\"max-width:40%\"><img decoding=\"async\" width=\"1280\" height=\"720\" src=\"https:\/\/kamerpower.com\/wp-content\/uploads\/2016\/02\/Concours-IAI-Cameroun-2016-2017-Epreuves-concours-iai-cameroun.png\" class=\"vsel-image-img wp-post-image\" alt=\"Concours IAI Cameroun 2026-2027 Epreuves Gabon IAI\" srcset=\"https:\/\/kamerpower.com\/wp-content\/uploads\/2016\/02\/Concours-IAI-Cameroun-2016-2017-Epreuves-concours-iai-cameroun.png 1280w, https:\/\/kamerpower.com\/wp-content\/uploads\/2016\/02\/Concours-IAI-Cameroun-2016-2017-Epreuves-concours-iai-cameroun-600x338.png 600w\" sizes=\"(max-width: 1280px) 100vw, 1280px\" \/><\/figure><div class=\"vsel-text\"><p>Une opportunit\u00e9 majeure pour les jeunes bacheliers de se former aux m\u00e9tiers d&#8217;avenir dans le secteur du num\u00e9rique. L&#8217;Institut Africain d&#8217;Informatique (IAI-Cameroun), Centre d\u2019Excellence Technologique Paul BIYA, annonce l&#8217;ouverture de son concours.<\/p>\n<\/div><\/div><\/div><div id=\"event-74130\" class=\"vsel-content concours-lances-au-cameroun vsel-upcoming vsel-future\"><div class=\"vsel-meta vsel-alignleft\" style=\"width:36%;\"><h3 class=\"vsel-meta-title\"><a href=\"https:\/\/kamerpower.com\/fr\/events\/cameroun-concours-camrail-recrutement-des-jeunes\/\" rel=\"bookmark\" title=\"Cameroun \u2013 Concours Camrail Recrutement 2026-2027 formation aux metiers ferroviaires de base\">Cameroun \u2013 Concours Camrail Recrutement 2026-2027 formation aux metiers ferroviaires de base<\/a><\/h3><div class=\"vsel-meta-date vsel-meta-single-date\">Date\u00a0: <span>9 mai 2026<\/span><\/div><div class=\"vsel-meta-time\">Heure\u00a0: <span>7 h 30 min - 15 h 00 min<\/span><\/div><div class=\"vsel-meta-location\">Lieu: <span>Douala, Yaound\u00e9, Ngaound\u00e9r\u00e9<\/span><\/div><\/div><div class=\"vsel-info vsel-alignright\" style=\"width:60%;\"><figure class=\"vsel-image vsel-alignright\" style=\"max-width:40%\"><img decoding=\"async\" width=\"2560\" height=\"1440\" src=\"https:\/\/kamerpower.com\/wp-content\/uploads\/2019\/09\/Concours-Camrail-Recrutement-2019-2020-Cameroun-de-20-agents-de-man\u0153uvres-et-20-aide-conducteurs.png\" class=\"vsel-image-img wp-post-image\" alt=\"Concours Camrail Recrutement 2026-2027 Cameroun de 20 agents de man\u0153uvres et 20 aide conducteurs\" srcset=\"https:\/\/kamerpower.com\/wp-content\/uploads\/2019\/09\/Concours-Camrail-Recrutement-2019-2020-Cameroun-de-20-agents-de-man\u0153uvres-et-20-aide-conducteurs.png 2560w, https:\/\/kamerpower.com\/wp-content\/uploads\/2019\/09\/Concours-Camrail-Recrutement-2019-2020-Cameroun-de-20-agents-de-man\u0153uvres-et-20-aide-conducteurs-600x338.png 600w, https:\/\/kamerpower.com\/wp-content\/uploads\/2019\/09\/Concours-Camrail-Recrutement-2019-2020-Cameroun-de-20-agents-de-man\u0153uvres-et-20-aide-conducteurs-300x169.png 300w, https:\/\/kamerpower.com\/wp-content\/uploads\/2019\/09\/Concours-Camrail-Recrutement-2019-2020-Cameroun-de-20-agents-de-man\u0153uvres-et-20-aide-conducteurs-1920x1080.png 1920w, https:\/\/kamerpower.com\/wp-content\/uploads\/2019\/09\/Concours-Camrail-Recrutement-2019-2020-Cameroun-de-20-agents-de-man\u0153uvres-et-20-aide-conducteurs-768x432.png 768w, https:\/\/kamerpower.com\/wp-content\/uploads\/2019\/09\/Concours-Camrail-Recrutement-2019-2020-Cameroun-de-20-agents-de-man\u0153uvres-et-20-aide-conducteurs-1536x864.png 1536w, https:\/\/kamerpower.com\/wp-content\/uploads\/2019\/09\/Concours-Camrail-Recrutement-2019-2020-Cameroun-de-20-agents-de-man\u0153uvres-et-20-aide-conducteurs-2048x1152.png 2048w, https:\/\/kamerpower.com\/wp-content\/uploads\/2019\/09\/Concours-Camrail-Recrutement-2019-2020-Cameroun-de-20-agents-de-man\u0153uvres-et-20-aide-conducteurs-720x405.png 720w, https:\/\/kamerpower.com\/wp-content\/uploads\/2019\/09\/Concours-Camrail-Recrutement-2019-2020-Cameroun-de-20-agents-de-man\u0153uvres-et-20-aide-conducteurs-520x293.png 520w, https:\/\/kamerpower.com\/wp-content\/uploads\/2019\/09\/Concours-Camrail-Recrutement-2019-2020-Cameroun-de-20-agents-de-man\u0153uvres-et-20-aide-conducteurs-320x180.png 320w, https:\/\/kamerpower.com\/wp-content\/uploads\/2019\/09\/Concours-Camrail-Recrutement-2019-2020-Cameroun-de-20-agents-de-man\u0153uvres-et-20-aide-conducteurs-150x84.png 150w, https:\/\/kamerpower.com\/wp-content\/uploads\/2019\/09\/Concours-Camrail-Recrutement-2019-2020-Cameroun-de-20-agents-de-man\u0153uvres-et-20-aide-conducteurs-1200x675.png 1200w\" sizes=\"(max-width: 2560px) 100vw, 2560px\" \/><\/figure><div class=\"vsel-text\"><p>Cameroun &#8211; Concours Camrail Recrutement 2026-2027 annoncent le lancement conjoint d\u2019un concours pour le recrutement de quarante (40) aide-Conducteurs et de quarante (40) Agents man\u0153uvres Le concours aura lieu le samedi 09 mai 2026<\/p>\n<\/div><\/div><\/div><div id=\"event-74625\" class=\"vsel-content concours-disponibles-actuellement-au-senegal vsel-upcoming vsel-future\"><div class=\"vsel-meta vsel-alignleft\" style=\"width:36%;\"><h3 class=\"vsel-meta-title\"><a href=\"https:\/\/kamerpower.com\/fr\/events\/concours-cnftmh-maintenance-hospitaliere-sn\/\" rel=\"bookmark\" title=\"Concours CNFTMH Maintenance Hospitali\u00e8re 2026-2027\">Concours CNFTMH Maintenance Hospitali\u00e8re 2026-2027<\/a><\/h3><div class=\"vsel-meta-date vsel-meta-single-date\">Date\u00a0: <span>10 mai 2026<\/span><\/div><div class=\"vsel-meta-time\">Heure\u00a0: <span>8 h 30 min - 15 h 00 min<\/span><\/div><div class=\"vsel-meta-location\">Lieu: <span>Lyc\u00e9e Blaise Diagne de Dakar.<\/span><\/div><\/div><div class=\"vsel-info vsel-alignright\" style=\"width:60%;\"><figure class=\"vsel-image vsel-alignright\" style=\"max-width:40%\"><img decoding=\"async\" width=\"1280\" height=\"720\" src=\"https:\/\/kamerpower.com\/wp-content\/uploads\/2024\/06\/Concours-Senegal-Liste-de-Tous-les-Concours-Actuellement-Disponible-Concours-lance-au-Senegal-Calendrier.png\" class=\"vsel-image-img wp-post-image\" alt=\"Concours S\u00e9n\u00e9gal 2026-2027 - Liste de Tous les Concours Actuellement Disponible - Concours lance au S\u00e9n\u00e9gal Calendrier\" srcset=\"https:\/\/kamerpower.com\/wp-content\/uploads\/2024\/06\/Concours-Senegal-Liste-de-Tous-les-Concours-Actuellement-Disponible-Concours-lance-au-Senegal-Calendrier.png 1280w, https:\/\/kamerpower.com\/wp-content\/uploads\/2024\/06\/Concours-Senegal-Liste-de-Tous-les-Concours-Actuellement-Disponible-Concours-lance-au-Senegal-Calendrier-600x338.png 600w, https:\/\/kamerpower.com\/wp-content\/uploads\/2024\/06\/Concours-Senegal-Liste-de-Tous-les-Concours-Actuellement-Disponible-Concours-lance-au-Senegal-Calendrier-300x169.png 300w, https:\/\/kamerpower.com\/wp-content\/uploads\/2024\/06\/Concours-Senegal-Liste-de-Tous-les-Concours-Actuellement-Disponible-Concours-lance-au-Senegal-Calendrier-768x432.png 768w, https:\/\/kamerpower.com\/wp-content\/uploads\/2024\/06\/Concours-Senegal-Liste-de-Tous-les-Concours-Actuellement-Disponible-Concours-lance-au-Senegal-Calendrier-720x405.png 720w, https:\/\/kamerpower.com\/wp-content\/uploads\/2024\/06\/Concours-Senegal-Liste-de-Tous-les-Concours-Actuellement-Disponible-Concours-lance-au-Senegal-Calendrier-520x293.png 520w, https:\/\/kamerpower.com\/wp-content\/uploads\/2024\/06\/Concours-Senegal-Liste-de-Tous-les-Concours-Actuellement-Disponible-Concours-lance-au-Senegal-Calendrier-320x180.png 320w\" sizes=\"(max-width: 1280px) 100vw, 1280px\" \/><\/figure><div class=\"vsel-text\"><p>Concours direct d&#8217;entree au Centre national de formation des techniciens en maintenance hospitali\u00e8re (CNFTMH), section Brevet de Technicien ouvert aux candidats de nationalit\u00e9 s\u00e9n\u00e9galaise \u00e2g\u00e9s de 18 ans.<\/p>\n<\/div><\/div><\/div><div id=\"event-74450\" class=\"vsel-content concours-lances-au-cameroun vsel-upcoming vsel-future\"><div class=\"vsel-meta vsel-alignleft\" style=\"width:36%;\"><h3 class=\"vsel-meta-title\"><a href=\"https:\/\/kamerpower.com\/fr\/events\/date-pour-concours-eamau\/\" rel=\"bookmark\" title=\"Date Pour le concours \/ recrutement EAMAU 2026-2027\">Date Pour le concours \/ recrutement EAMAU 2026-2027<\/a><\/h3><div class=\"vsel-meta-date vsel-meta-start-date\">Date de d\u00e9but\u00a0: <span>13 mai 2026<\/span><\/div><div class=\"vsel-meta-date vsel-meta-end-date\">Date de fin\u00a0: <span>14 mai 2026<\/span><\/div><div class=\"vsel-meta-time\">Heure\u00a0: <span>7 h 00 min - 15 h 00 min<\/span><\/div><div class=\"vsel-meta-location\">Lieu: <span>Chaque pays membre<\/span><\/div><\/div><div class=\"vsel-info vsel-alignright\" style=\"width:60%;\"><figure class=\"vsel-image vsel-alignright\" style=\"max-width:40%\"><img decoding=\"async\" width=\"1280\" height=\"720\" src=\"https:\/\/kamerpower.com\/wp-content\/uploads\/2016\/03\/Concours-EAMAU-2016-2017-EAMAU-Lom\u00e9-Togo-Cameroun-Congo.png\" class=\"vsel-image-img wp-post-image\" alt=\"Concours EAMAU 2026-2027 EAMAU Lom\u00e9 Togo, Cameroun Congo\" srcset=\"https:\/\/kamerpower.com\/wp-content\/uploads\/2016\/03\/Concours-EAMAU-2016-2017-EAMAU-Lom\u00e9-Togo-Cameroun-Congo.png 1280w, https:\/\/kamerpower.com\/wp-content\/uploads\/2016\/03\/Concours-EAMAU-2016-2017-EAMAU-Lom\u00e9-Togo-Cameroun-Congo-600x338.png 600w, https:\/\/kamerpower.com\/wp-content\/uploads\/2016\/03\/Concours-EAMAU-2016-2017-EAMAU-Lom\u00e9-Togo-Cameroun-Congo-300x169.png 300w, https:\/\/kamerpower.com\/wp-content\/uploads\/2016\/03\/Concours-EAMAU-2016-2017-EAMAU-Lom\u00e9-Togo-Cameroun-Congo-768x432.png 768w, https:\/\/kamerpower.com\/wp-content\/uploads\/2016\/03\/Concours-EAMAU-2016-2017-EAMAU-Lom\u00e9-Togo-Cameroun-Congo-150x84.png 150w\" sizes=\"(max-width: 1280px) 100vw, 1280px\" \/><\/figure><div class=\"vsel-text\"><p>Un recrutement pours des candidats au concours d&#8217;entr\u00e9e \u00e9dition 2026 est d\u00e9sormais lanc\u00e9 et sera cl\u00f4tur\u00e9 le vendredi 30 avril 2026. Toutes les pi\u00e8ces doivent \u00eatre fournies pour l&#8217;inscrip\u00adtion d\u00e9finitive \u00e0 l&#8217;EAMAU; certaines d&#8217;entre elles ont d\u00e9j\u00e0 \u00e9t\u00e9 fournies lors de l&#8217;inscription au concours.<\/p>\n<\/div><\/div><\/div><div id=\"event-74482\" class=\"vsel-content concours-lances-au-cameroun vsel-upcoming vsel-future\"><div class=\"vsel-meta vsel-alignleft\" style=\"width:36%;\"><h3 class=\"vsel-meta-title\"><a href=\"https:\/\/kamerpower.com\/fr\/events\/ucac-concours-universite-catholique-dafrique-centrale\/\" rel=\"bookmark\" title=\"UCAC Concours Universit\u00e9 Catholique d\u2019Afrique Centrale 2026-2027\">UCAC Concours Universit\u00e9 Catholique d\u2019Afrique Centrale 2026-2027<\/a><\/h3><div class=\"vsel-meta-date vsel-meta-start-date\">Date de d\u00e9but\u00a0: <span>14 mai 2026<\/span><\/div><div class=\"vsel-meta-date vsel-meta-end-date\">Date de fin\u00a0: <span>10 septembre 2026<\/span><\/div><div class=\"vsel-meta-time\">Heure\u00a0: <span>7 h 00 min - 15 h 00 min<\/span><\/div><div class=\"vsel-meta-location\">Lieu: <span>Yaound\u00e9<\/span><\/div><\/div><div class=\"vsel-info vsel-alignright\" style=\"width:60%;\"><figure class=\"vsel-image vsel-alignright\" style=\"max-width:40%\"><img decoding=\"async\" width=\"1280\" height=\"720\" src=\"https:\/\/kamerpower.com\/wp-content\/uploads\/2015\/04\/UCAC-Catholic-University-of-Central-Africa.jpg\" class=\"vsel-image-img wp-post-image\" alt=\"Universit\u00e9 catholique d&#039;afrique centrale Yaound\u00e9 UCAC\" srcset=\"https:\/\/kamerpower.com\/wp-content\/uploads\/2015\/04\/UCAC-Catholic-University-of-Central-Africa.jpg 1280w, https:\/\/kamerpower.com\/wp-content\/uploads\/2015\/04\/UCAC-Catholic-University-of-Central-Africa-600x338.jpg 600w, https:\/\/kamerpower.com\/wp-content\/uploads\/2015\/04\/UCAC-Catholic-University-of-Central-Africa-300x169.jpg 300w, https:\/\/kamerpower.com\/wp-content\/uploads\/2015\/04\/UCAC-Catholic-University-of-Central-Africa-768x432.jpg 768w, https:\/\/kamerpower.com\/wp-content\/uploads\/2015\/04\/UCAC-Catholic-University-of-Central-Africa-150x84.jpg 150w\" sizes=\"(max-width: 1280px) 100vw, 1280px\" \/><\/figure><div class=\"vsel-text\"><p>Le Recteur de l\u2019Universit\u00e9 Catholique d\u2019Afrique Centrale porte \u00e0 la connaissance des candidats int\u00e9ress\u00e9s qu\u2019il sera organis\u00e9 un concours UCAC d\u2019entr\u00e9e dans les premi\u00e8res ann\u00e9es<\/p>\n<\/div><\/div><\/div><div id=\"event-74127\" class=\"vsel-content concours-lances-au-cameroun vsel-upcoming vsel-future\"><div class=\"vsel-meta vsel-alignleft\" style=\"width:36%;\"><h3 class=\"vsel-meta-title\"><a href=\"https:\/\/kamerpower.com\/fr\/events\/dates-concours-eamac-asecna\/\" rel=\"bookmark\" title=\"Dates Concours EAMAC &#8211; ASECNA 2026-2027\">Dates Concours EAMAC &#8211; ASECNA 2026-2027<\/a><\/h3><div class=\"vsel-meta-date vsel-meta-start-date\">Date de d\u00e9but\u00a0: <span>20 mai 2026<\/span><\/div><div class=\"vsel-meta-date vsel-meta-end-date\">Date de fin\u00a0: <span>22 mai 2026<\/span><\/div><div class=\"vsel-meta-time vsel-meta-all-day\">\u00c9v\u00e8nement sur toute la journ\u00e9e<\/div><div class=\"vsel-meta-location\">Lieu: <span>Cameroun<\/span><\/div><\/div><div class=\"vsel-info vsel-alignright\" style=\"width:60%;\"><figure class=\"vsel-image vsel-alignright\" style=\"max-width:40%\"><img decoding=\"async\" width=\"1280\" height=\"720\" src=\"https:\/\/kamerpower.com\/wp-content\/uploads\/2019\/02\/Inscription-Concours-dentr\u00e9e-\u00e0-leamac-2020-2021.png\" class=\"vsel-image-img wp-post-image\" alt=\"Inscription Concours d&#039;entr\u00e9e \u00e0 l&#039;eamac 2026-2027\" srcset=\"https:\/\/kamerpower.com\/wp-content\/uploads\/2019\/02\/Inscription-Concours-dentr\u00e9e-\u00e0-leamac-2020-2021.png 1280w, https:\/\/kamerpower.com\/wp-content\/uploads\/2019\/02\/Inscription-Concours-dentr\u00e9e-\u00e0-leamac-2020-2021-600x338.png 600w, https:\/\/kamerpower.com\/wp-content\/uploads\/2019\/02\/Inscription-Concours-dentr\u00e9e-\u00e0-leamac-2020-2021-300x169.png 300w, https:\/\/kamerpower.com\/wp-content\/uploads\/2019\/02\/Inscription-Concours-dentr\u00e9e-\u00e0-leamac-2020-2021-768x432.png 768w, https:\/\/kamerpower.com\/wp-content\/uploads\/2019\/02\/Inscription-Concours-dentr\u00e9e-\u00e0-leamac-2020-2021-150x84.png 150w\" sizes=\"(max-width: 1280px) 100vw, 1280px\" \/><\/figure><div class=\"vsel-text\"><p>Le Concours d\u2019entr\u00e9 \u00e0 l\u2019EAMAC\u00a0&#8211; ASECNA session de juin\u00a02026 est organis\u00e9 sous forme de 4 Cycles. L&#8217;inscriptions de Concours ASECNA 2026-2027 EAMAC<\/p>\n<\/div><\/div><\/div><div id=\"event-74751\" class=\"vsel-content concours-lances-au-cameroun vsel-upcoming vsel-future\"><div class=\"vsel-meta vsel-alignleft\" style=\"width:36%;\"><h3 class=\"vsel-meta-title\"><a href=\"https:\/\/kamerpower.com\/fr\/events\/work-study-programme-edition-cameroun\/\" rel=\"bookmark\" title=\"Work Study Programme \u00e9dition 2026 &#8211; Cameroun\">Work Study Programme \u00e9dition 2026 &#8211; Cameroun<\/a><\/h3><div class=\"vsel-meta-date vsel-meta-start-date\">Date de d\u00e9but\u00a0: <span>26 mai 2026<\/span><\/div><div class=\"vsel-meta-date vsel-meta-end-date\">Date de fin\u00a0: <span>14 ao\u00fbt 2026<\/span><\/div><div class=\"vsel-meta-time\">Heure\u00a0: <span>7 h 00 min - 16 h 00 min<\/span><\/div><div class=\"vsel-meta-location\">Lieu: <span>Cameroun<\/span><\/div><\/div><div class=\"vsel-info vsel-alignright\" style=\"width:60%;\"><figure class=\"vsel-image vsel-alignright\" style=\"max-width:40%\"><img decoding=\"async\" width=\"1280\" height=\"720\" src=\"https:\/\/kamerpower.com\/wp-content\/uploads\/2015\/06\/MINESUP-Cameroun.jpg\" class=\"vsel-image-img wp-post-image\" alt=\"concours www.minesup.gov.cm Portail MINESUP 2026-2027\" srcset=\"https:\/\/kamerpower.com\/wp-content\/uploads\/2015\/06\/MINESUP-Cameroun.jpg 1280w, https:\/\/kamerpower.com\/wp-content\/uploads\/2015\/06\/MINESUP-Cameroun-600x338.jpg 600w, https:\/\/kamerpower.com\/wp-content\/uploads\/2015\/06\/MINESUP-Cameroun-300x169.jpg 300w, https:\/\/kamerpower.com\/wp-content\/uploads\/2015\/06\/MINESUP-Cameroun-768x432.jpg 768w, https:\/\/kamerpower.com\/wp-content\/uploads\/2015\/06\/MINESUP-Cameroun-720x405.jpg 720w, https:\/\/kamerpower.com\/wp-content\/uploads\/2015\/06\/MINESUP-Cameroun-520x293.jpg 520w, https:\/\/kamerpower.com\/wp-content\/uploads\/2015\/06\/MINESUP-Cameroun-320x180.jpg 320w, https:\/\/kamerpower.com\/wp-content\/uploads\/2015\/06\/MINESUP-Cameroun-1200x675.jpg 1200w\" sizes=\"(max-width: 1280px) 100vw, 1280px\" \/><\/figure><div class=\"vsel-text\"><p>Le Minist\u00e8re de l&#8217;Enseignement Sup\u00e9rieur organise, \u00e0 l&#8217;intention des \u00e9tudiants des Institutions d&#8217;Enseignement Sup\u00e9rieur nationales reconnues, l&#8217;\u00e9dition 2026 du Work Study Programme.<\/p>\n<\/div><\/div><\/div><div id=\"event-74462\" class=\"vsel-content concours-lances-au-cameroun vsel-upcoming vsel-future\"><div class=\"vsel-meta vsel-alignleft\" style=\"width:36%;\"><h3 class=\"vsel-meta-title\"><a href=\"https:\/\/kamerpower.com\/fr\/events\/cameroun-ouverture-examen-bts-cameroun\/\" rel=\"bookmark\" title=\"Cameroun: Ouverture examen BTS au Cameroun 2026-2027\">Cameroun: Ouverture examen BTS au Cameroun 2026-2027<\/a><\/h3><div class=\"vsel-meta-date vsel-meta-start-date\">Date de d\u00e9but\u00a0: <span>1 juin 2026<\/span><\/div><div class=\"vsel-meta-date vsel-meta-end-date\">Date de fin\u00a0: <span>31 juillet 2026<\/span><\/div><div class=\"vsel-meta-time\">Heure\u00a0: <span>7 h 00 min - 15 h 00 min<\/span><\/div><div class=\"vsel-meta-location\">Lieu: <span>Douala, Yaounde, Bandjoun, Garoua, Ngaoundere<\/span><\/div><\/div><div class=\"vsel-info vsel-alignright\" style=\"width:60%;\"><figure class=\"vsel-image vsel-alignright\" style=\"max-width:40%\"><img decoding=\"async\" width=\"1280\" height=\"720\" src=\"https:\/\/kamerpower.com\/wp-content\/uploads\/2024\/01\/Ouverture-de-examen-BTS-Cameroun.jpg\" class=\"vsel-image-img wp-post-image\" alt=\"Ouverture de l&#039;examen BTS 2026 au Cameroun\" srcset=\"https:\/\/kamerpower.com\/wp-content\/uploads\/2024\/01\/Ouverture-de-examen-BTS-Cameroun.jpg 1280w, https:\/\/kamerpower.com\/wp-content\/uploads\/2024\/01\/Ouverture-de-examen-BTS-Cameroun-600x338.jpg 600w, https:\/\/kamerpower.com\/wp-content\/uploads\/2024\/01\/Ouverture-de-examen-BTS-Cameroun-300x169.jpg 300w, https:\/\/kamerpower.com\/wp-content\/uploads\/2024\/01\/Ouverture-de-examen-BTS-Cameroun-768x432.jpg 768w, https:\/\/kamerpower.com\/wp-content\/uploads\/2024\/01\/Ouverture-de-examen-BTS-Cameroun-720x405.jpg 720w, https:\/\/kamerpower.com\/wp-content\/uploads\/2024\/01\/Ouverture-de-examen-BTS-Cameroun-520x293.jpg 520w, https:\/\/kamerpower.com\/wp-content\/uploads\/2024\/01\/Ouverture-de-examen-BTS-Cameroun-320x180.jpg 320w, https:\/\/kamerpower.com\/wp-content\/uploads\/2024\/01\/Ouverture-de-examen-BTS-Cameroun-150x84.jpg 150w, https:\/\/kamerpower.com\/wp-content\/uploads\/2024\/01\/Ouverture-de-examen-BTS-Cameroun-1200x675.jpg 1200w\" sizes=\"(max-width: 1280px) 100vw, 1280px\" \/><\/figure><div class=\"vsel-text\"><p>Il est ouvert au titre de la\u00a0session de 2026, l&#8217;examen national du\u00a0Brevet de Technicien Superieur (BTS 2026 Cameroun). Les candidats \u00e0 l&#8217;examen national du BTS Cameroun\u00a0peuvent avoir soit le statut de\u00a0candidat r\u00e9gulier, soit celui de candidat libre.<\/p>\n<\/div><\/div><\/div><div id=\"event-74655\" class=\"vsel-content concours-disponibles-actuellement-au-senegal vsel-upcoming vsel-future\"><div class=\"vsel-meta vsel-alignleft\" style=\"width:36%;\"><h3 class=\"vsel-meta-title\"><a href=\"https:\/\/kamerpower.com\/fr\/events\/concours-ebad-ucad-dates-importantes\/\" rel=\"bookmark\" title=\"Concours EBAD UCAD dates importantes 2026-2027\">Concours EBAD UCAD dates importantes 2026-2027<\/a><\/h3><div class=\"vsel-meta-date vsel-meta-single-date\">Date\u00a0: <span>20 juin 2026<\/span><\/div><div class=\"vsel-meta-time\">Heure\u00a0: <span>14 h 00 min - 18 h 00 min<\/span><\/div><div class=\"vsel-meta-location\">Lieu: <span>EBAD, Lyc\u00e9e Valdiodio Ndiaye, Lyc\u00e9e Djignabo<\/span><\/div><\/div><div class=\"vsel-info vsel-alignright\" style=\"width:60%;\"><figure class=\"vsel-image vsel-alignright\" style=\"max-width:40%\"><img decoding=\"async\" width=\"1280\" height=\"720\" src=\"https:\/\/kamerpower.com\/wp-content\/uploads\/2020\/12\/Universite-Cheikh-Anta-Diop-UCAD-Comment-sinscrire-en-ligne.png\" class=\"vsel-image-img wp-post-image\" alt=\"Universite Cheikh Anta Diop (UCAD) - Comment s\u2019inscrire en ligne\" srcset=\"https:\/\/kamerpower.com\/wp-content\/uploads\/2020\/12\/Universite-Cheikh-Anta-Diop-UCAD-Comment-sinscrire-en-ligne.png 1280w, https:\/\/kamerpower.com\/wp-content\/uploads\/2020\/12\/Universite-Cheikh-Anta-Diop-UCAD-Comment-sinscrire-en-ligne-600x338.png 600w, https:\/\/kamerpower.com\/wp-content\/uploads\/2020\/12\/Universite-Cheikh-Anta-Diop-UCAD-Comment-sinscrire-en-ligne-300x169.png 300w, https:\/\/kamerpower.com\/wp-content\/uploads\/2020\/12\/Universite-Cheikh-Anta-Diop-UCAD-Comment-sinscrire-en-ligne-768x432.png 768w, https:\/\/kamerpower.com\/wp-content\/uploads\/2020\/12\/Universite-Cheikh-Anta-Diop-UCAD-Comment-sinscrire-en-ligne-720x405.png 720w, https:\/\/kamerpower.com\/wp-content\/uploads\/2020\/12\/Universite-Cheikh-Anta-Diop-UCAD-Comment-sinscrire-en-ligne-520x293.png 520w, https:\/\/kamerpower.com\/wp-content\/uploads\/2020\/12\/Universite-Cheikh-Anta-Diop-UCAD-Comment-sinscrire-en-ligne-320x180.png 320w, https:\/\/kamerpower.com\/wp-content\/uploads\/2020\/12\/Universite-Cheikh-Anta-Diop-UCAD-Comment-sinscrire-en-ligne-150x84.png 150w, https:\/\/kamerpower.com\/wp-content\/uploads\/2020\/12\/Universite-Cheikh-Anta-Diop-UCAD-Comment-sinscrire-en-ligne-1200x675.png 1200w\" sizes=\"(max-width: 1280px) 100vw, 1280px\" \/><\/figure><div class=\"vsel-text\"><p>L\u2019Universit\u00e9 Cheikh Anta Diop de Dakar ouvre ses inscriptions pour Licence en Sciences de l\u2019Information documentaire (L1). Si vous \u00eates bachelier ou \u00e9l\u00e8ve en classe de terminale, l&#8217;EBAD vous donne la chance.<\/p>\n<\/div><\/div><\/div><div id=\"event-74723\" class=\"vsel-content concours-disponibles-actuellement-au-senegal vsel-upcoming vsel-future\"><div class=\"vsel-meta vsel-alignleft\" style=\"width:36%;\"><h3 class=\"vsel-meta-title\"><a href=\"https:\/\/kamerpower.com\/fr\/events\/concours-cesti-date-et-depots\/\" rel=\"bookmark\" title=\"Concours CESTI \u2013 Date et D\u00e9p\u00f4ts ouverts 2026 \u2013 2027\">Concours CESTI \u2013 Date et D\u00e9p\u00f4ts ouverts 2026 \u2013 2027<\/a><\/h3><div class=\"vsel-meta-date vsel-meta-start-date\">Date de d\u00e9but\u00a0: <span>23 juillet 2026<\/span><\/div><div class=\"vsel-meta-date vsel-meta-end-date\">Date de fin\u00a0: <span>25 juillet 2026<\/span><\/div><div class=\"vsel-meta-time\">Heure\u00a0: <span>7 h 00 min - 15 h 00 min<\/span><\/div><div class=\"vsel-meta-location\">Lieu: <span>CESTI<\/span><\/div><\/div><div class=\"vsel-info vsel-alignright\" style=\"width:60%;\"><figure class=\"vsel-image vsel-alignright\" style=\"max-width:40%\"><img decoding=\"async\" width=\"1280\" height=\"720\" src=\"https:\/\/kamerpower.com\/wp-content\/uploads\/2015\/12\/CESTI-concours-dentr\u00e9e-2016-Concours-CESTI-s\u00e9n\u00e9gal-2016.jpg\" class=\"vsel-image-img wp-post-image\" alt=\"CESTI concours d&#039;entr\u00e9e 2026-2027 Concours CESTI s\u00e9n\u00e9gal 2026\" srcset=\"https:\/\/kamerpower.com\/wp-content\/uploads\/2015\/12\/CESTI-concours-dentr\u00e9e-2016-Concours-CESTI-s\u00e9n\u00e9gal-2016.jpg 1280w, https:\/\/kamerpower.com\/wp-content\/uploads\/2015\/12\/CESTI-concours-dentr\u00e9e-2016-Concours-CESTI-s\u00e9n\u00e9gal-2016-600x338.jpg 600w, https:\/\/kamerpower.com\/wp-content\/uploads\/2015\/12\/CESTI-concours-dentr\u00e9e-2016-Concours-CESTI-s\u00e9n\u00e9gal-2016-300x169.jpg 300w, https:\/\/kamerpower.com\/wp-content\/uploads\/2015\/12\/CESTI-concours-dentr\u00e9e-2016-Concours-CESTI-s\u00e9n\u00e9gal-2016-768x432.jpg 768w, https:\/\/kamerpower.com\/wp-content\/uploads\/2015\/12\/CESTI-concours-dentr\u00e9e-2016-Concours-CESTI-s\u00e9n\u00e9gal-2016-150x84.jpg 150w\" sizes=\"(max-width: 1280px) 100vw, 1280px\" \/><\/figure><div class=\"vsel-text\"><p>Le concours d\u2019entr\u00e9e en Journalisme, en Communication et en Production Audiovisuelle au Centre d\u2019Etudes des Sciences et Techniques de l\u2019Information de l\u2019Universit\u00e9 Cheikh Anta Diop de Dakar<\/p>\n<\/div><\/div><\/div><div id=\"event-74490\" class=\"vsel-content concours-disponibles-actuellement-au-senegal vsel-upcoming vsel-future\"><div class=\"vsel-meta vsel-alignleft\" style=\"width:36%;\"><h3 class=\"vsel-meta-title\"><a href=\"https:\/\/kamerpower.com\/fr\/events\/senegal-concours-eaux-et-forets-dates-conditions\/\" rel=\"bookmark\" title=\"Senegal Concours Eaux et For\u00eats Session 2026 : Dates, Conditions\">Senegal Concours Eaux et For\u00eats Session 2026 : Dates, Conditions<\/a><\/h3><div class=\"vsel-meta-date vsel-meta-single-date\">Date\u00a0: <span>25 juillet 2026<\/span><\/div><div class=\"vsel-meta-time\">Heure\u00a0: <span>7 h 00 min - 15 h 00 min<\/span><\/div><div class=\"vsel-meta-location\">Lieu: <span>Senegal<\/span><\/div><\/div><div class=\"vsel-info vsel-alignright\" style=\"width:60%;\"><figure class=\"vsel-image vsel-alignright\" style=\"max-width:40%\"><img decoding=\"async\" width=\"1280\" height=\"720\" src=\"https:\/\/kamerpower.com\/wp-content\/uploads\/2015\/12\/Concours-ENFEFS-2016-ENFEFS-Dakar-Senegal-infos.png\" class=\"vsel-image-img wp-post-image\" alt=\"Concours ENFEFS 2026-2027 ENFEFS Dakar Senegal infos\" srcset=\"https:\/\/kamerpower.com\/wp-content\/uploads\/2015\/12\/Concours-ENFEFS-2016-ENFEFS-Dakar-Senegal-infos.png 1280w, https:\/\/kamerpower.com\/wp-content\/uploads\/2015\/12\/Concours-ENFEFS-2016-ENFEFS-Dakar-Senegal-infos-600x338.png 600w, https:\/\/kamerpower.com\/wp-content\/uploads\/2015\/12\/Concours-ENFEFS-2016-ENFEFS-Dakar-Senegal-infos-300x169.png 300w, https:\/\/kamerpower.com\/wp-content\/uploads\/2015\/12\/Concours-ENFEFS-2016-ENFEFS-Dakar-Senegal-infos-768x432.png 768w, https:\/\/kamerpower.com\/wp-content\/uploads\/2015\/12\/Concours-ENFEFS-2016-ENFEFS-Dakar-Senegal-infos-150x84.png 150w\" sizes=\"(max-width: 1280px) 100vw, 1280px\" \/><\/figure><div class=\"vsel-text\"><p>Concours d&#8217;entree en 1ere annnee dans les Eaux et Forets, Chasse et Parcs Nationaux, Agriculture et Genie Rural, Elevage et Industrie Animales (CNFT). Les dossiers de candidature seront d\u00e9pos\u00e9s \u00e0 la Direction des Examens.<\/p>\n<\/div><\/div><\/div><div id=\"event-74428\" class=\"vsel-content concours-lances-au-cameroun vsel-upcoming vsel-future\"><div class=\"vsel-meta vsel-alignleft\" style=\"width:36%;\"><h3 class=\"vsel-meta-title\"><a href=\"https:\/\/kamerpower.com\/fr\/events\/eniet-dates-ecoles-normales-dinstituteurs-de-lenseignement-technique\/\" rel=\"bookmark\" title=\"Concours d&#8217;entr\u00e9e aux ENIET 2026-2027 Dates \u00c9coles Normales d\u2019Instituteurs de l\u2019Enseignement Technique\">Concours d&#8217;entr\u00e9e aux ENIET 2026-2027 Dates \u00c9coles Normales d\u2019Instituteurs de l\u2019Enseignement Technique<\/a><\/h3><div class=\"vsel-meta-date vsel-meta-start-date\">Date de d\u00e9but\u00a0: <span>28 juillet 2026<\/span><\/div><div class=\"vsel-meta-date vsel-meta-end-date\">Date de fin\u00a0: <span>7 ao\u00fbt 2026<\/span><\/div><div class=\"vsel-meta-time\">Heure\u00a0: <span>7 h 00 min - 15 h 00 min<\/span><\/div><div class=\"vsel-meta-location\">Lieu: <span>Tout Cameroun<\/span><\/div><\/div><div class=\"vsel-info vsel-alignright\" style=\"width:60%;\"><figure class=\"vsel-image vsel-alignright\" style=\"max-width:40%\"><img decoding=\"async\" width=\"1280\" height=\"720\" src=\"https:\/\/kamerpower.com\/wp-content\/uploads\/2021\/02\/Concours-ENIET-Cameroun-Ecoles-Normales-dInstituteurs-de-lEnseignement-Technique.png\" class=\"vsel-image-img wp-post-image\" alt=\"Concours ENIET Cameroun 2026-2027 - E\u0301coles Normales d\u2019Instituteurs de l\u2019Enseignement Technique\" srcset=\"https:\/\/kamerpower.com\/wp-content\/uploads\/2021\/02\/Concours-ENIET-Cameroun-Ecoles-Normales-dInstituteurs-de-lEnseignement-Technique.png 1280w, https:\/\/kamerpower.com\/wp-content\/uploads\/2021\/02\/Concours-ENIET-Cameroun-Ecoles-Normales-dInstituteurs-de-lEnseignement-Technique-600x338.png 600w, https:\/\/kamerpower.com\/wp-content\/uploads\/2021\/02\/Concours-ENIET-Cameroun-Ecoles-Normales-dInstituteurs-de-lEnseignement-Technique-300x169.png 300w, https:\/\/kamerpower.com\/wp-content\/uploads\/2021\/02\/Concours-ENIET-Cameroun-Ecoles-Normales-dInstituteurs-de-lEnseignement-Technique-768x432.png 768w, https:\/\/kamerpower.com\/wp-content\/uploads\/2021\/02\/Concours-ENIET-Cameroun-Ecoles-Normales-dInstituteurs-de-lEnseignement-Technique-720x405.png 720w, https:\/\/kamerpower.com\/wp-content\/uploads\/2021\/02\/Concours-ENIET-Cameroun-Ecoles-Normales-dInstituteurs-de-lEnseignement-Technique-520x293.png 520w, https:\/\/kamerpower.com\/wp-content\/uploads\/2021\/02\/Concours-ENIET-Cameroun-Ecoles-Normales-dInstituteurs-de-lEnseignement-Technique-320x180.png 320w, https:\/\/kamerpower.com\/wp-content\/uploads\/2021\/02\/Concours-ENIET-Cameroun-Ecoles-Normales-dInstituteurs-de-lEnseignement-Technique-150x84.png 150w, https:\/\/kamerpower.com\/wp-content\/uploads\/2021\/02\/Concours-ENIET-Cameroun-Ecoles-Normales-dInstituteurs-de-lEnseignement-Technique-1200x675.png 1200w\" sizes=\"(max-width: 1280px) 100vw, 1280px\" \/><\/figure><div class=\"vsel-text\"><p>Concours pour le recrutement de trois mille neuf cent (3900) \u00c9l\u00e8ves &#8211; ma\u00eetres dans les \u00c9coles Normales d\u2019Instituteurs de l\u2019Enseignement Technique de Bafoussam, Bertoua, Douala, Ebolowa, Garoua, Maroua, Ngaound\u00e9r\u00e9 et SOA pour francophones et de Jikejem, Kumba et Mbengwi<\/p>\n<\/div><\/div><\/div><div id=\"event-74434\" class=\"vsel-content entrance-exams concours-lances-au-cameroun vsel-upcoming vsel-future\"><div class=\"vsel-meta vsel-alignleft\" style=\"width:36%;\"><h3 class=\"vsel-meta-title\"><a href=\"https:\/\/kamerpower.com\/fr\/events\/dates-enieg-concours-ecoles-normales-dinstituteurs-de-lenseignement-general\/\" rel=\"bookmark\" title=\"Dates ENIEG concours 2026 \u00c9coles Normales d\u2019Instituteurs de l\u2019Enseignement G\u00e9n\u00e9ral\">Dates ENIEG concours 2026 \u00c9coles Normales d\u2019Instituteurs de l\u2019Enseignement G\u00e9n\u00e9ral<\/a><\/h3><div class=\"vsel-meta-date vsel-meta-start-date\">Date de d\u00e9but\u00a0: <span>28 juillet 2026<\/span><\/div><div class=\"vsel-meta-date vsel-meta-end-date\">Date de fin\u00a0: <span>8 ao\u00fbt 2026<\/span><\/div><div class=\"vsel-meta-time\">Heure\u00a0: <span>7 h 00 min - 15 h 00 min<\/span><\/div><div class=\"vsel-meta-location\">Lieu: <span>Tout Cameroun<\/span><\/div><\/div><div class=\"vsel-info vsel-alignright\" style=\"width:60%;\"><figure class=\"vsel-image vsel-alignright\" style=\"max-width:40%\"><img decoding=\"async\" width=\"1280\" height=\"720\" src=\"https:\/\/kamerpower.com\/wp-content\/uploads\/2020\/01\/Concours-ENIEG-Ecole-Normale-dInstituteurs-de-lEnseignement-General-Cameroun.png\" class=\"vsel-image-img wp-post-image\" alt=\"Concours ENIEG 2026-2027 E\u0301cole Normale d&#039;Instituteurs de l&#039;Enseignement Ge\u0301ne\u0301ral Cameroun\" srcset=\"https:\/\/kamerpower.com\/wp-content\/uploads\/2020\/01\/Concours-ENIEG-Ecole-Normale-dInstituteurs-de-lEnseignement-General-Cameroun.png 1280w, https:\/\/kamerpower.com\/wp-content\/uploads\/2020\/01\/Concours-ENIEG-Ecole-Normale-dInstituteurs-de-lEnseignement-General-Cameroun-600x338.png 600w, https:\/\/kamerpower.com\/wp-content\/uploads\/2020\/01\/Concours-ENIEG-Ecole-Normale-dInstituteurs-de-lEnseignement-General-Cameroun-300x169.png 300w, https:\/\/kamerpower.com\/wp-content\/uploads\/2020\/01\/Concours-ENIEG-Ecole-Normale-dInstituteurs-de-lEnseignement-General-Cameroun-768x432.png 768w, https:\/\/kamerpower.com\/wp-content\/uploads\/2020\/01\/Concours-ENIEG-Ecole-Normale-dInstituteurs-de-lEnseignement-General-Cameroun-720x405.png 720w, https:\/\/kamerpower.com\/wp-content\/uploads\/2020\/01\/Concours-ENIEG-Ecole-Normale-dInstituteurs-de-lEnseignement-General-Cameroun-520x293.png 520w, https:\/\/kamerpower.com\/wp-content\/uploads\/2020\/01\/Concours-ENIEG-Ecole-Normale-dInstituteurs-de-lEnseignement-General-Cameroun-320x180.png 320w, https:\/\/kamerpower.com\/wp-content\/uploads\/2020\/01\/Concours-ENIEG-Ecole-Normale-dInstituteurs-de-lEnseignement-General-Cameroun-150x84.png 150w, https:\/\/kamerpower.com\/wp-content\/uploads\/2020\/01\/Concours-ENIEG-Ecole-Normale-dInstituteurs-de-lEnseignement-General-Cameroun-1200x675.png 1200w\" sizes=\"(max-width: 1280px) 100vw, 1280px\" \/><\/figure><div class=\"vsel-text\"><p>Un concours pour recrutement de 5.040 \u00e9l\u00e8ves-ma\u00eetres dont 2.380 pour les ENIEG publiques Classiques, 1.827 pour les ENIEG publiques Bilingues et 833 pour les ENIEG publiques sp\u00e9cialis\u00e9es se d\u00e9roulera le mardi 28 juillet 2026.<\/p>\n<\/div><\/div><\/div><div id=\"event-74743\" class=\"vsel-content concours-lances-au-cameroun vsel-upcoming vsel-future\"><div class=\"vsel-meta vsel-alignleft\" style=\"width:36%;\"><h3 class=\"vsel-meta-title\"><a href=\"https:\/\/kamerpower.com\/fr\/events\/esstic-cameroun-concours-dossiers-epreuves-ecrites\/\" rel=\"bookmark\" title=\"ESSTIC Cameroun Concours &#8211; dossiers depot, dates \u00e9preuves \u00e9crites 2026\">ESSTIC Cameroun Concours &#8211; dossiers depot, dates \u00e9preuves \u00e9crites 2026<\/a><\/h3><div class=\"vsel-meta-date vsel-meta-start-date\">Date de d\u00e9but\u00a0: <span>1 septembre 2026<\/span><\/div><div class=\"vsel-meta-date vsel-meta-end-date\">Date de fin\u00a0: <span>4 septembre 2026<\/span><\/div><div class=\"vsel-meta-time\">Heure\u00a0: <span>7 h 00 min - 14 h 00 min<\/span><\/div><div class=\"vsel-meta-location\">Lieu: <span>Yaound\u00e9 et Douala<\/span><\/div><\/div><div class=\"vsel-info vsel-alignright\" style=\"width:60%;\"><figure class=\"vsel-image vsel-alignright\" style=\"max-width:40%\"><img decoding=\"async\" width=\"1280\" height=\"720\" src=\"https:\/\/kamerpower.com\/wp-content\/uploads\/2015\/07\/ESSTIC-Yaounde-Cameroun.gif\" class=\"vsel-image-img wp-post-image\" alt=\"ESSTIC Yaounde II Cameroun\" \/><\/figure><div class=\"vsel-text\"><p>Concours sur \u00e9preuves \u00e9crites et orales pour l&#8217;entr\u00e9e au niveau 1 du Cycle licence de l&#8217;Ecole\u00a0Sup\u00e9rieure des Sciences et Techniques de l&#8217;Information et de la Communication (ESSTIC) de l&#8217;Universit\u00e9\u00a0de Yaound\u00e9 II SOA.<\/p>\n<\/div><\/div><\/div><div id=\"event-74779\" class=\"vsel-content concours-lances-au-cameroun vsel-upcoming vsel-future\"><div class=\"vsel-meta vsel-alignleft\" style=\"width:36%;\"><h3 class=\"vsel-meta-title\"><a href=\"https:\/\/kamerpower.com\/fr\/events\/concours-institut-superieur-de-emergence-ise-yaounde-hie\/\" rel=\"bookmark\" title=\"Concours Institut Sup\u00e9rieur de l\u2019Emergence &#8211; ISE de Yaound\u00e9 2026-2027 HIE\">Concours Institut Sup\u00e9rieur de l\u2019Emergence &#8211; ISE de Yaound\u00e9 2026-2027 HIE<\/a><\/h3><div class=\"vsel-meta-date vsel-meta-single-date\">Date\u00a0: <span>22 septembre 2026<\/span><\/div><div class=\"vsel-meta-time\">Heure\u00a0: <span>7 h 00 min - 14 h 00 min<\/span><\/div><div class=\"vsel-meta-location\">Lieu: <span>Douala et Yaound\u00e9<\/span><\/div><\/div><div class=\"vsel-info vsel-alignright\" style=\"width:60%;\"><figure class=\"vsel-image vsel-alignright\" style=\"max-width:40%\"><img decoding=\"async\" width=\"1280\" height=\"720\" src=\"https:\/\/kamerpower.com\/wp-content\/uploads\/2026\/04\/Concours-ISE-de-Yaounde-Institut-Superieur-de-lEmergence-ISE-HIE-Higher-Institute-of-Emergence.jpg\" class=\"vsel-image-img wp-post-image\" alt=\"Concours ISE de Yaounde - Institut Supe\u0301rieur de l\u2019Emergence - ISE - HIE Higher Institute of Emergence\" srcset=\"https:\/\/kamerpower.com\/wp-content\/uploads\/2026\/04\/Concours-ISE-de-Yaounde-Institut-Superieur-de-lEmergence-ISE-HIE-Higher-Institute-of-Emergence.jpg 1280w, https:\/\/kamerpower.com\/wp-content\/uploads\/2026\/04\/Concours-ISE-de-Yaounde-Institut-Superieur-de-lEmergence-ISE-HIE-Higher-Institute-of-Emergence-300x169.jpg 300w, https:\/\/kamerpower.com\/wp-content\/uploads\/2026\/04\/Concours-ISE-de-Yaounde-Institut-Superieur-de-lEmergence-ISE-HIE-Higher-Institute-of-Emergence-768x432.jpg 768w, https:\/\/kamerpower.com\/wp-content\/uploads\/2026\/04\/Concours-ISE-de-Yaounde-Institut-Superieur-de-lEmergence-ISE-HIE-Higher-Institute-of-Emergence-720x405.jpg 720w, https:\/\/kamerpower.com\/wp-content\/uploads\/2026\/04\/Concours-ISE-de-Yaounde-Institut-Superieur-de-lEmergence-ISE-HIE-Higher-Institute-of-Emergence-520x293.jpg 520w, https:\/\/kamerpower.com\/wp-content\/uploads\/2026\/04\/Concours-ISE-de-Yaounde-Institut-Superieur-de-lEmergence-ISE-HIE-Higher-Institute-of-Emergence-320x180.jpg 320w, https:\/\/kamerpower.com\/wp-content\/uploads\/2026\/04\/Concours-ISE-de-Yaounde-Institut-Superieur-de-lEmergence-ISE-HIE-Higher-Institute-of-Emergence-600x338.jpg 600w, https:\/\/kamerpower.com\/wp-content\/uploads\/2026\/04\/Concours-ISE-de-Yaounde-Institut-Superieur-de-lEmergence-ISE-HIE-Higher-Institute-of-Emergence-150x84.jpg 150w\" sizes=\"(max-width: 1280px) 100vw, 1280px\" \/><\/figure><div class=\"vsel-text\"><p>Concours pour le recrutement de 150 \u00e9tudiants en 1ere ann\u00e9e dans les Mentions Technologies du Tertiaire (MTT) et des Technologies de l\u2019Information et du Num\u00e9rique (MTIN) de la Division de la Formation Initiale \u00e0 ISE Yaounde<\/p>\n<\/div><\/div><\/div><div id=\"event-74747\" class=\"vsel-content concours-lances-au-cameroun vsel-upcoming vsel-future\"><div class=\"vsel-meta vsel-alignleft\" style=\"width:36%;\"><h3 class=\"vsel-meta-title\"><a href=\"https:\/\/kamerpower.com\/fr\/events\/concour-esmv-ngaoundere-criteres-epreuves-admission\/\" rel=\"bookmark\" title=\"Concours ESMV Ngaound\u00e9r\u00e9 2026-2027 crit\u00e8res, \u00e9preuves, admission\">Concours ESMV Ngaound\u00e9r\u00e9 2026-2027 crit\u00e8res, \u00e9preuves, admission<\/a><\/h3><div class=\"vsel-meta-date vsel-meta-start-date\">Date de d\u00e9but\u00a0: <span>9 octobre 2026<\/span><\/div><div class=\"vsel-meta-date vsel-meta-end-date\">Date de fin\u00a0: <span>10 octobre 2026<\/span><\/div><div class=\"vsel-meta-time\">Heure\u00a0: <span>7 h 30 min - 16 h 00 min<\/span><\/div><div class=\"vsel-meta-location\">Lieu: <span>Ngaound\u00e9r\u00e9, Dschang, Maroua, Yaound\u00e9, Bu\u00e9a<\/span><\/div><\/div><div class=\"vsel-info vsel-alignright\" style=\"width:60%;\"><figure class=\"vsel-image vsel-alignright\" style=\"max-width:40%\"><img decoding=\"async\" width=\"1280\" height=\"720\" src=\"https:\/\/kamerpower.com\/wp-content\/uploads\/2021\/08\/Universite-de-Ngaoundere-Cours-En-Ligne-IUT-ENS-EGEM-FSEG-EGCIM-FS-FMSB-ENSAI-FALSH-FSJP-FSE.png\" class=\"vsel-image-img wp-post-image\" alt=\"Universit\u00e9 de Ngaound\u00e9r\u00e9 Cours En Ligne IUT, ENS, EGEM FSEG, EGCIM, FS, FMSB, ENSAI, FALSH, FSJP, FSE\" srcset=\"https:\/\/kamerpower.com\/wp-content\/uploads\/2021\/08\/Universite-de-Ngaoundere-Cours-En-Ligne-IUT-ENS-EGEM-FSEG-EGCIM-FS-FMSB-ENSAI-FALSH-FSJP-FSE.png 1280w, https:\/\/kamerpower.com\/wp-content\/uploads\/2021\/08\/Universite-de-Ngaoundere-Cours-En-Ligne-IUT-ENS-EGEM-FSEG-EGCIM-FS-FMSB-ENSAI-FALSH-FSJP-FSE-600x338.png 600w, https:\/\/kamerpower.com\/wp-content\/uploads\/2021\/08\/Universite-de-Ngaoundere-Cours-En-Ligne-IUT-ENS-EGEM-FSEG-EGCIM-FS-FMSB-ENSAI-FALSH-FSJP-FSE-300x169.png 300w, https:\/\/kamerpower.com\/wp-content\/uploads\/2021\/08\/Universite-de-Ngaoundere-Cours-En-Ligne-IUT-ENS-EGEM-FSEG-EGCIM-FS-FMSB-ENSAI-FALSH-FSJP-FSE-768x432.png 768w, https:\/\/kamerpower.com\/wp-content\/uploads\/2021\/08\/Universite-de-Ngaoundere-Cours-En-Ligne-IUT-ENS-EGEM-FSEG-EGCIM-FS-FMSB-ENSAI-FALSH-FSJP-FSE-720x405.png 720w, https:\/\/kamerpower.com\/wp-content\/uploads\/2021\/08\/Universite-de-Ngaoundere-Cours-En-Ligne-IUT-ENS-EGEM-FSEG-EGCIM-FS-FMSB-ENSAI-FALSH-FSJP-FSE-520x293.png 520w, https:\/\/kamerpower.com\/wp-content\/uploads\/2021\/08\/Universite-de-Ngaoundere-Cours-En-Ligne-IUT-ENS-EGEM-FSEG-EGCIM-FS-FMSB-ENSAI-FALSH-FSJP-FSE-320x180.png 320w, https:\/\/kamerpower.com\/wp-content\/uploads\/2021\/08\/Universite-de-Ngaoundere-Cours-En-Ligne-IUT-ENS-EGEM-FSEG-EGCIM-FS-FMSB-ENSAI-FALSH-FSJP-FSE-150x84.png 150w, https:\/\/kamerpower.com\/wp-content\/uploads\/2021\/08\/Universite-de-Ngaoundere-Cours-En-Ligne-IUT-ENS-EGEM-FSEG-EGCIM-FS-FMSB-ENSAI-FALSH-FSJP-FSE-1200x675.png 1200w\" sizes=\"(max-width: 1280px) 100vw, 1280px\" \/><\/figure><div class=\"vsel-text\"><p>Concours sur \u00e9preuves pour le recrutement \u00e9l\u00e8ves en premi\u00e9re ann\u00e9e des Docteurs v\u00e9t\u00e9rinaires et \u00e9l\u00e8ves en premi\u00e8re ann\u00e9e des Ing\u00e9nieurs en Productions Animales de l\u2019Ecole des Sciences et de M\u00e9decine V\u00e9t\u00e9rinaires (ESMV) de l&#8217;Universit\u00e9 de Ngaound\u00e9r\u00e9.<\/p>\n<\/div><\/div><\/div><div class=\"vsel-nav\"><\/div><\/div>\n\n\n\n<p><strong>TOUTE<\/strong><\/p>\n\n\n<div id=\"vsel\" class=\"vsel-shortcode vsel-shortcode-past-events\"><div id=\"event-74512\" class=\"vsel-content concours-lances-au-cameroun vsel-past\"><div class=\"vsel-meta vsel-alignleft\" style=\"width:36%;\"><h3 class=\"vsel-meta-title\"><a href=\"https:\/\/kamerpower.com\/fr\/events\/examen-daptitude-au-stage-avocat-cameroun\/\" rel=\"bookmark\" title=\"Examen d\u2019Aptitude au Stage d\u2019Avocat au Cameroun 2026\">Examen d\u2019Aptitude au Stage d\u2019Avocat au Cameroun 2026<\/a><\/h3><div class=\"vsel-meta-date vsel-meta-start-date\">Date de d\u00e9but\u00a0: <span>18 avril 2026<\/span><\/div><div class=\"vsel-meta-date vsel-meta-end-date\">Date de fin\u00a0: <span>19 avril 2026<\/span><\/div><div class=\"vsel-meta-time\">Heure\u00a0: <span>7 h 00 min - 15 h 00 min<\/span><\/div><div class=\"vsel-meta-location\">Lieu: <span>Yaound\u00e9.<\/span><\/div><\/div><div class=\"vsel-info vsel-alignright\" style=\"width:60%;\"><figure class=\"vsel-image vsel-alignright\" style=\"max-width:40%\"><img decoding=\"async\" width=\"1280\" height=\"720\" src=\"https:\/\/kamerpower.com\/wp-content\/uploads\/MINJUSTICE-Minist\u00e8re-de-la-justice-Cameroun-www.minjustice.gov_.cm_.png\" class=\"vsel-image-img wp-post-image\" alt=\"MINJUSTICE - Minist\u00e8re de la justice Cameroun www.minjustice.gov.cm\" srcset=\"https:\/\/kamerpower.com\/wp-content\/uploads\/MINJUSTICE-Minist\u00e8re-de-la-justice-Cameroun-www.minjustice.gov_.cm_.png 1280w, https:\/\/kamerpower.com\/wp-content\/uploads\/MINJUSTICE-Minist\u00e8re-de-la-justice-Cameroun-www.minjustice.gov_.cm_-600x338.png 600w, https:\/\/kamerpower.com\/wp-content\/uploads\/MINJUSTICE-Minist\u00e8re-de-la-justice-Cameroun-www.minjustice.gov_.cm_-300x169.png 300w, https:\/\/kamerpower.com\/wp-content\/uploads\/MINJUSTICE-Minist\u00e8re-de-la-justice-Cameroun-www.minjustice.gov_.cm_-768x432.png 768w, https:\/\/kamerpower.com\/wp-content\/uploads\/MINJUSTICE-Minist\u00e8re-de-la-justice-Cameroun-www.minjustice.gov_.cm_-150x84.png 150w\" sizes=\"(max-width: 1280px) 100vw, 1280px\" \/><\/figure><div class=\"vsel-text\"><p>Examen d\u2019Aptitude au Stage d\u2019Avocat au Cameroun, session 2026, sera organis\u00e9 les 18 et 19 avril 2026 \u00e0 Yaound\u00e9. \u00catre titulaire de la Licence en Droit ou d\u2019un dipl\u00f4me reconnu \u00e9quivalent.<\/p>\n<\/div><\/div><\/div><div id=\"event-74658\" class=\"vsel-content concours-disponibles-actuellement-au-senegal concours-lances-au-cameroun vsel-past\"><div class=\"vsel-meta vsel-alignleft\" style=\"width:36%;\"><h3 class=\"vsel-meta-title\"><a href=\"https:\/\/kamerpower.com\/fr\/events\/concours-issea-yaounde-ensae-senegal-ensea-abidjan\/\" rel=\"bookmark\" title=\"Concours ISSEA Yaounde, ENSAE Senegal, ENSEA Abidjan 2026\">Concours ISSEA Yaounde, ENSAE Senegal, ENSEA Abidjan 2026<\/a><\/h3><div class=\"vsel-meta-date vsel-meta-start-date\">Date de d\u00e9but\u00a0: <span>7 avril 2026<\/span><\/div><div class=\"vsel-meta-date vsel-meta-end-date\">Date de fin\u00a0: <span>10 avril 2026<\/span><\/div><div class=\"vsel-meta-time\">Heure\u00a0: <span>8 h 00 min - 12 h 00 min<\/span><\/div><div class=\"vsel-meta-location\">Lieu: <span>Abidjan, Yaound\u00e9, Dakar, Cotonou<\/span><\/div><\/div><div class=\"vsel-info vsel-alignright\" style=\"width:60%;\"><figure class=\"vsel-image vsel-alignright\" style=\"max-width:40%\"><img decoding=\"async\" width=\"1280\" height=\"720\" src=\"https:\/\/kamerpower.com\/wp-content\/uploads\/2021\/01\/Comment-integrer-lENSEA-Concours-dentree-TSS-AS-ISE-2021-2022-Cote-divoire.jpg\" class=\"vsel-image-img wp-post-image\" alt=\"Comment integrer l&#039;ENSEA - Concours d&#039;entr\u00e9e TSS, AS &amp; ISE 2026-2027 Cote d&#039;ivoire\" srcset=\"https:\/\/kamerpower.com\/wp-content\/uploads\/2021\/01\/Comment-integrer-lENSEA-Concours-dentree-TSS-AS-ISE-2021-2022-Cote-divoire.jpg 1280w, https:\/\/kamerpower.com\/wp-content\/uploads\/2021\/01\/Comment-integrer-lENSEA-Concours-dentree-TSS-AS-ISE-2021-2022-Cote-divoire-600x338.jpg 600w\" sizes=\"(max-width: 1280px) 100vw, 1280px\" \/><\/figure><div class=\"vsel-text\"><p>ENSEA, ISSEA et\u00a0ENSAE (Concours ENSAE Senegal TSS ISE ITS) Ecole Nationale de la Statistique et de l\u2019Analyse Economique Concours ISSEA (ENSAE Dakar &#8211; Yaounde &#8211; Abidjan)<\/p>\n<\/div><\/div><\/div><div id=\"event-74648\" class=\"vsel-content concours-lances-au-cameroun vsel-past\"><div class=\"vsel-meta vsel-alignleft\" style=\"width:36%;\"><h3 class=\"vsel-meta-title\"><a href=\"https:\/\/kamerpower.com\/fr\/events\/capesa-inscriptions-ise-cycle-long-as\/\" rel=\"bookmark\" title=\"Date Concours du CAPESA 2026-2027 et Inscriptions &#8211; ISE cycle long \/ AS et ISE\">Date Concours du CAPESA 2026-2027 et Inscriptions &#8211; ISE cycle long \/ AS et ISE<\/a><\/h3><div class=\"vsel-meta-date vsel-meta-start-date\">Date de d\u00e9but\u00a0: <span>7 avril 2026<\/span><\/div><div class=\"vsel-meta-date vsel-meta-end-date\">Date de fin\u00a0: <span>10 avril 2026<\/span><\/div><div class=\"vsel-meta-time\">Heure\u00a0: <span>7 h 30 min - 15 h 30 min<\/span><\/div><div class=\"vsel-meta-location\">Lieu: <span>R\u00e9gion CEMAC<\/span><\/div><\/div><div class=\"vsel-info vsel-alignright\" style=\"width:60%;\"><figure class=\"vsel-image vsel-alignright\" style=\"max-width:40%\"><img decoding=\"async\" width=\"1280\" height=\"720\" src=\"https:\/\/kamerpower.com\/wp-content\/uploads\/2015\/12\/ISSEA-cemac-Cameroun-Concours-Epreuves-et-Resultats.jpg\" class=\"vsel-image-img wp-post-image\" alt=\"ISSEA cemac Cameroun Concours, Epreuves et Resultats EAMAU Concours\" srcset=\"https:\/\/kamerpower.com\/wp-content\/uploads\/2015\/12\/ISSEA-cemac-Cameroun-Concours-Epreuves-et-Resultats.jpg 1280w, https:\/\/kamerpower.com\/wp-content\/uploads\/2015\/12\/ISSEA-cemac-Cameroun-Concours-Epreuves-et-Resultats-600x338.jpg 600w, https:\/\/kamerpower.com\/wp-content\/uploads\/2015\/12\/ISSEA-cemac-Cameroun-Concours-Epreuves-et-Resultats-300x169.jpg 300w, https:\/\/kamerpower.com\/wp-content\/uploads\/2015\/12\/ISSEA-cemac-Cameroun-Concours-Epreuves-et-Resultats-768x432.jpg 768w, https:\/\/kamerpower.com\/wp-content\/uploads\/2015\/12\/ISSEA-cemac-Cameroun-Concours-Epreuves-et-Resultats-1024x576.jpg 1024w, https:\/\/kamerpower.com\/wp-content\/uploads\/2015\/12\/ISSEA-cemac-Cameroun-Concours-Epreuves-et-Resultats-520x293.jpg 520w, https:\/\/kamerpower.com\/wp-content\/uploads\/2015\/12\/ISSEA-cemac-Cameroun-Concours-Epreuves-et-Resultats-1200x675.jpg 1200w\" sizes=\"(max-width: 1280px) 100vw, 1280px\" \/><\/figure><div class=\"vsel-text\"><p>Ouverture d&#8217;un concours de formation pour le recrutement des \u00e9l\u00e8ves Ing\u00e9nieurs Statisticiens \u00c9conomistes (ISE) cycle long et AS au Centre d&#8217;Appui aux \u00c9coles de Statistique Africaines (CAPESA).<\/p>\n<\/div><\/div><\/div><div id=\"event-74131\" class=\"vsel-content concours-lances-au-cameroun vsel-past\"><div class=\"vsel-meta vsel-alignleft\" style=\"width:36%;\"><h3 class=\"vsel-meta-title\"><a href=\"https:\/\/kamerpower.com\/fr\/events\/concours-emia-cameroun-yaounde-forces-de-defense\/\" rel=\"bookmark\" title=\"Concours EMIA 2026-2027 Cameroun EMIA Yaounde\">Concours EMIA 2026-2027 Cameroun EMIA Yaounde<\/a><\/h3><div class=\"vsel-meta-date vsel-meta-single-date\">Date\u00a0: <span>30 mars 2026<\/span><\/div><div class=\"vsel-meta-time\">Heure\u00a0: <span>7 h 00 min - 15 h 00 min<\/span><\/div><div class=\"vsel-meta-location\">Lieu: <span>EMIA Yaounde<\/span><\/div><\/div><div class=\"vsel-info vsel-alignright\" style=\"width:60%;\"><figure class=\"vsel-image vsel-alignright\" style=\"max-width:40%\"><img decoding=\"async\" width=\"1280\" height=\"720\" src=\"https:\/\/kamerpower.com\/wp-content\/uploads\/2014\/10\/EMIA-300x2001.jpg\" class=\"vsel-image-img wp-post-image\" alt=\"Concours EMIA 2026-2027 Cameroun EMIA Yaounde: Le gouvernement lance le concours d&#039;entr\u00e9e en EMIA Yaounde - Cameroun 2026-2027 MINDEF.\" srcset=\"https:\/\/kamerpower.com\/wp-content\/uploads\/2014\/10\/EMIA-300x2001.jpg 1280w, https:\/\/kamerpower.com\/wp-content\/uploads\/2014\/10\/EMIA-300x2001-600x338.jpg 600w, https:\/\/kamerpower.com\/wp-content\/uploads\/2014\/10\/EMIA-300x2001-300x169.jpg 300w, https:\/\/kamerpower.com\/wp-content\/uploads\/2014\/10\/EMIA-300x2001-768x432.jpg 768w, https:\/\/kamerpower.com\/wp-content\/uploads\/2014\/10\/EMIA-300x2001-150x84.jpg 150w\" sizes=\"(max-width: 1280px) 100vw, 1280px\" \/><\/figure><div class=\"vsel-text\"><p>Concours EMIA 2026-2027 Cameroun EMIA Yaounde. Il est port\u00e9 \u00e0 la connaissance des jeunes camerounais des deux sexes d\u00e9sireux\u00a0de faire carri\u00e8re dans les Forces de D\u00e9fense.<\/p>\n<\/div><\/div><\/div><div id=\"event-74637\" class=\"vsel-content concours-disponibles-actuellement-au-senegal vsel-past\"><div class=\"vsel-meta vsel-alignleft\" style=\"width:36%;\"><h3 class=\"vsel-meta-title\"><a href=\"https:\/\/kamerpower.com\/fr\/events\/senegal-concours-esogn-eogn-date-epreuves-et-inscriptions\/\" rel=\"bookmark\" title=\"Senegal Concours ESOGN \/ EOGN Date de \u00e9preuves et cl\u00f4ture des inscriptions 2026-2027\">Senegal Concours ESOGN \/ EOGN Date de \u00e9preuves et cl\u00f4ture des inscriptions 2026-2027<\/a><\/h3><div class=\"vsel-meta-date vsel-meta-single-date\">Date\u00a0: <span>22 mars 2026<\/span><\/div><div class=\"vsel-meta-time\">Heure\u00a0: <span>7 h 30 min - 14 h 00 min<\/span><\/div><div class=\"vsel-meta-location\">Lieu: <span>Senegal<\/span><\/div><\/div><div class=\"vsel-info vsel-alignright\" style=\"width:60%;\"><figure class=\"vsel-image vsel-alignright\" style=\"max-width:40%\"><img decoding=\"async\" width=\"1200\" height=\"900\" src=\"https:\/\/kamerpower.com\/wp-content\/uploads\/2021\/03\/Concours-gendarmerie-2021-2022-Senegal-et-epreuve-concours-gendarmerie-senegal-pdf-et-resultatas.jpg\" class=\"vsel-image-img wp-post-image\" alt=\"Concours gendarmerie 2026-2027 S\u00e9n\u00e9gal et \u00e9preuve concours gendarmerie s\u00e9n\u00e9gal pdf et resultatas\" srcset=\"https:\/\/kamerpower.com\/wp-content\/uploads\/2021\/03\/Concours-gendarmerie-2021-2022-Senegal-et-epreuve-concours-gendarmerie-senegal-pdf-et-resultatas.jpg 1200w, https:\/\/kamerpower.com\/wp-content\/uploads\/2021\/03\/Concours-gendarmerie-2021-2022-Senegal-et-epreuve-concours-gendarmerie-senegal-pdf-et-resultatas-600x450.jpg 600w, https:\/\/kamerpower.com\/wp-content\/uploads\/2021\/03\/Concours-gendarmerie-2021-2022-Senegal-et-epreuve-concours-gendarmerie-senegal-pdf-et-resultatas-300x225.jpg 300w, https:\/\/kamerpower.com\/wp-content\/uploads\/2021\/03\/Concours-gendarmerie-2021-2022-Senegal-et-epreuve-concours-gendarmerie-senegal-pdf-et-resultatas-768x576.jpg 768w, https:\/\/kamerpower.com\/wp-content\/uploads\/2021\/03\/Concours-gendarmerie-2021-2022-Senegal-et-epreuve-concours-gendarmerie-senegal-pdf-et-resultatas-150x113.jpg 150w\" sizes=\"(max-width: 1200px) 100vw, 1200px\" \/><\/figure><div class=\"vsel-text\"><p>Concours d&#8217;admission \u00e0 l&#8217;\u00e9cole des Sous-officiers de la Gendarmerie nationale (ESOGN) et recrutement des \u00e9l\u00e8ves-officiers d&#8217;active de la Gendarmerie Nationale(EOGN)<\/p>\n<\/div><\/div><\/div><div id=\"event-74571\" class=\"vsel-content concours-lances-au-cameroun vsel-past\"><div class=\"vsel-meta vsel-alignleft\" style=\"width:36%;\"><h3 class=\"vsel-meta-title\"><a href=\"https:\/\/kamerpower.com\/fr\/events\/ouverture-ens-de-yaounde-concours-dentree\/\" rel=\"bookmark\" title=\"Ouverture ENS de Yaounde concours d&#8217;entr\u00e9e 2026\">Ouverture ENS de Yaounde concours d&#8217;entr\u00e9e 2026<\/a><\/h3><div class=\"vsel-meta-date vsel-meta-start-date\">Date de d\u00e9but\u00a0: <span>14 mars 2026<\/span><\/div><div class=\"vsel-meta-date vsel-meta-end-date\">Date de fin\u00a0: <span>15 mars 2026<\/span><\/div><div class=\"vsel-meta-time\">Heure\u00a0: <span>8 h 00 min - 15 h 00 min<\/span><\/div><div class=\"vsel-meta-location\">Lieu: <span>Bafoussam, Douala, Ebolowa, et Yaound\u00e9<\/span><\/div><\/div><div class=\"vsel-info vsel-alignright\" style=\"width:60%;\"><figure class=\"vsel-image vsel-alignright\" style=\"max-width:40%\"><img decoding=\"async\" width=\"1280\" height=\"720\" src=\"https:\/\/kamerpower.com\/wp-content\/uploads\/2014\/12\/university-of-Yaounde-1-150x150.png\" class=\"vsel-image-img wp-post-image\" alt=\"Universit\u00e9 de Yaound\u00e9 1 Cameroun - University of Yaounde 1\" srcset=\"https:\/\/kamerpower.com\/wp-content\/uploads\/2014\/12\/university-of-Yaounde-1-150x150.png 1280w, https:\/\/kamerpower.com\/wp-content\/uploads\/2014\/12\/university-of-Yaounde-1-150x150-600x338.png 600w, https:\/\/kamerpower.com\/wp-content\/uploads\/2014\/12\/university-of-Yaounde-1-150x150-300x169.png 300w, https:\/\/kamerpower.com\/wp-content\/uploads\/2014\/12\/university-of-Yaounde-1-150x150-768x432.png 768w, https:\/\/kamerpower.com\/wp-content\/uploads\/2014\/12\/university-of-Yaounde-1-150x150-720x405.png 720w, https:\/\/kamerpower.com\/wp-content\/uploads\/2014\/12\/university-of-Yaounde-1-150x150-520x293.png 520w, https:\/\/kamerpower.com\/wp-content\/uploads\/2014\/12\/university-of-Yaounde-1-150x150-320x180.png 320w, https:\/\/kamerpower.com\/wp-content\/uploads\/2014\/12\/university-of-Yaounde-1-150x150-150x84.png 150w, https:\/\/kamerpower.com\/wp-content\/uploads\/2014\/12\/university-of-Yaounde-1-150x150-1200x675.png 1200w\" sizes=\"(max-width: 1280px) 100vw, 1280px\" \/><\/figure><div class=\"vsel-text\"><p>Concours sur \u00e9preuves pour le recrutement en 1\u00e8re\u00a0ann\u00e9e du 1\u00e8re cycle et 1\u00e8re ann\u00e9e du 2nd Cycle\u00a0de ENS Yaounde l&#8217;Ecole Normale\u00a0Sup\u00e9rieure de l&#8217;Universit\u00e9 de Yaounde I (ENS) est ouvert.<\/p>\n<\/div><\/div><\/div><div id=\"event-74132\" class=\"vsel-content concours-lances-au-cameroun vsel-past\"><div class=\"vsel-meta vsel-alignleft\" style=\"width:36%;\"><h3 class=\"vsel-meta-title\"><a href=\"https:\/\/kamerpower.com\/fr\/events\/concours-enset-douala-1ere-2eme-3eme-annee-universite-de-douala\/\" rel=\"bookmark\" title=\"Arret\u00e9 Concours ENSET de Douala 2026-2027 1\u00e8re 2\u00e8me 3\u00e8me ann\u00e9e Universit\u00e9 de Douala\">Arret\u00e9 Concours ENSET de Douala 2026-2027 1\u00e8re 2\u00e8me 3\u00e8me ann\u00e9e Universit\u00e9 de Douala<\/a><\/h3><div class=\"vsel-meta-date vsel-meta-start-date\">Date de d\u00e9but\u00a0: <span>14 mars 2026<\/span><\/div><div class=\"vsel-meta-date vsel-meta-end-date\">Date de fin\u00a0: <span>15 mars 2026<\/span><\/div><div class=\"vsel-meta-time\">Heure\u00a0: <span>7 h 00 min - 15 h 00 min<\/span><\/div><div class=\"vsel-meta-location\">Lieu: <span>Douala, Bafoussam, Bamenda, Bertoua, Buea,  Ebolowa, Garoua, Maroua, Ngaoundere, et Yaounde<\/span><\/div><\/div><div class=\"vsel-info vsel-alignright\" style=\"width:60%;\"><figure class=\"vsel-image vsel-alignright\" style=\"max-width:40%\"><img decoding=\"async\" width=\"1280\" height=\"720\" src=\"https:\/\/kamerpower.com\/wp-content\/uploads\/2017\/04\/Concours-CEPAMOQ-Universit\u00e9-de-Douala-2017-2018-Master-II.png\" class=\"vsel-image-img wp-post-image\" alt=\"Concours CEPAMOQ Universit\u00e9 de Douala 2026-2027 Master II\" srcset=\"https:\/\/kamerpower.com\/wp-content\/uploads\/2017\/04\/Concours-CEPAMOQ-Universit\u00e9-de-Douala-2017-2018-Master-II.png 1280w, https:\/\/kamerpower.com\/wp-content\/uploads\/2017\/04\/Concours-CEPAMOQ-Universit\u00e9-de-Douala-2017-2018-Master-II-600x338.png 600w, https:\/\/kamerpower.com\/wp-content\/uploads\/2017\/04\/Concours-CEPAMOQ-Universit\u00e9-de-Douala-2017-2018-Master-II-300x169.png 300w, https:\/\/kamerpower.com\/wp-content\/uploads\/2017\/04\/Concours-CEPAMOQ-Universit\u00e9-de-Douala-2017-2018-Master-II-768x432.png 768w, https:\/\/kamerpower.com\/wp-content\/uploads\/2017\/04\/Concours-CEPAMOQ-Universit\u00e9-de-Douala-2017-2018-Master-II-150x84.png 150w\" sizes=\"(max-width: 1280px) 100vw, 1280px\" \/><\/figure><div class=\"vsel-text\"><p>Portant ouverture des concours d\u2019entr\u00e9e en 1\u00e8re ann\u00e9e du premier cycle, en 3\u00e8me ann\u00e9e du premier cycle, en 1\u00e8re ann\u00e9e du second cycle et en 2\u00e8me ann\u00e9e du second cycle \u00e0 l\u2019Ecole Normale Sup\u00e9rieure d\u2019Enseignement Technique de l\u2019Universit\u00e9 de Douala.<\/p>\n<\/div><\/div><\/div><div id=\"event-74575\" class=\"vsel-content concours-lances-au-cameroun vsel-past\"><div class=\"vsel-meta vsel-alignleft\" style=\"width:36%;\"><h3 class=\"vsel-meta-title\"><a href=\"https:\/\/kamerpower.com\/fr\/events\/ouverture-concours-ecole-normale-superieure-de-universite-de-maroua\/\" rel=\"bookmark\" title=\"Ouverture du concours Ecole\u00a0Normale Sup\u00e9rieure de l&#8217;Universit\u00e9 de Maroua 2026\/2027\">Ouverture du concours Ecole\u00a0Normale Sup\u00e9rieure de l&#8217;Universit\u00e9 de Maroua 2026\/2027<\/a><\/h3><div class=\"vsel-meta-date vsel-meta-start-date\">Date de d\u00e9but\u00a0: <span>13 mars 2026<\/span><\/div><div class=\"vsel-meta-date vsel-meta-end-date\">Date de fin\u00a0: <span>14 mars 2026<\/span><\/div><div class=\"vsel-meta-time\">Heure\u00a0: <span>7 h 00 min - 14 h 00 min<\/span><\/div><div class=\"vsel-meta-location\">Lieu: <span>Bertoua, Douala, Dschang, Maroua, Garoua, Ngaound\u00e9r\u00e9, Yaound\u00e9<\/span><\/div><\/div><div class=\"vsel-info vsel-alignright\" style=\"width:60%;\"><figure class=\"vsel-image vsel-alignright\" style=\"max-width:40%\"><img decoding=\"async\" width=\"1280\" height=\"720\" src=\"https:\/\/kamerpower.com\/wp-content\/uploads\/2021\/08\/Le-Universite-de-Maroua-Universite-du-cameroun-Dernieres-informations.jpg\" class=\"vsel-image-img wp-post-image\" alt=\"Le Universit\u00e9 de Maroua - Universit\u00e9 du cameroun Derni\u00e8res informations\" srcset=\"https:\/\/kamerpower.com\/wp-content\/uploads\/2021\/08\/Le-Universite-de-Maroua-Universite-du-cameroun-Dernieres-informations.jpg 1280w, https:\/\/kamerpower.com\/wp-content\/uploads\/2021\/08\/Le-Universite-de-Maroua-Universite-du-cameroun-Dernieres-informations-600x338.jpg 600w, https:\/\/kamerpower.com\/wp-content\/uploads\/2021\/08\/Le-Universite-de-Maroua-Universite-du-cameroun-Dernieres-informations-300x169.jpg 300w, https:\/\/kamerpower.com\/wp-content\/uploads\/2021\/08\/Le-Universite-de-Maroua-Universite-du-cameroun-Dernieres-informations-768x432.jpg 768w, https:\/\/kamerpower.com\/wp-content\/uploads\/2021\/08\/Le-Universite-de-Maroua-Universite-du-cameroun-Dernieres-informations-720x405.jpg 720w, https:\/\/kamerpower.com\/wp-content\/uploads\/2021\/08\/Le-Universite-de-Maroua-Universite-du-cameroun-Dernieres-informations-520x293.jpg 520w, https:\/\/kamerpower.com\/wp-content\/uploads\/2021\/08\/Le-Universite-de-Maroua-Universite-du-cameroun-Dernieres-informations-320x180.jpg 320w, https:\/\/kamerpower.com\/wp-content\/uploads\/2021\/08\/Le-Universite-de-Maroua-Universite-du-cameroun-Dernieres-informations-150x84.jpg 150w, https:\/\/kamerpower.com\/wp-content\/uploads\/2021\/08\/Le-Universite-de-Maroua-Universite-du-cameroun-Dernieres-informations-1200x675.jpg 1200w\" sizes=\"(max-width: 1280px) 100vw, 1280px\" \/><\/figure><div class=\"vsel-text\"><p>Ouverture du concours d&#8217;entr\u00e9e de recrutement de la section des El\u00e8ves-Professeurs de l&#8217;Enseignement Secondaire G\u00e9n\u00e9ral Ecole Normale Sup\u00e9rieure de l&#8217;Universit\u00e9 de Maroua (ENS de Maroua 1\u00e8re ann\u00e9e du 1er Cycle et 1\u00e8re ann\u00e9e du 2eme Cycle).<\/p>\n<\/div><\/div><\/div><div id=\"event-74532\" class=\"vsel-content concours-lances-au-cameroun vsel-past\"><div class=\"vsel-meta vsel-alignleft\" style=\"width:36%;\"><h3 class=\"vsel-meta-title\"><a href=\"https:\/\/kamerpower.com\/fr\/events\/concours-dentree-a-enset-ebolowa-dates-importantes-inscription\/\" rel=\"bookmark\" title=\"Concours d&#8217;entr\u00e9e \u00e0 l&#8217;ENSET d&#8217;Ebolowa Dates importantes 2026 Inscription\">Concours d&#8217;entr\u00e9e \u00e0 l&#8217;ENSET d&#8217;Ebolowa Dates importantes 2026 Inscription<\/a><\/h3><div class=\"vsel-meta-date vsel-meta-start-date\">Date de d\u00e9but\u00a0: <span>12 mars 2026<\/span><\/div><div class=\"vsel-meta-date vsel-meta-end-date\">Date de fin\u00a0: <span>13 mars 2026<\/span><\/div><div class=\"vsel-meta-time\">Heure\u00a0: <span>8 h 00 min - 15 h 00 min<\/span><\/div><div class=\"vsel-meta-location\">Lieu: <span>Bafoussam, Bambili, Buea, Ngaoundere, Yaound\u00e9, Ebolowa<\/span><\/div><\/div><div class=\"vsel-info vsel-alignright\" style=\"width:60%;\"><figure class=\"vsel-image vsel-alignright\" style=\"max-width:40%\"><img decoding=\"async\" width=\"1280\" height=\"720\" src=\"https:\/\/kamerpower.com\/wp-content\/uploads\/2017\/12\/Concours-ENSET-d\u2019Ebolowa-Cameroun-2018-2019-2020-2021-un-cadeau-pour-la-jeunesse.png\" class=\"vsel-image-img wp-post-image\" alt=\"Concours ENSET d\u2019Ebolowa Cameroun 2026-2027-2026 un cadeau pour la jeunesse\" srcset=\"https:\/\/kamerpower.com\/wp-content\/uploads\/2017\/12\/Concours-ENSET-d\u2019Ebolowa-Cameroun-2018-2019-2020-2021-un-cadeau-pour-la-jeunesse.png 1280w, https:\/\/kamerpower.com\/wp-content\/uploads\/2017\/12\/Concours-ENSET-d\u2019Ebolowa-Cameroun-2018-2019-2020-2021-un-cadeau-pour-la-jeunesse-600x338.png 600w, https:\/\/kamerpower.com\/wp-content\/uploads\/2017\/12\/Concours-ENSET-d\u2019Ebolowa-Cameroun-2018-2019-2020-2021-un-cadeau-pour-la-jeunesse-300x169.png 300w, https:\/\/kamerpower.com\/wp-content\/uploads\/2017\/12\/Concours-ENSET-d\u2019Ebolowa-Cameroun-2018-2019-2020-2021-un-cadeau-pour-la-jeunesse-768x432.png 768w, https:\/\/kamerpower.com\/wp-content\/uploads\/2017\/12\/Concours-ENSET-d\u2019Ebolowa-Cameroun-2018-2019-2020-2021-un-cadeau-pour-la-jeunesse-150x84.png 150w\" sizes=\"(max-width: 1280px) 100vw, 1280px\" \/><\/figure><div class=\"vsel-text\"><p>Ouverture et inscription du concours pour le recrutement en 1ere ann\u00e9e du 1er cycle et 1ere ann\u00e9e du 2nd cycle des El\u00e8ves-Professeurs \u00e0 l\u2019Ecole Normale Sup\u00e9rieure d\u2019Enseignement Technique (ENSET Ebolowa Cameroun.<\/p>\n<\/div><\/div><\/div><div id=\"event-74563\" class=\"vsel-content concours-lances-au-cameroun vsel-past\"><div class=\"vsel-meta vsel-alignleft\" style=\"width:36%;\"><h3 class=\"vsel-meta-title\"><a href=\"https:\/\/kamerpower.com\/fr\/events\/concours-entree-ecole-normale-superieure-de-bertoua\/\" rel=\"bookmark\" title=\"Concours d\u2019entr\u00e9e en Ecole Normale Sup\u00e9rieure de Bertoua 2026\">Concours d\u2019entr\u00e9e en Ecole Normale Sup\u00e9rieure de Bertoua 2026<\/a><\/h3><div class=\"vsel-meta-date vsel-meta-start-date\">Date de d\u00e9but\u00a0: <span>12 mars 2026<\/span><\/div><div class=\"vsel-meta-date vsel-meta-end-date\">Date de fin\u00a0: <span>13 mars 2026<\/span><\/div><div class=\"vsel-meta-time\">Heure\u00a0: <span>7 h 00 min - 15 h 00 min<\/span><\/div><div class=\"vsel-meta-location\">Lieu: <span>Bertoua, Ngaound\u00e9r\u00e9 et Yaound\u00e9<\/span><\/div><\/div><div class=\"vsel-info vsel-alignright\" style=\"width:60%;\"><figure class=\"vsel-image vsel-alignright\" style=\"max-width:40%\"><img decoding=\"async\" width=\"1280\" height=\"720\" src=\"https:\/\/kamerpower.com\/wp-content\/uploads\/2016\/11\/Concours-ENS-de-Bertoua-2018-2019-Cr\u00e9ation-de-lEcole-Normale-Sup\u00e9rieure-Bertoua-Concours-ENS-Bertoua.jpg\" class=\"vsel-image-img wp-post-image\" alt=\"Concours ENS de Bertoua 2026-2027 Cr\u00e9ation de l&#039;Ecole Normale Sup\u00e9rieure Bertoua Concours ENS Bertoua\" srcset=\"https:\/\/kamerpower.com\/wp-content\/uploads\/2016\/11\/Concours-ENS-de-Bertoua-2018-2019-Cr\u00e9ation-de-lEcole-Normale-Sup\u00e9rieure-Bertoua-Concours-ENS-Bertoua.jpg 1280w, https:\/\/kamerpower.com\/wp-content\/uploads\/2016\/11\/Concours-ENS-de-Bertoua-2018-2019-Cr\u00e9ation-de-lEcole-Normale-Sup\u00e9rieure-Bertoua-Concours-ENS-Bertoua-600x338.jpg 600w, https:\/\/kamerpower.com\/wp-content\/uploads\/2016\/11\/Concours-ENS-de-Bertoua-2018-2019-Cr\u00e9ation-de-lEcole-Normale-Sup\u00e9rieure-Bertoua-Concours-ENS-Bertoua-300x169.jpg 300w, https:\/\/kamerpower.com\/wp-content\/uploads\/2016\/11\/Concours-ENS-de-Bertoua-2018-2019-Cr\u00e9ation-de-lEcole-Normale-Sup\u00e9rieure-Bertoua-Concours-ENS-Bertoua-768x432.jpg 768w, https:\/\/kamerpower.com\/wp-content\/uploads\/2016\/11\/Concours-ENS-de-Bertoua-2018-2019-Cr\u00e9ation-de-lEcole-Normale-Sup\u00e9rieure-Bertoua-Concours-ENS-Bertoua-150x84.jpg 150w\" sizes=\"(max-width: 1280px) 100vw, 1280px\" \/><\/figure><div class=\"vsel-text\"><p>Ouverture du concours d\u2019entr\u00e9e en 1\u00e8re \u00c0n\u00e9e du 2nd Cycle et 1\u00e8re Ann\u00e9e du 1er Cycle de la section des El\u00e8ves-Professeurs de l\u2019Enseignement secondaire g\u00e9n\u00e9ral de l\u2019Ecole Normale Sup\u00e9rieure de Bertoua.<\/p>\n<\/div><\/div><\/div><div id=\"event-74443\" class=\"vsel-content concours-lances-au-cameroun vsel-past\"><div class=\"vsel-meta vsel-alignleft\" style=\"width:36%;\"><h3 class=\"vsel-meta-title\"><a href=\"https:\/\/kamerpower.com\/fr\/events\/iford-dates-concours-institut-de-formation-et-de-recherche-demographiques\/\" rel=\"bookmark\" title=\"IFORD 2026-2027 dates Concours Institut de formation et de recherche demographiques\">IFORD 2026-2027 dates Concours Institut de formation et de recherche demographiques<\/a><\/h3><div class=\"vsel-meta-date vsel-meta-start-date\">Date de d\u00e9but\u00a0: <span>24 f\u00e9vrier 2026<\/span><\/div><div class=\"vsel-meta-date vsel-meta-end-date\">Date de fin\u00a0: <span>25 f\u00e9vrier 2026<\/span><\/div><div class=\"vsel-meta-time\">Heure\u00a0: <span>7 h 00 min - 15 h 00 min<\/span><\/div><div class=\"vsel-meta-location\">Lieu: <span>Yaound\u00e9<\/span><\/div><\/div><div class=\"vsel-info vsel-alignright\" style=\"width:60%;\"><figure class=\"vsel-image vsel-alignright\" style=\"max-width:40%\"><img decoding=\"async\" width=\"1280\" height=\"720\" src=\"https:\/\/kamerpower.com\/wp-content\/uploads\/2016\/01\/IFORD-Concours-Resultats-anciens-sujets.jpeg\" class=\"vsel-image-img wp-post-image\" alt=\"Concours IFORD 2026-2027 IFORD Concours, Resultats, anciens sujets\" srcset=\"https:\/\/kamerpower.com\/wp-content\/uploads\/2016\/01\/IFORD-Concours-Resultats-anciens-sujets.jpeg 1280w, https:\/\/kamerpower.com\/wp-content\/uploads\/2016\/01\/IFORD-Concours-Resultats-anciens-sujets-600x338.jpeg 600w, https:\/\/kamerpower.com\/wp-content\/uploads\/2016\/01\/IFORD-Concours-Resultats-anciens-sujets-300x169.jpeg 300w, https:\/\/kamerpower.com\/wp-content\/uploads\/2016\/01\/IFORD-Concours-Resultats-anciens-sujets-768x432.jpeg 768w, https:\/\/kamerpower.com\/wp-content\/uploads\/2016\/01\/IFORD-Concours-Resultats-anciens-sujets-150x84.jpeg 150w\" sizes=\"(max-width: 1280px) 100vw, 1280px\" \/><\/figure><div class=\"vsel-text\"><p>Le concours d\u2019entr\u00e9e \u00e0 l\u2019 IFORD est ouvert, le concours Institut de formation et de recherche demographiques aura lieu les 24 et 25 f\u00e9vrier 2026 dans les diff\u00e9rents centres d\u2019examen. Les candidats d\u00e9sireux de s\u2019inscrire doivent se procurer un dossier sp\u00e9cial d\u2019inscription aupr\u00e8s de la direction de la statistitique.<\/p>\n<\/div><\/div><\/div><div id=\"event-74612\" class=\"vsel-content concours-lances-au-cameroun vsel-past\"><div class=\"vsel-meta vsel-alignleft\" style=\"width:36%;\"><h3 class=\"vsel-meta-title\"><a href=\"https:\/\/kamerpower.com\/fr\/events\/cameroun-test-recrutement-instituteurs-de-enseignement\/\" rel=\"bookmark\" title=\"Cameroun &#8211; Test de s\u00e9lection Recrutement Instituteurs de l&#8217;Enseignement Maternel et Primaire 2026\">Cameroun &#8211; Test de s\u00e9lection Recrutement Instituteurs de l&#8217;Enseignement Maternel et Primaire 2026<\/a><\/h3><div class=\"vsel-meta-date vsel-meta-single-date\">Date\u00a0: <span>14 f\u00e9vrier 2026<\/span><\/div><div class=\"vsel-meta-time\">Heure\u00a0: <span>7 h 00 min - 15 h 00 min<\/span><\/div><div class=\"vsel-meta-location\">Lieu: <span>Tous les chefs de R\u00e9gion<\/span><\/div><\/div><div class=\"vsel-info vsel-alignright\" style=\"width:60%;\"><figure class=\"vsel-image vsel-alignright\" style=\"max-width:40%\"><img decoding=\"async\" width=\"1280\" height=\"720\" src=\"https:\/\/kamerpower.com\/wp-content\/uploads\/2023\/08\/MINESEC-MINEDUB-Cameroun-Recrutement-et-Concours.png\" class=\"vsel-image-img wp-post-image\" alt=\"MINESEC - MINEDUB Cameroun Recrutement et Concours\" srcset=\"https:\/\/kamerpower.com\/wp-content\/uploads\/2023\/08\/MINESEC-MINEDUB-Cameroun-Recrutement-et-Concours.png 1280w, https:\/\/kamerpower.com\/wp-content\/uploads\/2023\/08\/MINESEC-MINEDUB-Cameroun-Recrutement-et-Concours-600x338.png 600w, https:\/\/kamerpower.com\/wp-content\/uploads\/2023\/08\/MINESEC-MINEDUB-Cameroun-Recrutement-et-Concours-300x169.png 300w, https:\/\/kamerpower.com\/wp-content\/uploads\/2023\/08\/MINESEC-MINEDUB-Cameroun-Recrutement-et-Concours-768x432.png 768w, https:\/\/kamerpower.com\/wp-content\/uploads\/2023\/08\/MINESEC-MINEDUB-Cameroun-Recrutement-et-Concours-720x405.png 720w, https:\/\/kamerpower.com\/wp-content\/uploads\/2023\/08\/MINESEC-MINEDUB-Cameroun-Recrutement-et-Concours-520x293.png 520w, https:\/\/kamerpower.com\/wp-content\/uploads\/2023\/08\/MINESEC-MINEDUB-Cameroun-Recrutement-et-Concours-320x180.png 320w, https:\/\/kamerpower.com\/wp-content\/uploads\/2023\/08\/MINESEC-MINEDUB-Cameroun-Recrutement-et-Concours-150x84.png 150w, https:\/\/kamerpower.com\/wp-content\/uploads\/2023\/08\/MINESEC-MINEDUB-Cameroun-Recrutement-et-Concours-1200x675.png 1200w\" sizes=\"(max-width: 1280px) 100vw, 1280px\" \/><\/figure><div class=\"vsel-text\"><p>Un test de s\u00e9lection pour le recrutement de 3000 Instituteurs dans le cadre de la deuxi\u00e8me phase du troisi\u00e8me programme de contractualisation des Instituteurs de l&#8217;Enseignement Maternel et Primaire.<\/p>\n<\/div><\/div><\/div><div id=\"event-74581\" class=\"vsel-content concours-lances-au-cameroun vsel-past\"><div class=\"vsel-meta vsel-alignleft\" style=\"width:36%;\"><h3 class=\"vsel-meta-title\"><a href=\"https:\/\/kamerpower.com\/fr\/events\/concours-gendarmerie-nationale-cameroun\/\" rel=\"bookmark\" title=\"Concours Gendarmerie Nationale au Cameroun 2026-2027\">Concours Gendarmerie Nationale au Cameroun 2026-2027<\/a><\/h3><div class=\"vsel-meta-date vsel-meta-single-date\">Date\u00a0: <span>15 janvier 2026<\/span><\/div><div class=\"vsel-meta-time\">Heure\u00a0: <span>7 h 30 min - 15 h 00 min<\/span><\/div><div class=\"vsel-meta-location\">Lieu: <span>Postes de commandement des Secteurs Militaires<\/span><\/div><\/div><div class=\"vsel-info vsel-alignright\" style=\"width:60%;\"><figure class=\"vsel-image vsel-alignright\" style=\"max-width:40%\"><img decoding=\"async\" width=\"1280\" height=\"720\" src=\"https:\/\/kamerpower.com\/wp-content\/uploads\/2025\/12\/Concours-Gendarmerie-Nationale-Camerounaise-MINDEF.jpg\" class=\"vsel-image-img wp-post-image\" alt=\"Concours Gendarmerie Nationale Camerounaise MINDEF 2026-2027\" srcset=\"https:\/\/kamerpower.com\/wp-content\/uploads\/2025\/12\/Concours-Gendarmerie-Nationale-Camerounaise-MINDEF.jpg 1280w, https:\/\/kamerpower.com\/wp-content\/uploads\/2025\/12\/Concours-Gendarmerie-Nationale-Camerounaise-MINDEF-600x338.jpg 600w, https:\/\/kamerpower.com\/wp-content\/uploads\/2025\/12\/Concours-Gendarmerie-Nationale-Camerounaise-MINDEF-300x169.jpg 300w, https:\/\/kamerpower.com\/wp-content\/uploads\/2025\/12\/Concours-Gendarmerie-Nationale-Camerounaise-MINDEF-768x432.jpg 768w, https:\/\/kamerpower.com\/wp-content\/uploads\/2025\/12\/Concours-Gendarmerie-Nationale-Camerounaise-MINDEF-150x84.jpg 150w\" sizes=\"(max-width: 1280px) 100vw, 1280px\" \/><\/figure><div class=\"vsel-text\"><p>Le concours Gendarmerie camerounaise pour \u00e9l\u00e8ves Sous-officiers de gendarmerie, El\u00e8ves Gendarmes, sant\u00e9 militaire est lance. Il est port\u00e9 \u00e0 la connaissance des jeunes camerounais des deux sexes d\u00e9sireux de faire carri\u00e8re.<\/p>\n<\/div><\/div><\/div><div class=\"vsel-nav\"><\/div><\/div>\n<\/div>\n<\/div><\/section>\n\n\n\n<section id=\"wp-block-themeisle-blocks-advanced-columns-7966c850\" class=\"wp-block-themeisle-blocks-advanced-columns alignfull has-1-columns has-desktop-equal-layout has-tablet-equal-layout has-mobile-equal-layout has-vertical-flex-start\"><div class=\"wp-block-themeisle-blocks-advanced-columns-overlay\"><\/div><div class=\"innerblocks-wrap\">\n<div id=\"wp-block-themeisle-blocks-advanced-column-cfaec343\" class=\"wp-block-themeisle-blocks-advanced-column\">\n<h2 class=\"wp-block-heading has-text-align-left has-black-color has-text-color has-link-color wp-elements-0cecfa023dabe417ab53bc1125556bc3\" id=\"h-cours-en-ligne\" style=\"text-transform:capitalize\"><strong>Cours en ligne<\/strong><\/h2>\n\n\n\n<p class=\"has-text-align-left has-black-color has-text-color has-link-color wp-elements-951fd9310d57f8c375c7aca56a521966\">La formation en ligne propos\u00e9e par&nbsp;<a href=\"https:\/\/kamerpower.com\/fr\/courses\/\">Kamerpower<\/a>&nbsp;apporte une perspective novatrice au domaine de l\u2019\u00e9ducation. Elle met \u00e0 la disposition des apprenants une m\u00e9thodologie rigoureuse, des conseils strat\u00e9giques et des exercices adapt\u00e9s, con\u00e7us pour maximiser leurs chances de r\u00e9ussite aux concours. Gr\u00e2ce \u00e0 une plateforme d\u2019apprentissage num\u00e9rique (e-learning) intuitive et flexible, chaque participant peut suivre la formation selon un parcours personnalis\u00e9, dans l\u2019ordre de son choix et \u00e0 son propre rythme. Cette approche p\u00e9dagogique, fond\u00e9e sur la qualit\u00e9 et l\u2019accessibilit\u00e9, offre un enseignement d\u2019une excellence rare, alliant exigence acad\u00e9mique et efficacit\u00e9 pratique. Les pr\u00e9parations aux concours\/examens administratifs, de gestion, d\u2019enseignements, d\u2019ing\u00e9nierie, l\u2019Enseignement Technique, s\u00e9curit\u00e9 et arm\u00e9e, de m\u00e9decine et Sante.<\/p>\n\n\n\n<div class=\"wp-block-buttons is-layout-flex wp-block-buttons-is-layout-flex\">\n<div class=\"wp-block-button is-style-primary\"><a class=\"wp-block-button__link wp-element-button\" href=\"https:\/\/kamerpower.com\/fr\/courses\/\" target=\"_blank\" rel=\"noreferrer noopener\"><strong>Consultez tous les cours<\/strong><\/a><\/div>\n<\/div>\n<\/div>\n<\/div><\/section>\n\n\n\n<section id=\"wp-block-themeisle-blocks-advanced-columns-c2cb0d70\" class=\"wp-block-themeisle-blocks-advanced-columns alignfull has-2-columns has-desktop-equal-layout has-tablet-equal-layout has-mobile-collapsedRows-layout has-vertical-flex-start\"><div class=\"wp-block-themeisle-blocks-advanced-columns-overlay\"><\/div><div class=\"innerblocks-wrap\">\n<div id=\"wp-block-themeisle-blocks-advanced-column-e07ba6d2\" class=\"wp-block-themeisle-blocks-advanced-column\"><div class=\"wp-block-themeisle-blocks-advanced-column-overlay\"><\/div><div class=\"wp-block-image\">\n<figure class=\"aligncenter size-full is-resized\"><img decoding=\"async\" src=\"https:\/\/kamerpower.com\/wp-content\/uploads\/2025\/11\/kamerpower-mobile-app-e.png\" alt=\"T\u00e9l\u00e9chargement des Sujets Corrig\u00e9es d'\u00c9preuves concours dans tous les examens.\" class=\"wp-image-72162\" style=\"aspect-ratio:1;object-fit:cover;width:464px\"\/><\/figure>\n<\/div><\/div>\n\n\n\n<div id=\"wp-block-themeisle-blocks-advanced-column-5dfa971c\" class=\"wp-block-themeisle-blocks-advanced-column\">\n<h2 class=\"wp-block-heading has-text-align-left\" id=\"h-telecharger-les-sujets-corrigees-d-epreuves-concours-d-examens\" style=\"text-transform:capitalize\"><strong>T\u00e9l\u00e9charger les Sujets Corrig\u00e9es d&#8217;\u00c9preuves concours d&#8217;examens.<\/strong><\/h2>\n\n\n\n<p class=\"has-text-align-left has-black-color has-text-color has-link-color wp-elements-6caa8e95ac83b70f1935104eb5ddeb8e\">Vous pouvez consulter et&nbsp;<strong>t\u00e9l\u00e9charger<\/strong> <a href=\"https:\/\/kamerpower.com\/epreuves\/\" target=\"_blank\" rel=\"noreferrer noopener\">les Corrig\u00e9es d&#8217;\u00c9preuves concours<\/a>, Tous les sujets et corrig\u00e9s en version PDF autant de fois que vous le souhaitez sur kamerpower. Des examens populaires comme le <strong>GCE<\/strong>, <strong>INJS<\/strong>, <strong>IFORD<\/strong>, <strong>ISSEA<\/strong>, <strong>ENAM<\/strong>, <strong>ESSAL<\/strong>, <strong>BTS<\/strong>, <strong>HND<\/strong> et bien d&#8217;autres. Class\u00e9es par s\u00e9rie, par mati\u00e8re et par ann\u00e9e. Faites-en de vrais alli\u00e9s dans vos r\u00e9visions afin de vous entra\u00eener aux \u00e9preuves du concours en conditions r\u00e9elles ! Ne reste plus qu\u2019\u00e0 se mettre au travail. Tous les&nbsp;<a href=\"https:\/\/kamerpower.com\/fr\/o\/epreuves\/\">Sujets sont disponibles gratuitement<\/a>&nbsp;sur&nbsp;l\u2019aplication <strong>Kamerpower Epreuves sur Play Store<\/strong>, d\u00e8s la fin de chaque \u00e9preuve.<\/p>\n\n\n\n<div class=\"wp-block-buttons is-layout-flex wp-block-buttons-is-layout-flex\">\n<div class=\"wp-block-button is-style-primary\"><a class=\"wp-block-button__link wp-element-button\" href=\"https:\/\/play.google.com\/store\/apps\/details?id=com.kamerpower.cm\" target=\"_blank\" rel=\"noreferrer noopener\">T\u00e9l\u00e9charger l&#8217;Appli mobile<\/a><\/div>\n<\/div>\n<\/div>\n<\/div><\/section>\n\n\n\n<section id=\"wp-block-themeisle-blocks-advanced-columns-f3157c32\" class=\"wp-block-themeisle-blocks-advanced-columns alignfull has-2-columns has-desktop-equal-layout has-tablet-equal-layout has-mobile-collapsedRows-layout has-reverse-columns-mobile has-vertical-flex-start\"><div class=\"wp-block-themeisle-blocks-advanced-columns-overlay\"><\/div><div class=\"innerblocks-wrap\">\n<div id=\"wp-block-themeisle-blocks-advanced-column-9276e58f\" class=\"wp-block-themeisle-blocks-advanced-column\">\n<h2 class=\"wp-block-heading has-text-align-left\" id=\"h-redaction-de-cv-et-lettre-de-motivation\" style=\"text-transform:capitalize\"><strong>R\u00e9daction de CV et lettre de motivation<\/strong><\/h2>\n\n\n\n<p class=\"has-text-align-left has-black-color has-text-color has-link-color wp-elements-a390facaf97094bcbb0fde0a7b6b1e6a\">\u00cates-vous dipl\u00f4m\u00e9 ou demandeur d&#8217;emploi que vous avez du mal \u00e0 r\u00e9ussir vos lettres de motivation ou le CV ? <strong><a href=\"https:\/\/kamerpower.com\/cv-online\/\" target=\"_blank\" rel=\"noreferrer noopener\">Kamerpower CV<\/a><\/strong> vous permet de cr\u00e9er un CV en ligne gratuit&nbsp;et t\u00e9l\u00e9charger CV IA. Il vous permet d\u2019avoir une lettre de motivation vendeuse et un CV accrocheur, qui ne laisseront aucun doute sur l\u2019ad\u00e9quation de votre profil.<\/p>\n\n\n\n<div class=\"wp-block-buttons is-layout-flex wp-block-buttons-is-layout-flex\">\n<div class=\"wp-block-button is-style-primary\"><a class=\"wp-block-button__link wp-element-button\" href=\"https:\/\/kamerpower.com\/cv-online\/\" target=\"_blank\" rel=\"noreferrer noopener\"><strong>R\u00e9dacteur de CV\/R\u00e9sum\u00e9<\/strong><\/a><\/div>\n<\/div>\n<\/div>\n\n\n\n<div id=\"wp-block-themeisle-blocks-advanced-column-abcc8966\" class=\"wp-block-themeisle-blocks-advanced-column\"><div class=\"wp-block-themeisle-blocks-advanced-column-overlay\"><\/div><div class=\"wp-block-image\">\n<figure class=\"aligncenter size-full is-resized has-custom-border\" id=\"wp-block-themeisle-blocks-image-e425d017\"><img decoding=\"async\" width=\"1280\" height=\"720\" src=\"https:\/\/kamerpower.com\/wp-content\/uploads\/2025\/04\/Redaction-de-CV-et-lettre-de-motivation.jpg\" alt=\"R\u00e9daction de CV et lettre de motivation\" class=\"wp-image-68487\" style=\"border-radius:10px;aspect-ratio:1.1401673640167365;width:449px;height:auto\" srcset=\"https:\/\/kamerpower.com\/wp-content\/uploads\/2025\/04\/Redaction-de-CV-et-lettre-de-motivation.jpg 1280w, https:\/\/kamerpower.com\/wp-content\/uploads\/2025\/04\/Redaction-de-CV-et-lettre-de-motivation-600x338.jpg 600w\" sizes=\"(max-width: 1280px) 100vw, 1280px\" \/><\/figure>\n<\/div><\/div>\n<\/div><\/section>\n\n\n\n<section id=\"wp-block-themeisle-blocks-advanced-columns-8fae4349\" class=\"wp-block-themeisle-blocks-advanced-columns alignfull has-2-columns has-desktop-equal-layout has-tablet-equal-layout has-mobile-collapsedRows-layout has-reverse-columns-mobile has-vertical-flex-start\"><div class=\"wp-block-themeisle-blocks-advanced-columns-overlay\"><\/div><div class=\"innerblocks-wrap\">\n<div id=\"wp-block-themeisle-blocks-advanced-column-0d238e2e\" class=\"wp-block-themeisle-blocks-advanced-column\"><div class=\"wp-block-themeisle-blocks-advanced-column-overlay\"><\/div>\n<h2 class=\"wp-block-heading has-black-color has-text-color\" id=\"h-conseils-de-carriere-pertinents\"><strong>Conseils de carri\u00e8re pertinents<\/strong><\/h2>\n\n\n<div class=\"wp-block-image\">\n<figure class=\"aligncenter size-full is-resized has-custom-border\" id=\"wp-block-themeisle-blocks-image-7d01e389\"><img decoding=\"async\" width=\"1280\" height=\"720\" src=\"https:\/\/kamerpower.com\/wp-content\/uploads\/2025\/04\/Les-opportunites-de-carriere-et-conseils.jpg\" alt=\"Les opportunit\u00e9s de carri\u00e8re et conseils\" class=\"wp-image-68491\" style=\"border-radius:10px;aspect-ratio:1.1401673640167365;width:449px;height:auto\" srcset=\"https:\/\/kamerpower.com\/wp-content\/uploads\/2025\/04\/Les-opportunites-de-carriere-et-conseils.jpg 1280w, https:\/\/kamerpower.com\/wp-content\/uploads\/2025\/04\/Les-opportunites-de-carriere-et-conseils-600x338.jpg 600w\" sizes=\"(max-width: 1280px) 100vw, 1280px\" \/><\/figure>\n<\/div>\n\n\n<h2 id=\"wp-block-themeisle-blocks-advanced-heading-80e82c06\" class=\"wp-block-themeisle-blocks-advanced-heading wp-block-themeisle-blocks-advanced-heading-80e82c06\"><strong>Career Opportunities and Advice<\/strong><\/h2>\n\n\n\n<p class=\"has-text-align-left has-black-color has-text-color has-link-color has-medium-font-size wp-elements-ced9c7e6747d62e2de3e3b409ce30337\">Vous avez l\u2019impression que \u00e7a se passe assez bien mais vous n\u2019\u00eates jamais le candidat choisi ? Vous manquez juste de pr\u00e9paration. Un entretien d&#8217;embauche peut \u00eatre une exp\u00e9rience stressante pour les candidats, car vous \u00eates mis sur la sellette et devez r\u00e9pondre \u00e0 une s\u00e9rie de questions qui d\u00e9termineront si vous \u00eates apte \u00e0 occuper un poste ou un poste pour lequel vous avez postul\u00e9.<\/p>\n\n\n\n<p class=\"has-black-color has-text-color has-link-color wp-elements-ab99f1960de26157ed392c299d8d2423\">Si vous souhaitez a&nbsp;<a href=\"https:\/\/kamerpower.com\/fr\/o\/carriere\/\">am\u00e9liorer votre carri\u00e8re<\/a>, vous pouvez souscrire au coaching Career. Dans le cadre du coaching, vous aurez :<\/p>\n\n\n\n<ul class=\"wp-block-list\">\n<li class=\"has-black-color has-text-color has-link-color wp-elements-6760f9debd0ef8f12b2b1e2b9b4dd23e\">La revue\/correction de votre profil Linkedin.<\/li>\n\n\n\n<li class=\"has-black-color has-text-color has-link-color wp-elements-f5c19425e80893fbfd34acf1ad73d2bc\">Un entretien pour d\u00e9finir votre projet professionnel.&nbsp;<\/li>\n\n\n\n<li class=\"has-black-color has-text-color has-link-color wp-elements-73bdcfe32fc29e54f8938868572cd03b\">La confection de votre CV et d\u2019une LM type qui r\u00e9pondront \u00e0 votre objectif de recherche.<\/li>\n\n\n\n<li class=\"has-black-color has-text-color has-link-color wp-elements-b92a6c347e37face3fd44a061a907e57\">Sessions de d\u00e9veloppement personnel.<\/li>\n<\/ul>\n<\/div>\n\n\n\n<div id=\"wp-block-themeisle-blocks-advanced-column-106889b4\" class=\"wp-block-themeisle-blocks-advanced-column\">\n<div id=\"wp-block-themeisle-blocks-accordion-b1f553a3\" class=\"wp-block-themeisle-blocks-accordion exclusive\">\n<details open class=\"wp-block-themeisle-blocks-accordion-item\"><summary class=\"wp-block-themeisle-blocks-accordion-item__title\"><h3><strong>Questions et r\u00e9ponses courantes lors d&#8217;un entretien d&#8217;embauche<\/strong><\/h3><\/summary><div class=\"wp-block-themeisle-blocks-accordion-item__content\">\n<p class=\"has-black-color has-text-color has-link-color wp-elements-d5334aba6c409684f4711efa5ac3a64d\">Sur Kamerpower, vous explorerez \u00e9galement certaines questions d&#8217;entretien d&#8217;embauche courantes, des guides \u00e9tape par \u00e9tape li\u00e9s \u00e0 la pr\u00e9paration aux entretiens, des questions d&#8217;entretien fr\u00e9quemment pos\u00e9es et&nbsp;<a href=\"https:\/\/kamerpower.com\/fr\/o\/conseils-guide\/\">des conseils<\/a>&nbsp;sur la fa\u00e7on d&#8217;y r\u00e9pondre efficacement pour augmenter vos chances d&#8217;obtenir l&#8217;emploi de vos r\u00eaves. Comment \u00e7a se passe ?<\/p>\n\n\n\n<figure class=\"wp-block-image size-full has-custom-border\"><img decoding=\"async\" width=\"1280\" height=\"720\" src=\"https:\/\/kamerpower.com\/wp-content\/uploads\/2025\/04\/Preparation-a-lentretien-dembauche-et-les-concours.jpg\" alt=\"Pr\u00e9paration \u00e0 l\u2019entretien d'embauche et les concours\" class=\"wp-image-68489\" style=\"border-radius:6px\" srcset=\"https:\/\/kamerpower.com\/wp-content\/uploads\/2025\/04\/Preparation-a-lentretien-dembauche-et-les-concours.jpg 1280w, https:\/\/kamerpower.com\/wp-content\/uploads\/2025\/04\/Preparation-a-lentretien-dembauche-et-les-concours-600x338.jpg 600w\" sizes=\"(max-width: 1280px) 100vw, 1280px\" \/><\/figure>\n<\/div><\/details>\n\n\n\n<details class=\"wp-block-themeisle-blocks-accordion-item\"><summary class=\"wp-block-themeisle-blocks-accordion-item__title\"><h3><strong>Conseils pour les \u00e9tudiants<\/strong><\/h3><\/summary><div class=\"wp-block-themeisle-blocks-accordion-item__content\">\n<p class=\"has-black-color has-text-color has-link-color wp-elements-a72629b63450cea584e8fe1fdd29521f\">Notre guide de conseils pour \u00e9tudiants vous aidera \u00e0 atteindre l&#8217;excellence acad\u00e9mique. Il est con\u00e7u pour les \u00e9tudiants qui souhaitent exceller tant dans leurs \u00e9tudes que dans leur vie professionnelle. Il r\u00e9pond \u00e0 de nombreuses questions.<\/p>\n<\/div><\/details>\n\n\n\n<details class=\"wp-block-themeisle-blocks-accordion-item\"><summary class=\"wp-block-themeisle-blocks-accordion-item__title\"><h3><strong>Le coaching de carri\u00e8re peut vous aider dans les domaines suivants <\/strong><\/h3><\/summary><div class=\"wp-block-themeisle-blocks-accordion-item__content\">\n<ul class=\"wp-block-list\">\n<li class=\"has-black-color has-text-color has-link-color wp-elements-e76f089f9272ee63ab65af30dc787d07\"><strong>Coaching en transition de carri\u00e8re<\/strong><\/li>\n<\/ul>\n\n\n\n<p class=\"has-black-color has-text-color has-link-color has-medium-font-size wp-elements-a82d848f811eb27c044e1d93cf671d36\">Naviguez votre changement de carri\u00e8re avec confiance. \u00c9laborez un plan d&#8217;action personnalis\u00e9 avec l&#8217;accompagnement n\u00e9cessaire pour une transition en douceur. De la pr\u00e9paration aux entretiens \u00e0 la n\u00e9gociation salariale, nos coachs de carri\u00e8re vous soutiennent \u00e0 chaque \u00e9tape.<\/p>\n\n\n\n<ul class=\"wp-block-list\">\n<li class=\"has-black-color has-text-color has-link-color wp-elements-eb4b8e5824a730fff840c20a4e668c22\"><strong>Coaching d&#8217;avancement de carri\u00e8re<\/strong><\/li>\n<\/ul>\n\n\n\n<p class=\"has-black-color has-text-color has-link-color wp-elements-9e50cc7f72656a09ccb9df12f5fee29d\">D\u00e9veloppez votre carri\u00e8re gr\u00e2ce \u00e0 une strat\u00e9gie de coaching sur mesure. Profitez de conseils et d\u2019expertises pour acc\u00e9l\u00e9rer votre progression et atteindre vos objectifs professionnels.<\/p>\n<\/div><\/details>\n<\/div>\n<\/div>\n<\/div><\/section>\n\n\n<div class=\"job_listings\" data-location=\"\" data-keywords=\"\" data-show_filters=\"false\" data-show_pagination=\"false\" data-per_page=\"15\" data-orderby=\"featured\" data-order=\"DESC\" data-categories=\"\" data-disable-form-state-storage=\"\" data-featured_first=\"false\" data-post_id=\"74700\" ><ul class=\"job_listings\">\n<li class=\"post-74794 job_listing type-job_listing status-publish has-post-thumbnail hentry\" data-longitude=\"\" data-latitude=\"\">\n\t<a href=\"https:\/\/kamerpower.com\/fr\/job\/institut-francais-de-cote-divoire-recrute-assistant-e-du-pole-francais\/\">\n\t\t<img decoding=\"async\" class=\"company_logo\" src=\"https:\/\/kamerpower.com\/wp-content\/uploads\/2017\/11\/Recrutement-Institut-Fran\u00e7ais-du-Cameroun-R\u00e9gisseur-d\u2019avances-et-recettes-institut-fran\u00e7ais-du-cameroun-douala-boulevard-de-la-libert\u00e9-douala-150x150.jpg\" alt=\"Institut fran\u00e7ais C\u00f4te d&#039;Ivoire\" \/>\t\t<div class=\"position\">\n\t\t\t<h3>Institut fran\u00e7ais de C\u00f4te d&#8217;Ivoire recrute Assistant (e) du P\u00f4le Fran\u00e7ais<\/h3>\n\t\t\t<div class=\"company\">\n\t\t\t\t<strong>Institut fran\u00e7ais C\u00f4te d&#039;Ivoire<\/strong> \t\t\t\t\t\t\t<\/div>\n\t\t<\/div>\n\t\t<div class=\"location\">\n\t\t\tC\u00f4te d'Ivoire\t\t<\/div>\n\t\t<ul class=\"meta\">\n\t\t\t\n\t\t\t\t\t\t\t\t\t\t\t\t\t\t\n\t\t\t<li class=\"date\"><time datetime=\"2026-04-24\">Publi\u00e9 il y a 1 jour<\/time><\/li>\n\n\t\t\t\t\t<\/ul>\n\t<\/a>\n<\/li>\n<li class=\"post-74791 job_listing type-job_listing status-publish has-post-thumbnail hentry job-type-temporaire\" data-longitude=\"\" data-latitude=\"\">\n\t<a href=\"https:\/\/kamerpower.com\/fr\/job\/intersos-mali-recrute-coordinateur-trice-des-finances\/\">\n\t\t<img decoding=\"async\" class=\"company_logo\" src=\"https:\/\/kamerpower.com\/wp-content\/uploads\/intersos.org-recruitment-vacancies-Recrutement-INTERSOS-Cameroun-150x150.png\" alt=\"INTERSOS\" \/>\t\t<div class=\"position\">\n\t\t\t<h3>INTERSOS Mali Recrute Coordinateur\/trice des Finances<\/h3>\n\t\t\t<div class=\"company\">\n\t\t\t\t<strong>INTERSOS<\/strong> \t\t\t\t\t\t\t<\/div>\n\t\t<\/div>\n\t\t<div class=\"location\">\n\t\t\tBamako\t\t<\/div>\n\t\t<ul class=\"meta\">\n\t\t\t\n\t\t\t\t\t\t\t\t\t\t\t\t\t\t\t\t<li class=\"job-type temporaire\">Temporaire<\/li>\n\t\t\t\t\t\t\t\n\t\t\t<li class=\"date\"><time datetime=\"2026-04-24\">Publi\u00e9 il y a 1 jour<\/time><\/li>\n\n\t\t\t\t\t<\/ul>\n\t<\/a>\n<\/li>\n<li class=\"post-74789 job_listing type-job_listing status-publish has-post-thumbnail hentry\" data-longitude=\"\" data-latitude=\"\">\n\t<a href=\"https:\/\/kamerpower.com\/fr\/job\/binnies-english-training-recrute-un-chargee-de-marketing-et-projets-abidjan\/\">\n\t\t<img decoding=\"async\" class=\"company_logo\" src=\"https:\/\/kamerpower.com\/wp-content\/uploads\/2026\/04\/Recrutement-Binnies-English-Training-150x150.png\" alt=\"Binnie\u2019s English Training\" \/>\t\t<div class=\"position\">\n\t\t\t<h3>Binnie\u2019s English Training recrute un Charg\u00e9(e) de Marketing et Projets &#8211; Abidjan<\/h3>\n\t\t\t<div class=\"company\">\n\t\t\t\t<strong>Binnie\u2019s English Training<\/strong> \t\t\t\t\t\t\t<\/div>\n\t\t<\/div>\n\t\t<div class=\"location\">\n\t\t\tC\u00f4te d'Ivoire\t\t<\/div>\n\t\t<ul class=\"meta\">\n\t\t\t\n\t\t\t\t\t\t\t\t\t\t\t\t\t\t\n\t\t\t<li class=\"date\"><time datetime=\"2026-04-24\">Publi\u00e9 il y a 1 jour<\/time><\/li>\n\n\t\t\t\t\t<\/ul>\n\t<\/a>\n<\/li>\n<li class=\"post-74733 job_listing type-job_listing status-publish has-post-thumbnail hentry job-type-temporaire\" data-longitude=\"\" data-latitude=\"\">\n\t<a href=\"https:\/\/kamerpower.com\/fr\/job\/unesco-recrute-responsable-nationale-de-projet-education-yaounde\/\">\n\t\t<img decoding=\"async\" class=\"company_logo\" src=\"https:\/\/kamerpower.com\/wp-content\/uploads\/2018\/02\/UNESCO-recrutement-Comment-avoir-un-stage-a-lUNESCO-.png\" alt=\"UNESCO\" \/>\t\t<div class=\"position\">\n\t\t\t<h3>UNESCO recrute Responsable National(e) de Projet &#8211; Education &#8211; Yaounde<\/h3>\n\t\t\t<div class=\"company\">\n\t\t\t\t<strong>UNESCO<\/strong> \t\t\t\t\t\t\t<\/div>\n\t\t<\/div>\n\t\t<div class=\"location\">\n\t\t\tYaounde\t\t<\/div>\n\t\t<ul class=\"meta\">\n\t\t\t\n\t\t\t\t\t\t\t\t\t\t\t\t\t\t\t\t<li class=\"job-type temporaire\">Temporaire<\/li>\n\t\t\t\t\t\t\t\n\t\t\t<li class=\"date\"><time datetime=\"2026-04-22\">Publi\u00e9 il y a 3 jours<\/time><\/li>\n\n\t\t\t\t\t<\/ul>\n\t<\/a>\n<\/li>\n<li class=\"post-74709 job_listing type-job_listing status-publish has-post-thumbnail hentry job-type-independant\" data-longitude=\"\" data-latitude=\"\">\n\t<a href=\"https:\/\/kamerpower.com\/fr\/job\/offre-demploi-ingenieur-build-delivery-services-om-douala\/\">\n\t\t<img decoding=\"async\" class=\"company_logo\" src=\"https:\/\/kamerpower.com\/wp-content\/uploads\/2016\/02\/Orange-Cameroun-recrutement-2016-2017-150x150.jpg\" alt=\"Orange Cameroun\" \/>\t\t<div class=\"position\">\n\t\t\t<h3>Offre d&#8217;emploi Ing\u00e9nieur &#8211; Build &amp; Delivery Services OM\u00a0&#8211; Douala\u00a0<\/h3>\n\t\t\t<div class=\"company\">\n\t\t\t\t<strong>Orange Cameroun<\/strong> \t\t\t\t\t\t\t<\/div>\n\t\t<\/div>\n\t\t<div class=\"location\">\n\t\t\tDouala\t\t<\/div>\n\t\t<ul class=\"meta\">\n\t\t\t\n\t\t\t\t\t\t\t\t\t\t\t\t\t\t\t\t<li class=\"job-type independant\">Ind\u00e9pendant<\/li>\n\t\t\t\t\t\t\t\n\t\t\t<li class=\"date\"><time datetime=\"2026-04-18\">Publi\u00e9 il y a 7 jours<\/time><\/li>\n\n\t\t\t\t\t<\/ul>\n\t<\/a>\n<\/li>\n<li class=\"post-74708 job_listing type-job_listing status-publish has-post-thumbnail hentry job-type-temps-plein\" data-longitude=\"\" data-latitude=\"\">\n\t<a href=\"https:\/\/kamerpower.com\/fr\/job\/orange-emploi-conseiller-client-boutique-yaounde\/\">\n\t\t<img decoding=\"async\" class=\"company_logo\" src=\"https:\/\/kamerpower.com\/wp-content\/uploads\/2016\/02\/Orange-Cameroun-recrutement-2016-2017-150x150.jpg\" alt=\"Orange Cameroun\" \/>\t\t<div class=\"position\">\n\t\t\t<h3>Orange emploi Conseiller Client Boutique &#8211; Yaound\u00e9\u00a0<\/h3>\n\t\t\t<div class=\"company\">\n\t\t\t\t<strong>Orange Cameroun<\/strong> \t\t\t\t\t\t\t<\/div>\n\t\t<\/div>\n\t\t<div class=\"location\">\n\t\t\tYaound\u00e9\t\t<\/div>\n\t\t<ul class=\"meta\">\n\t\t\t\n\t\t\t\t\t\t\t\t\t\t\t\t\t\t\t\t<li class=\"job-type temps-plein\">Temps plein<\/li>\n\t\t\t\t\t\t\t\n\t\t\t<li class=\"date\"><time datetime=\"2026-04-18\">Publi\u00e9 il y a 7 jours<\/time><\/li>\n\n\t\t\t\t\t<\/ul>\n\t<\/a>\n<\/li>\n<li class=\"post-74707 job_listing type-job_listing status-publish has-post-thumbnail hentry job-type-temps-plein\" data-longitude=\"\" data-latitude=\"\">\n\t<a href=\"https:\/\/kamerpower.com\/fr\/job\/controleur-operationnel-ra-data-orange-money-orange-cameroun\/\">\n\t\t<img decoding=\"async\" class=\"company_logo\" src=\"https:\/\/kamerpower.com\/wp-content\/uploads\/2019\/06\/Recrutement-chez-Orange-Cameroon-2019-2020-Cameroun-Jobs-150x150.png\" alt=\"Orange Cameroun\" \/>\t\t<div class=\"position\">\n\t\t\t<h3>Contr\u00f4leur Op\u00e9rationnel RA, Data &amp; Orange Money &#8211; Orange Cameroun<\/h3>\n\t\t\t<div class=\"company\">\n\t\t\t\t<strong>Orange Cameroun<\/strong> \t\t\t\t\t\t\t<\/div>\n\t\t<\/div>\n\t\t<div class=\"location\">\n\t\t\tDouala\t\t<\/div>\n\t\t<ul class=\"meta\">\n\t\t\t\n\t\t\t\t\t\t\t\t\t\t\t\t\t\t\t\t<li class=\"job-type temps-plein\">Temps plein<\/li>\n\t\t\t\t\t\t\t\n\t\t\t<li class=\"date\"><time datetime=\"2026-04-18\">Publi\u00e9 il y a 7 jours<\/time><\/li>\n\n\t\t\t\t\t<\/ul>\n\t<\/a>\n<\/li>\n<li class=\"post-74700 job_listing type-job_listing status-publish has-post-thumbnail hentry job-type-stage\" data-longitude=\"\" data-latitude=\"\">\n\t<a href=\"https:\/\/kamerpower.com\/fr\/job\/minfi-recrutement-formation-comptabilite-matieres-cameroun\/\">\n\t\t<img decoding=\"async\" class=\"company_logo\" src=\"https:\/\/kamerpower.com\/wp-content\/uploads\/2026\/04\/Concours-et-Recrutement-MINFI-Cameroun-150x150.jpg\" alt=\"MINFI\" \/>\t\t<div class=\"position\">\n\t\t\t<h3>MINFI Recrutement formation comptabilit\u00e9-mati\u00e8res 2026 \u2013 Cameroun<\/h3>\n\t\t\t<div class=\"company\">\n\t\t\t\t<strong>MINFI<\/strong> \t\t\t\t\t\t\t<\/div>\n\t\t<\/div>\n\t\t<div class=\"location\">\n\t\t\tCameroun\t\t<\/div>\n\t\t<ul class=\"meta\">\n\t\t\t\n\t\t\t\t\t\t\t\t\t\t\t\t\t\t\t\t<li class=\"job-type stage\">Stage<\/li>\n\t\t\t\t\t\t\t\n\t\t\t<li class=\"date\"><time datetime=\"2026-04-17\">Publi\u00e9 il y a 1 semaine<\/time><\/li>\n\n\t\t\t\t\t<\/ul>\n\t<\/a>\n<\/li>\n<\/ul>\n<\/div>\n\n\n\n<div class=\"wp-block-buttons is-content-justification-center is-layout-flex wp-container-core-buttons-is-layout-16018d1d wp-block-buttons-is-layout-flex\">\n<div class=\"wp-block-button\"><a class=\"wp-block-button__link has-vivid-red-background-color has-background wp-element-button\" href=\"https:\/\/kamerpower.com\/fr\/emplois\/\" style=\"border-top-left-radius:4px;border-top-right-radius:4px;border-bottom-left-radius:4px;border-bottom-right-radius:4px\" target=\"_blank\" rel=\"noreferrer noopener\">Plus d&#8217;opportunit\u00e9s d&#8217;emploi<\/a><\/div>\n<\/div>\n\n\n\n<div style=\"height:50px\" aria-hidden=\"true\" class=\"wp-block-spacer\"><\/div>\n\n\n\n<div id=\"wp-block-themeisle-blocks-advanced-columns-e7910acb\" class=\"wp-block-themeisle-blocks-advanced-columns alignfull has-1-columns has-desktop-equal-layout has-tablet-equal-layout has-mobile-equal-layout has-vertical-unset has-dark-bg\"><div class=\"wp-block-themeisle-blocks-advanced-columns-overlay\"><\/div><div class=\"innerblocks-wrap\">\n<div id=\"wp-block-themeisle-blocks-advanced-column-6eb37563\" class=\"wp-block-themeisle-blocks-advanced-column\">\n<div id=\"wp-block-themeisle-blocks-advanced-columns-b74bbe22\" class=\"wp-block-themeisle-blocks-advanced-columns has-1-columns has-desktop-equal-layout has-tablet-equal-layout has-mobile-equal-layout has-vertical-unset\"><div class=\"wp-block-themeisle-blocks-advanced-columns-overlay\"><\/div><div class=\"innerblocks-wrap\">\n<div id=\"wp-block-themeisle-blocks-advanced-column-8d475f2a\" class=\"wp-block-themeisle-blocks-advanced-column\">\n<h2 class=\"wp-block-heading has-text-align-left has-white-color has-text-color\" id=\"h-ressources-pour-vous\">Ressources Pour Vous<\/h2>\n\n\n\n<p class=\"has-nv-text-dark-bg-color has-text-color\">Acc\u00e9der aussi rapidement aux opportunit\u00e9s de votre choix. Comme&nbsp;<a href=\"https:\/\/kamerpower.com\/fr\/o\/stages\/\">stage<\/a>,&nbsp;<a href=\"https:\/\/kamerpower.com\/fr\/o\/emplois\/\">emploi<\/a>, appel a offres,&nbsp;<a href=\"https:\/\/kamerpower.com\/fr\/o\/bourses\/\">bourse d&#8217;edude<\/a>,&nbsp;<a href=\"https:\/\/kamerpower.com\/fr\/concours-lances-au-cameroun-actuellement\/\">les formation et concours en cours<\/a>.<\/p>\n\n\n<div class=\"wp-block-themeisle-blocks-posts-grid\" id=\"wp-block-themeisle-blocks-posts-grid-7d83686f\"><div class=\"is-grid o-posts-grid-columns-4\"><div class=\"o-posts-grid-post-blog o-posts-grid-post-plain\"><div class=\"o-posts-grid-post\"><div class=\"o-posts-grid-post-image\"><a href=\"https:\/\/kamerpower.com\/fr\/2015-2016-calendrier-des-concours-dentree-dans-le-etalblissements-des-universites-detat-du-cameroun-au-titre-de-lannee-academique-2015-2016\/\"><img decoding=\"async\" width=\"1280\" height=\"720\" src=\"https:\/\/kamerpower.com\/wp-content\/uploads\/2024\/01\/Concours-lances-au-Cameroun-actuellement-\u2013-Liste-des-concours-deja-lances.png\" class=\"attachment-full size-full\" alt=\"Concours lanc\u00e9s au Cameroun actuellement ann\u00e9e acad\u00e9mique 2026-2027 \u2013 la Liste des examens\" srcset=\"https:\/\/kamerpower.com\/wp-content\/uploads\/2024\/01\/Concours-lances-au-Cameroun-actuellement-\u2013-Liste-des-concours-deja-lances.png 1280w, https:\/\/kamerpower.com\/wp-content\/uploads\/2024\/01\/Concours-lances-au-Cameroun-actuellement-\u2013-Liste-des-concours-deja-lances-600x338.png 600w, https:\/\/kamerpower.com\/wp-content\/uploads\/2024\/01\/Concours-lances-au-Cameroun-actuellement-\u2013-Liste-des-concours-deja-lances-300x169.png 300w, https:\/\/kamerpower.com\/wp-content\/uploads\/2024\/01\/Concours-lances-au-Cameroun-actuellement-\u2013-Liste-des-concours-deja-lances-768x432.png 768w, https:\/\/kamerpower.com\/wp-content\/uploads\/2024\/01\/Concours-lances-au-Cameroun-actuellement-\u2013-Liste-des-concours-deja-lances-720x405.png 720w, https:\/\/kamerpower.com\/wp-content\/uploads\/2024\/01\/Concours-lances-au-Cameroun-actuellement-\u2013-Liste-des-concours-deja-lances-520x293.png 520w, https:\/\/kamerpower.com\/wp-content\/uploads\/2024\/01\/Concours-lances-au-Cameroun-actuellement-\u2013-Liste-des-concours-deja-lances-320x180.png 320w, https:\/\/kamerpower.com\/wp-content\/uploads\/2024\/01\/Concours-lances-au-Cameroun-actuellement-\u2013-Liste-des-concours-deja-lances-150x84.png 150w, https:\/\/kamerpower.com\/wp-content\/uploads\/2024\/01\/Concours-lances-au-Cameroun-actuellement-\u2013-Liste-des-concours-deja-lances-1200x675.png 1200w\" sizes=\"(max-width: 1280px) 100vw, 1280px\" \/><\/a><\/div><div class=\"o-posts-grid-post-body\"><span class=\"o-posts-grid-post-category\"><a href=\"https:\/\/kamerpower.com\/fr\/category\/concours\/\">Concours lanc\u00e9s<\/a><\/span><h4 class=\"o-posts-grid-post-title\"><a href=\"https:\/\/kamerpower.com\/fr\/2015-2016-calendrier-des-concours-dentree-dans-le-etalblissements-des-universites-detat-du-cameroun-au-titre-de-lannee-academique-2015-2016\/\">Calendrier concours lanc\u00e9s au Cameroun actuellement ann\u00e9e acad\u00e9mique 2026\/2027<\/a><\/h4><p class=\"o-posts-grid-post-meta\">Posted on <time datetime=\"2026-02-17T01:00:00+01:00\">17 f\u00e9vrier 2026<\/time>  \/ 293 comments<\/p><\/div><\/div><\/div><div class=\"o-posts-grid-post-blog o-posts-grid-post-plain\"><div class=\"o-posts-grid-post\"><div class=\"o-posts-grid-post-image\"><a href=\"https:\/\/kamerpower.com\/fr\/concours-ens-et-concours-enset-2021-pdf\/\"><img decoding=\"async\" width=\"1280\" height=\"720\" src=\"https:\/\/kamerpower.com\/wp-content\/uploads\/2015\/06\/MINESUP-Cameroun.jpg\" class=\"attachment-full size-full\" alt=\"concours www.minesup.gov.cm Portail MINESUP 2026-2027\" srcset=\"https:\/\/kamerpower.com\/wp-content\/uploads\/2015\/06\/MINESUP-Cameroun.jpg 1280w, https:\/\/kamerpower.com\/wp-content\/uploads\/2015\/06\/MINESUP-Cameroun-600x338.jpg 600w, https:\/\/kamerpower.com\/wp-content\/uploads\/2015\/06\/MINESUP-Cameroun-300x169.jpg 300w, https:\/\/kamerpower.com\/wp-content\/uploads\/2015\/06\/MINESUP-Cameroun-768x432.jpg 768w, https:\/\/kamerpower.com\/wp-content\/uploads\/2015\/06\/MINESUP-Cameroun-720x405.jpg 720w, https:\/\/kamerpower.com\/wp-content\/uploads\/2015\/06\/MINESUP-Cameroun-520x293.jpg 520w, https:\/\/kamerpower.com\/wp-content\/uploads\/2015\/06\/MINESUP-Cameroun-320x180.jpg 320w, https:\/\/kamerpower.com\/wp-content\/uploads\/2015\/06\/MINESUP-Cameroun-1200x675.jpg 1200w\" sizes=\"(max-width: 1280px) 100vw, 1280px\" \/><\/a><\/div><div class=\"o-posts-grid-post-body\"><span class=\"o-posts-grid-post-category\"><a href=\"https:\/\/kamerpower.com\/fr\/category\/concours\/\">Concours lanc\u00e9s<\/a><\/span><h4 class=\"o-posts-grid-post-title\"><a href=\"https:\/\/kamerpower.com\/fr\/concours-ens-et-concours-enset-2021-pdf\/\">Concours ENS et Concours ENSET 2026 pdf<\/a><\/h4><p class=\"o-posts-grid-post-meta\">Posted on <time datetime=\"2026-01-17T11:04:00+01:00\">17 janvier 2026<\/time>  \/ 3 comments<\/p><\/div><\/div><\/div><div class=\"o-posts-grid-post-blog o-posts-grid-post-plain\"><div class=\"o-posts-grid-post\"><div class=\"o-posts-grid-post-image\"><a href=\"https:\/\/kamerpower.com\/fr\/concours-lances-au-cameroun-en-2021-2022-liste-des-concours-deja-lances\/\"><img decoding=\"async\" width=\"1280\" height=\"720\" src=\"https:\/\/kamerpower.com\/wp-content\/uploads\/2024\/01\/Concours-lances-au-Cameroun-actuellement-\u2013-Liste-des-concours-deja-lances.png\" class=\"attachment-full size-full\" alt=\"Concours lanc\u00e9s au Cameroun actuellement ann\u00e9e acad\u00e9mique 2026-2027 \u2013 la Liste des examens\" srcset=\"https:\/\/kamerpower.com\/wp-content\/uploads\/2024\/01\/Concours-lances-au-Cameroun-actuellement-\u2013-Liste-des-concours-deja-lances.png 1280w, https:\/\/kamerpower.com\/wp-content\/uploads\/2024\/01\/Concours-lances-au-Cameroun-actuellement-\u2013-Liste-des-concours-deja-lances-600x338.png 600w, https:\/\/kamerpower.com\/wp-content\/uploads\/2024\/01\/Concours-lances-au-Cameroun-actuellement-\u2013-Liste-des-concours-deja-lances-300x169.png 300w, https:\/\/kamerpower.com\/wp-content\/uploads\/2024\/01\/Concours-lances-au-Cameroun-actuellement-\u2013-Liste-des-concours-deja-lances-768x432.png 768w, https:\/\/kamerpower.com\/wp-content\/uploads\/2024\/01\/Concours-lances-au-Cameroun-actuellement-\u2013-Liste-des-concours-deja-lances-720x405.png 720w, https:\/\/kamerpower.com\/wp-content\/uploads\/2024\/01\/Concours-lances-au-Cameroun-actuellement-\u2013-Liste-des-concours-deja-lances-520x293.png 520w, https:\/\/kamerpower.com\/wp-content\/uploads\/2024\/01\/Concours-lances-au-Cameroun-actuellement-\u2013-Liste-des-concours-deja-lances-320x180.png 320w, https:\/\/kamerpower.com\/wp-content\/uploads\/2024\/01\/Concours-lances-au-Cameroun-actuellement-\u2013-Liste-des-concours-deja-lances-150x84.png 150w, https:\/\/kamerpower.com\/wp-content\/uploads\/2024\/01\/Concours-lances-au-Cameroun-actuellement-\u2013-Liste-des-concours-deja-lances-1200x675.png 1200w\" sizes=\"(max-width: 1280px) 100vw, 1280px\" \/><\/a><\/div><div class=\"o-posts-grid-post-body\"><span class=\"o-posts-grid-post-category\"><a href=\"https:\/\/kamerpower.com\/fr\/category\/concours\/\">Concours lanc\u00e9s<\/a><\/span><h4 class=\"o-posts-grid-post-title\"><a href=\"https:\/\/kamerpower.com\/fr\/concours-lances-au-cameroun-en-2021-2022-liste-des-concours-deja-lances\/\">Les Concours Lanc\u00e9s au Cameroun actuellement 2026 \/ 2027<\/a><\/h4><p class=\"o-posts-grid-post-meta\">Posted on <time datetime=\"2025-06-10T14:38:00+01:00\">10 juin 2025<\/time>  \/ 33 comments<\/p><\/div><\/div><\/div><div class=\"o-posts-grid-post-blog o-posts-grid-post-plain\"><div class=\"o-posts-grid-post\"><div class=\"o-posts-grid-post-image\"><a href=\"https:\/\/kamerpower.com\/fr\/minfopra-concours-2015-2016-cameroun-recrutement-direct-des-fonctionnaires\/\"><img decoding=\"async\" width=\"1280\" height=\"720\" src=\"https:\/\/kamerpower.com\/wp-content\/uploads\/2015\/03\/minfopra-cameroun.png\" class=\"attachment-full size-full\" alt=\"minfopra cameroun recrutement 2026-2027 www.minfopra.gov.cm\" srcset=\"https:\/\/kamerpower.com\/wp-content\/uploads\/2015\/03\/minfopra-cameroun.png 1280w, https:\/\/kamerpower.com\/wp-content\/uploads\/2015\/03\/minfopra-cameroun-600x338.png 600w, https:\/\/kamerpower.com\/wp-content\/uploads\/2015\/03\/minfopra-cameroun-300x169.png 300w, https:\/\/kamerpower.com\/wp-content\/uploads\/2015\/03\/minfopra-cameroun-768x432.png 768w, https:\/\/kamerpower.com\/wp-content\/uploads\/2015\/03\/minfopra-cameroun-720x405.png 720w, https:\/\/kamerpower.com\/wp-content\/uploads\/2015\/03\/minfopra-cameroun-520x293.png 520w, https:\/\/kamerpower.com\/wp-content\/uploads\/2015\/03\/minfopra-cameroun-320x180.png 320w, https:\/\/kamerpower.com\/wp-content\/uploads\/2015\/03\/minfopra-cameroun-1200x675.png 1200w\" sizes=\"(max-width: 1280px) 100vw, 1280px\" \/><\/a><\/div><div class=\"o-posts-grid-post-body\"><span class=\"o-posts-grid-post-category\"><a href=\"https:\/\/kamerpower.com\/fr\/category\/concours\/\">Concours lanc\u00e9s<\/a><\/span><h4 class=\"o-posts-grid-post-title\"><a href=\"https:\/\/kamerpower.com\/fr\/minfopra-concours-2015-2016-cameroun-recrutement-direct-des-fonctionnaires\/\">MINFOPRA Concours 2026-2027 Cameroun recrutement direct des fonctionnaires fonction publique<\/a><\/h4><p class=\"o-posts-grid-post-meta\">Posted on <time datetime=\"2025-06-08T17:33:00+01:00\">8 juin 2025<\/time>  \/ 208 comments<\/p><\/div><\/div><\/div><div class=\"o-posts-grid-post-blog o-posts-grid-post-plain\"><div class=\"o-posts-grid-post\"><div class=\"o-posts-grid-post-image\"><a href=\"https:\/\/kamerpower.com\/fr\/concours-professionnel-2015-2016-cameroun-minfopra-www-minfopra-gov-cm\/\"><img decoding=\"async\" width=\"1280\" height=\"720\" src=\"https:\/\/kamerpower.com\/wp-content\/uploads\/2015\/03\/minfopra-cameroun.png\" class=\"attachment-full size-full\" alt=\"minfopra cameroun recrutement 2026-2027 www.minfopra.gov.cm\" srcset=\"https:\/\/kamerpower.com\/wp-content\/uploads\/2015\/03\/minfopra-cameroun.png 1280w, https:\/\/kamerpower.com\/wp-content\/uploads\/2015\/03\/minfopra-cameroun-600x338.png 600w, https:\/\/kamerpower.com\/wp-content\/uploads\/2015\/03\/minfopra-cameroun-300x169.png 300w, https:\/\/kamerpower.com\/wp-content\/uploads\/2015\/03\/minfopra-cameroun-768x432.png 768w, https:\/\/kamerpower.com\/wp-content\/uploads\/2015\/03\/minfopra-cameroun-720x405.png 720w, https:\/\/kamerpower.com\/wp-content\/uploads\/2015\/03\/minfopra-cameroun-520x293.png 520w, https:\/\/kamerpower.com\/wp-content\/uploads\/2015\/03\/minfopra-cameroun-320x180.png 320w, https:\/\/kamerpower.com\/wp-content\/uploads\/2015\/03\/minfopra-cameroun-1200x675.png 1200w\" sizes=\"(max-width: 1280px) 100vw, 1280px\" \/><\/a><\/div><div class=\"o-posts-grid-post-body\"><span class=\"o-posts-grid-post-category\"><a href=\"https:\/\/kamerpower.com\/fr\/category\/concours\/\">Concours lanc\u00e9s<\/a><\/span><h4 class=\"o-posts-grid-post-title\"><a href=\"https:\/\/kamerpower.com\/fr\/concours-professionnel-2015-2016-cameroun-minfopra-www-minfopra-gov-cm\/\">Concours Professionnel MINFOPRA 2026-2027 Cameroun<\/a><\/h4><p class=\"o-posts-grid-post-meta\">Posted on <time datetime=\"2024-02-07T18:18:00+01:00\">7 f\u00e9vrier 2024<\/time>  \/ 38 comments<\/p><\/div><\/div><\/div><div class=\"o-posts-grid-post-blog o-posts-grid-post-plain\"><div class=\"o-posts-grid-post\"><div class=\"o-posts-grid-post-image\"><a href=\"https:\/\/kamerpower.com\/fr\/modeles-demande-demploi-lun-des-meilleurs-exemples\/\"><img decoding=\"async\" width=\"1280\" height=\"720\" src=\"https:\/\/kamerpower.com\/wp-content\/uploads\/2019\/08\/Exemple-De-Lettre-De-Demande-D-Emploi-Gratuit-Lettre-de-motivation.jpg\" class=\"attachment-full size-full\" alt=\"Exemple De Lettre De Demande D Emploi Gratuit - Lettre de motivation\" srcset=\"https:\/\/kamerpower.com\/wp-content\/uploads\/2019\/08\/Exemple-De-Lettre-De-Demande-D-Emploi-Gratuit-Lettre-de-motivation.jpg 1280w, https:\/\/kamerpower.com\/wp-content\/uploads\/2019\/08\/Exemple-De-Lettre-De-Demande-D-Emploi-Gratuit-Lettre-de-motivation-600x338.jpg 600w, https:\/\/kamerpower.com\/wp-content\/uploads\/2019\/08\/Exemple-De-Lettre-De-Demande-D-Emploi-Gratuit-Lettre-de-motivation-300x169.jpg 300w, https:\/\/kamerpower.com\/wp-content\/uploads\/2019\/08\/Exemple-De-Lettre-De-Demande-D-Emploi-Gratuit-Lettre-de-motivation-768x432.jpg 768w, https:\/\/kamerpower.com\/wp-content\/uploads\/2019\/08\/Exemple-De-Lettre-De-Demande-D-Emploi-Gratuit-Lettre-de-motivation-720x405.jpg 720w, https:\/\/kamerpower.com\/wp-content\/uploads\/2019\/08\/Exemple-De-Lettre-De-Demande-D-Emploi-Gratuit-Lettre-de-motivation-520x293.jpg 520w, https:\/\/kamerpower.com\/wp-content\/uploads\/2019\/08\/Exemple-De-Lettre-De-Demande-D-Emploi-Gratuit-Lettre-de-motivation-320x180.jpg 320w, https:\/\/kamerpower.com\/wp-content\/uploads\/2019\/08\/Exemple-De-Lettre-De-Demande-D-Emploi-Gratuit-Lettre-de-motivation-1200x675.jpg 1200w\" sizes=\"(max-width: 1280px) 100vw, 1280px\" \/><\/a><\/div><div class=\"o-posts-grid-post-body\"><span class=\"o-posts-grid-post-category\"><a href=\"https:\/\/kamerpower.com\/fr\/category\/concours\/\">Concours lanc\u00e9s<\/a><\/span><h4 class=\"o-posts-grid-post-title\"><a href=\"https:\/\/kamerpower.com\/fr\/modeles-demande-demploi-lun-des-meilleurs-exemples\/\">Mod\u00e8les Demande d\u2019emploi : l\u2019un des meilleurs exemples<\/a><\/h4><p class=\"o-posts-grid-post-meta\">Posted on <time datetime=\"2023-08-14T05:18:00+01:00\">14 ao\u00fbt 2023<\/time>  \/ 108 comments<\/p><\/div><\/div><\/div><div class=\"o-posts-grid-post-blog o-posts-grid-post-plain\"><div class=\"o-posts-grid-post\"><div class=\"o-posts-grid-post-image\"><a href=\"https:\/\/kamerpower.com\/fr\/concours-esstic-universite-de-yaounde-ii-2015-2016-soa\/\"><img decoding=\"async\" width=\"1280\" height=\"720\" src=\"https:\/\/kamerpower.com\/wp-content\/uploads\/2015\/07\/ESSTIC-Yaounde-Cameroun.gif\" class=\"attachment-full size-full\" alt=\"ESSTIC Yaounde II Cameroun\" \/><\/a><\/div><div class=\"o-posts-grid-post-body\"><span class=\"o-posts-grid-post-category\"><a href=\"https:\/\/kamerpower.com\/fr\/category\/concours\/\">Concours lanc\u00e9s<\/a><\/span><h4 class=\"o-posts-grid-post-title\"><a href=\"https:\/\/kamerpower.com\/fr\/concours-esstic-universite-de-yaounde-ii-2015-2016-soa\/\">Concours ESSTIC 2026-2027 Universit\u00e9 de Yaound\u00e9 II niveau 1<\/a><\/h4><p class=\"o-posts-grid-post-meta\">Posted on <time datetime=\"2026-04-21T14:54:00+01:00\">21 avril 2026<\/time>  \/ 36 comments<\/p><\/div><\/div><\/div><div class=\"o-posts-grid-post-blog o-posts-grid-post-plain\"><div class=\"o-posts-grid-post\"><div class=\"o-posts-grid-post-image\"><a href=\"https:\/\/kamerpower.com\/fr\/concours-esmv-de-luniversite-de-ngaoundere-2015-2016-ouverture-dun-concours-dentree-en-premiere-annee\/\"><img decoding=\"async\" width=\"1280\" height=\"720\" src=\"https:\/\/kamerpower.com\/wp-content\/uploads\/2015\/01\/UNgan-90x90.jpg\" class=\"attachment-full size-full\" alt=\"EGEM RESULTS Universit\u00e9 de ngaound\u00e9r\u00e9 facult\u00e9 des sciences\" srcset=\"https:\/\/kamerpower.com\/wp-content\/uploads\/2015\/01\/UNgan-90x90.jpg 1280w, https:\/\/kamerpower.com\/wp-content\/uploads\/2015\/01\/UNgan-90x90-600x338.jpg 600w, https:\/\/kamerpower.com\/wp-content\/uploads\/2015\/01\/UNgan-90x90-300x169.jpg 300w, https:\/\/kamerpower.com\/wp-content\/uploads\/2015\/01\/UNgan-90x90-1024x576.jpg 1024w, https:\/\/kamerpower.com\/wp-content\/uploads\/2015\/01\/UNgan-90x90-768x432.jpg 768w, https:\/\/kamerpower.com\/wp-content\/uploads\/2015\/01\/UNgan-90x90-520x293.jpg 520w, https:\/\/kamerpower.com\/wp-content\/uploads\/2015\/01\/UNgan-90x90-1200x675.jpg 1200w\" sizes=\"(max-width: 1280px) 100vw, 1280px\" \/><\/a><\/div><div class=\"o-posts-grid-post-body\"><span class=\"o-posts-grid-post-category\"><a href=\"https:\/\/kamerpower.com\/fr\/category\/concours\/\">Concours lanc\u00e9s<\/a><\/span><h4 class=\"o-posts-grid-post-title\"><a href=\"https:\/\/kamerpower.com\/fr\/concours-esmv-de-luniversite-de-ngaoundere-2015-2016-ouverture-dun-concours-dentree-en-premiere-annee\/\">Concours ESMV de l&#8217;Universit\u00e9 de Ngaound\u00e9r\u00e9 2026-2027: 1\u00e8re ann\u00e9e fili\u00e8re des Docteurs v\u00e9t\u00e9rinaires.<\/a><\/h4><p class=\"o-posts-grid-post-meta\">Posted on <time datetime=\"2026-04-20T19:09:00+01:00\">20 avril 2026<\/time>  \/ 16 comments<\/p><\/div><\/div><\/div><div class=\"o-posts-grid-post-blog o-posts-grid-post-plain\"><div class=\"o-posts-grid-post\"><div class=\"o-posts-grid-post-image\"><a href=\"https:\/\/kamerpower.com\/fr\/asti-universite-de-buea-concours-2015-recrutement-de-70-eleves-en-premiere-annee-du-master\/\"><img decoding=\"async\" width=\"2560\" height=\"1440\" src=\"https:\/\/kamerpower.com\/wp-content\/uploads\/2014\/12\/Ubi-150x150.png\" class=\"attachment-full size-full\" alt=\"University of Buea - Universit\u00e9 de Buea\" srcset=\"https:\/\/kamerpower.com\/wp-content\/uploads\/2014\/12\/Ubi-150x150.png 2560w, https:\/\/kamerpower.com\/wp-content\/uploads\/2014\/12\/Ubi-150x150-600x338.png 600w, https:\/\/kamerpower.com\/wp-content\/uploads\/2014\/12\/Ubi-150x150-300x169.png 300w, https:\/\/kamerpower.com\/wp-content\/uploads\/2014\/12\/Ubi-150x150-1920x1080.png 1920w, https:\/\/kamerpower.com\/wp-content\/uploads\/2014\/12\/Ubi-150x150-768x432.png 768w, https:\/\/kamerpower.com\/wp-content\/uploads\/2014\/12\/Ubi-150x150-1536x864.png 1536w, https:\/\/kamerpower.com\/wp-content\/uploads\/2014\/12\/Ubi-150x150-2048x1152.png 2048w, https:\/\/kamerpower.com\/wp-content\/uploads\/2014\/12\/Ubi-150x150-720x405.png 720w, https:\/\/kamerpower.com\/wp-content\/uploads\/2014\/12\/Ubi-150x150-520x293.png 520w, https:\/\/kamerpower.com\/wp-content\/uploads\/2014\/12\/Ubi-150x150-320x180.png 320w, https:\/\/kamerpower.com\/wp-content\/uploads\/2014\/12\/Ubi-150x150-150x84.png 150w, https:\/\/kamerpower.com\/wp-content\/uploads\/2014\/12\/Ubi-150x150-1200x675.png 1200w\" sizes=\"(max-width: 2560px) 100vw, 2560px\" \/><\/a><\/div><div class=\"o-posts-grid-post-body\"><span class=\"o-posts-grid-post-category\"><a href=\"https:\/\/kamerpower.com\/fr\/category\/concours\/\">Concours lanc\u00e9s<\/a><\/span><h4 class=\"o-posts-grid-post-title\"><a href=\"https:\/\/kamerpower.com\/fr\/asti-universite-de-buea-concours-2015-recrutement-de-70-eleves-en-premiere-annee-du-master\/\">ASTI Universit\u00e9 de Buea Concours 2026-2027 Division I: recrutement de 120 \u00e9l\u00e8ves en premi\u00e8re ann\u00e9e du Master of Arts en Traduction<\/a><\/h4><p class=\"o-posts-grid-post-meta\">Posted on <time datetime=\"2026-04-16T21:33:00+01:00\">16 avril 2026<\/time>  \/ 8 comments<\/p><\/div><\/div><\/div><div class=\"o-posts-grid-post-blog o-posts-grid-post-plain\"><div class=\"o-posts-grid-post\"><div class=\"o-posts-grid-post-image\"><a href=\"https:\/\/kamerpower.com\/fr\/asti-division-ii-concours-2015-2016-universite-de-buea-premiere-annee-du-master\/\"><img decoding=\"async\" width=\"1280\" height=\"720\" src=\"https:\/\/kamerpower.com\/wp-content\/uploads\/2015\/04\/4768_University-of-Buea.png\" class=\"attachment-full size-full\" alt=\"University of Buea Tuition fees &amp; Admission\" srcset=\"https:\/\/kamerpower.com\/wp-content\/uploads\/2015\/04\/4768_University-of-Buea.png 1280w, https:\/\/kamerpower.com\/wp-content\/uploads\/2015\/04\/4768_University-of-Buea-600x338.png 600w, https:\/\/kamerpower.com\/wp-content\/uploads\/2015\/04\/4768_University-of-Buea-300x169.png 300w, https:\/\/kamerpower.com\/wp-content\/uploads\/2015\/04\/4768_University-of-Buea-768x432.png 768w, https:\/\/kamerpower.com\/wp-content\/uploads\/2015\/04\/4768_University-of-Buea-150x84.png 150w\" sizes=\"(max-width: 1280px) 100vw, 1280px\" \/><\/a><\/div><div class=\"o-posts-grid-post-body\"><span class=\"o-posts-grid-post-category\"><a href=\"https:\/\/kamerpower.com\/fr\/category\/concours\/\">Concours lanc\u00e9s<\/a><\/span><h4 class=\"o-posts-grid-post-title\"><a href=\"https:\/\/kamerpower.com\/fr\/asti-division-ii-concours-2015-2016-universite-de-buea-premiere-annee-du-master\/\">Concours ASTI Buea 2026-2027  Division II Universit\u00e9 de Buea 1\u00e8re ann\u00e9e du Master<\/a><\/h4><p class=\"o-posts-grid-post-meta\">Posted on <time datetime=\"2026-04-16T18:34:00+01:00\">16 avril 2026<\/time> <\/p><\/div><\/div><\/div><div class=\"o-posts-grid-post-blog o-posts-grid-post-plain\"><div class=\"o-posts-grid-post\"><div class=\"o-posts-grid-post-image\"><a href=\"https:\/\/kamerpower.com\/fr\/concours-enieg-2018-2019-cameroun-recrutement12720-eleves-maitres\/\"><img decoding=\"async\" width=\"1280\" height=\"720\" src=\"https:\/\/kamerpower.com\/wp-content\/uploads\/2020\/01\/Concours-ENIEG-Ecole-Normale-dInstituteurs-de-lEnseignement-General-Cameroun.png\" class=\"attachment-full size-full\" alt=\"Concours ENIEG 2026-2027 E\u0301cole Normale d&#039;Instituteurs de l&#039;Enseignement Ge\u0301ne\u0301ral Cameroun\" srcset=\"https:\/\/kamerpower.com\/wp-content\/uploads\/2020\/01\/Concours-ENIEG-Ecole-Normale-dInstituteurs-de-lEnseignement-General-Cameroun.png 1280w, https:\/\/kamerpower.com\/wp-content\/uploads\/2020\/01\/Concours-ENIEG-Ecole-Normale-dInstituteurs-de-lEnseignement-General-Cameroun-600x338.png 600w, https:\/\/kamerpower.com\/wp-content\/uploads\/2020\/01\/Concours-ENIEG-Ecole-Normale-dInstituteurs-de-lEnseignement-General-Cameroun-300x169.png 300w, https:\/\/kamerpower.com\/wp-content\/uploads\/2020\/01\/Concours-ENIEG-Ecole-Normale-dInstituteurs-de-lEnseignement-General-Cameroun-768x432.png 768w, https:\/\/kamerpower.com\/wp-content\/uploads\/2020\/01\/Concours-ENIEG-Ecole-Normale-dInstituteurs-de-lEnseignement-General-Cameroun-720x405.png 720w, https:\/\/kamerpower.com\/wp-content\/uploads\/2020\/01\/Concours-ENIEG-Ecole-Normale-dInstituteurs-de-lEnseignement-General-Cameroun-520x293.png 520w, https:\/\/kamerpower.com\/wp-content\/uploads\/2020\/01\/Concours-ENIEG-Ecole-Normale-dInstituteurs-de-lEnseignement-General-Cameroun-320x180.png 320w, https:\/\/kamerpower.com\/wp-content\/uploads\/2020\/01\/Concours-ENIEG-Ecole-Normale-dInstituteurs-de-lEnseignement-General-Cameroun-150x84.png 150w, https:\/\/kamerpower.com\/wp-content\/uploads\/2020\/01\/Concours-ENIEG-Ecole-Normale-dInstituteurs-de-lEnseignement-General-Cameroun-1200x675.png 1200w\" sizes=\"(max-width: 1280px) 100vw, 1280px\" \/><\/a><\/div><div class=\"o-posts-grid-post-body\"><span class=\"o-posts-grid-post-category\"><a href=\"https:\/\/kamerpower.com\/fr\/category\/concours\/\">Concours lanc\u00e9s<\/a><\/span><h4 class=\"o-posts-grid-post-title\"><a href=\"https:\/\/kamerpower.com\/fr\/concours-enieg-2018-2019-cameroun-recrutement12720-eleves-maitres\/\">Concours ENIEG 2026-2027 Cameroun recrutement 10080 \u00e9l\u00e8ves-ma\u00eetres<\/a><\/h4><p class=\"o-posts-grid-post-meta\">Posted on <time datetime=\"2026-03-26T07:23:00+01:00\">26 mars 2026<\/time>  \/ 45 comments<\/p><\/div><\/div><\/div><div class=\"o-posts-grid-post-blog o-posts-grid-post-plain\"><div class=\"o-posts-grid-post\"><div class=\"o-posts-grid-post-image\"><a href=\"https:\/\/kamerpower.com\/fr\/concours-eniet-2018-2019-cameroun-recrutement-de-4320-eleves\/\"><img decoding=\"async\" width=\"1280\" height=\"720\" src=\"https:\/\/kamerpower.com\/wp-content\/uploads\/2021\/02\/Concours-ENIET-Cameroun-Ecoles-Normales-dInstituteurs-de-lEnseignement-Technique.png\" class=\"attachment-full size-full\" alt=\"Concours ENIET Cameroun 2026-2027 - E\u0301coles Normales d\u2019Instituteurs de l\u2019Enseignement Technique\" srcset=\"https:\/\/kamerpower.com\/wp-content\/uploads\/2021\/02\/Concours-ENIET-Cameroun-Ecoles-Normales-dInstituteurs-de-lEnseignement-Technique.png 1280w, https:\/\/kamerpower.com\/wp-content\/uploads\/2021\/02\/Concours-ENIET-Cameroun-Ecoles-Normales-dInstituteurs-de-lEnseignement-Technique-600x338.png 600w, https:\/\/kamerpower.com\/wp-content\/uploads\/2021\/02\/Concours-ENIET-Cameroun-Ecoles-Normales-dInstituteurs-de-lEnseignement-Technique-300x169.png 300w, https:\/\/kamerpower.com\/wp-content\/uploads\/2021\/02\/Concours-ENIET-Cameroun-Ecoles-Normales-dInstituteurs-de-lEnseignement-Technique-768x432.png 768w, https:\/\/kamerpower.com\/wp-content\/uploads\/2021\/02\/Concours-ENIET-Cameroun-Ecoles-Normales-dInstituteurs-de-lEnseignement-Technique-720x405.png 720w, https:\/\/kamerpower.com\/wp-content\/uploads\/2021\/02\/Concours-ENIET-Cameroun-Ecoles-Normales-dInstituteurs-de-lEnseignement-Technique-520x293.png 520w, https:\/\/kamerpower.com\/wp-content\/uploads\/2021\/02\/Concours-ENIET-Cameroun-Ecoles-Normales-dInstituteurs-de-lEnseignement-Technique-320x180.png 320w, https:\/\/kamerpower.com\/wp-content\/uploads\/2021\/02\/Concours-ENIET-Cameroun-Ecoles-Normales-dInstituteurs-de-lEnseignement-Technique-150x84.png 150w, https:\/\/kamerpower.com\/wp-content\/uploads\/2021\/02\/Concours-ENIET-Cameroun-Ecoles-Normales-dInstituteurs-de-lEnseignement-Technique-1200x675.png 1200w\" sizes=\"(max-width: 1280px) 100vw, 1280px\" \/><\/a><\/div><div class=\"o-posts-grid-post-body\"><span class=\"o-posts-grid-post-category\"><a href=\"https:\/\/kamerpower.com\/fr\/category\/concours\/\">Concours lanc\u00e9s<\/a><\/span><h4 class=\"o-posts-grid-post-title\"><a href=\"https:\/\/kamerpower.com\/fr\/concours-eniet-2018-2019-cameroun-recrutement-de-4320-eleves\/\">Concours ENIET 2026-2027 Cameroun: Recrutement de 3900 \u00c9l\u00e8ves<\/a><\/h4><p class=\"o-posts-grid-post-meta\">Posted on <time datetime=\"2026-03-26T06:38:00+01:00\">26 mars 2026<\/time>  \/ 19 comments<\/p><\/div><\/div><\/div><div class=\"o-posts-grid-post-blog o-posts-grid-post-plain\"><div class=\"o-posts-grid-post\"><div class=\"o-posts-grid-post-image\"><a href=\"https:\/\/kamerpower.com\/fr\/inscription-camrail-lancement-recrutement-aide-conducteurs-et-agents-manoeuvres\/\"><img decoding=\"async\" width=\"2560\" height=\"1440\" src=\"https:\/\/kamerpower.com\/wp-content\/uploads\/2016\/01\/CAMRAIL-recrutement-2016-2017-Conducteurs-de-train-Cameroun.jpg\" class=\"attachment-full size-full\" alt=\"CAMRAIL recrutement 2026-2027 Conducteurs de train Cameroun\" srcset=\"https:\/\/kamerpower.com\/wp-content\/uploads\/2016\/01\/CAMRAIL-recrutement-2016-2017-Conducteurs-de-train-Cameroun.jpg 2560w, https:\/\/kamerpower.com\/wp-content\/uploads\/2016\/01\/CAMRAIL-recrutement-2016-2017-Conducteurs-de-train-Cameroun-600x338.jpg 600w, https:\/\/kamerpower.com\/wp-content\/uploads\/2016\/01\/CAMRAIL-recrutement-2016-2017-Conducteurs-de-train-Cameroun-300x169.jpg 300w, https:\/\/kamerpower.com\/wp-content\/uploads\/2016\/01\/CAMRAIL-recrutement-2016-2017-Conducteurs-de-train-Cameroun-1920x1080.jpg 1920w, https:\/\/kamerpower.com\/wp-content\/uploads\/2016\/01\/CAMRAIL-recrutement-2016-2017-Conducteurs-de-train-Cameroun-768x432.jpg 768w, https:\/\/kamerpower.com\/wp-content\/uploads\/2016\/01\/CAMRAIL-recrutement-2016-2017-Conducteurs-de-train-Cameroun-1536x864.jpg 1536w, https:\/\/kamerpower.com\/wp-content\/uploads\/2016\/01\/CAMRAIL-recrutement-2016-2017-Conducteurs-de-train-Cameroun-2048x1152.jpg 2048w, https:\/\/kamerpower.com\/wp-content\/uploads\/2016\/01\/CAMRAIL-recrutement-2016-2017-Conducteurs-de-train-Cameroun-720x405.jpg 720w, https:\/\/kamerpower.com\/wp-content\/uploads\/2016\/01\/CAMRAIL-recrutement-2016-2017-Conducteurs-de-train-Cameroun-520x293.jpg 520w, https:\/\/kamerpower.com\/wp-content\/uploads\/2016\/01\/CAMRAIL-recrutement-2016-2017-Conducteurs-de-train-Cameroun-320x180.jpg 320w, https:\/\/kamerpower.com\/wp-content\/uploads\/2016\/01\/CAMRAIL-recrutement-2016-2017-Conducteurs-de-train-Cameroun-150x84.jpg 150w, https:\/\/kamerpower.com\/wp-content\/uploads\/2016\/01\/CAMRAIL-recrutement-2016-2017-Conducteurs-de-train-Cameroun-1200x675.jpg 1200w\" sizes=\"(max-width: 2560px) 100vw, 2560px\" \/><\/a><\/div><div class=\"o-posts-grid-post-body\"><span class=\"o-posts-grid-post-category\"><a href=\"https:\/\/kamerpower.com\/fr\/category\/concours\/\">Concours lanc\u00e9s<\/a><\/span><h4 class=\"o-posts-grid-post-title\"><a href=\"https:\/\/kamerpower.com\/fr\/inscription-camrail-lancement-recrutement-aide-conducteurs-et-agents-manoeuvres\/\">Inscription CAMRAIL et IMEFAC lancement concours pour le recrutement 40 aide-Conducteurs et 40 Agents man\u0153uvres<\/a><\/h4><p class=\"o-posts-grid-post-meta\">Posted on <time datetime=\"2026-03-18T19:53:37+01:00\">18 mars 2026<\/time> <\/p><\/div><\/div><\/div><div class=\"o-posts-grid-post-blog o-posts-grid-post-plain\"><div class=\"o-posts-grid-post\"><div class=\"o-posts-grid-post-image\"><a href=\"https:\/\/kamerpower.com\/fr\/concours-camrail-2019-2020-recrutement-20-agents-de-manoeuvres-et-20-aide-conducteurs\/\"><img decoding=\"async\" width=\"2560\" height=\"1440\" src=\"https:\/\/kamerpower.com\/wp-content\/uploads\/2019\/09\/Concours-Camrail-Recrutement-2019-2020-Cameroun-de-20-agents-de-man\u0153uvres-et-20-aide-conducteurs.png\" class=\"attachment-full size-full\" alt=\"Concours Camrail Recrutement 2026-2027 Cameroun de 20 agents de man\u0153uvres et 20 aide conducteurs\" srcset=\"https:\/\/kamerpower.com\/wp-content\/uploads\/2019\/09\/Concours-Camrail-Recrutement-2019-2020-Cameroun-de-20-agents-de-man\u0153uvres-et-20-aide-conducteurs.png 2560w, https:\/\/kamerpower.com\/wp-content\/uploads\/2019\/09\/Concours-Camrail-Recrutement-2019-2020-Cameroun-de-20-agents-de-man\u0153uvres-et-20-aide-conducteurs-600x338.png 600w, https:\/\/kamerpower.com\/wp-content\/uploads\/2019\/09\/Concours-Camrail-Recrutement-2019-2020-Cameroun-de-20-agents-de-man\u0153uvres-et-20-aide-conducteurs-300x169.png 300w, https:\/\/kamerpower.com\/wp-content\/uploads\/2019\/09\/Concours-Camrail-Recrutement-2019-2020-Cameroun-de-20-agents-de-man\u0153uvres-et-20-aide-conducteurs-1920x1080.png 1920w, https:\/\/kamerpower.com\/wp-content\/uploads\/2019\/09\/Concours-Camrail-Recrutement-2019-2020-Cameroun-de-20-agents-de-man\u0153uvres-et-20-aide-conducteurs-768x432.png 768w, https:\/\/kamerpower.com\/wp-content\/uploads\/2019\/09\/Concours-Camrail-Recrutement-2019-2020-Cameroun-de-20-agents-de-man\u0153uvres-et-20-aide-conducteurs-1536x864.png 1536w, https:\/\/kamerpower.com\/wp-content\/uploads\/2019\/09\/Concours-Camrail-Recrutement-2019-2020-Cameroun-de-20-agents-de-man\u0153uvres-et-20-aide-conducteurs-2048x1152.png 2048w, https:\/\/kamerpower.com\/wp-content\/uploads\/2019\/09\/Concours-Camrail-Recrutement-2019-2020-Cameroun-de-20-agents-de-man\u0153uvres-et-20-aide-conducteurs-720x405.png 720w, https:\/\/kamerpower.com\/wp-content\/uploads\/2019\/09\/Concours-Camrail-Recrutement-2019-2020-Cameroun-de-20-agents-de-man\u0153uvres-et-20-aide-conducteurs-520x293.png 520w, https:\/\/kamerpower.com\/wp-content\/uploads\/2019\/09\/Concours-Camrail-Recrutement-2019-2020-Cameroun-de-20-agents-de-man\u0153uvres-et-20-aide-conducteurs-320x180.png 320w, https:\/\/kamerpower.com\/wp-content\/uploads\/2019\/09\/Concours-Camrail-Recrutement-2019-2020-Cameroun-de-20-agents-de-man\u0153uvres-et-20-aide-conducteurs-150x84.png 150w, https:\/\/kamerpower.com\/wp-content\/uploads\/2019\/09\/Concours-Camrail-Recrutement-2019-2020-Cameroun-de-20-agents-de-man\u0153uvres-et-20-aide-conducteurs-1200x675.png 1200w\" sizes=\"(max-width: 2560px) 100vw, 2560px\" \/><\/a><\/div><div class=\"o-posts-grid-post-body\"><span class=\"o-posts-grid-post-category\"><a href=\"https:\/\/kamerpower.com\/fr\/category\/concours\/\">Concours lanc\u00e9s<\/a><\/span><h4 class=\"o-posts-grid-post-title\"><a href=\"https:\/\/kamerpower.com\/fr\/concours-camrail-2019-2020-recrutement-20-agents-de-manoeuvres-et-20-aide-conducteurs\/\">Concours CAMRAIL 2026-2027 : Recrutement 40 agents de man\u0153uvres et 40 aide conducteurs<\/a><\/h4><p class=\"o-posts-grid-post-meta\">Posted on <time datetime=\"2026-03-16T10:04:00+01:00\">16 mars 2026<\/time>  \/ 54 comments<\/p><\/div><\/div><\/div><div class=\"o-posts-grid-post-blog o-posts-grid-post-plain\"><div class=\"o-posts-grid-post\"><div class=\"o-posts-grid-post-image\"><a href=\"https:\/\/kamerpower.com\/fr\/concours-eamau-eamau-lome-togo-cameroun\/\"><img decoding=\"async\" width=\"1280\" height=\"720\" src=\"https:\/\/kamerpower.com\/wp-content\/uploads\/2025\/01\/Concours-EAMAU-Inscription-et-resultats-Ecole-Africaine-des-Metiers-de-lArchitecture-et-de-lUrbanisme.jpg\" class=\"attachment-full size-full\" alt=\"Concours EAMAU 2026-2027 Inscription et resultats - Ecole Africaine des M\u00e9tiers de l\u2019Architecture et de l\u2019Urbanisme\" srcset=\"https:\/\/kamerpower.com\/wp-content\/uploads\/2025\/01\/Concours-EAMAU-Inscription-et-resultats-Ecole-Africaine-des-Metiers-de-lArchitecture-et-de-lUrbanisme.jpg 1280w, https:\/\/kamerpower.com\/wp-content\/uploads\/2025\/01\/Concours-EAMAU-Inscription-et-resultats-Ecole-Africaine-des-Metiers-de-lArchitecture-et-de-lUrbanisme-600x338.jpg 600w\" sizes=\"(max-width: 1280px) 100vw, 1280px\" \/><\/a><\/div><div class=\"o-posts-grid-post-body\"><span class=\"o-posts-grid-post-category\"><a href=\"https:\/\/kamerpower.com\/fr\/category\/concours\/\">Concours lanc\u00e9s<\/a><\/span><h4 class=\"o-posts-grid-post-title\"><a href=\"https:\/\/kamerpower.com\/fr\/concours-eamau-eamau-lome-togo-cameroun\/\">Concours EAMAU 2026-2027: EAMAU Lom\u00e9 Togo, Cameroun Epreuves<\/a><\/h4><p class=\"o-posts-grid-post-meta\">Posted on <time datetime=\"2026-03-10T23:58:00+01:00\">10 mars 2026<\/time>  \/ 84 comments<\/p><\/div><\/div><\/div><div class=\"o-posts-grid-post-blog o-posts-grid-post-plain\"><div class=\"o-posts-grid-post\"><div class=\"o-posts-grid-post-image\"><a href=\"https:\/\/kamerpower.com\/fr\/concours-asecna-2016-2017-eamac\/\"><img decoding=\"async\" width=\"1280\" height=\"720\" src=\"https:\/\/kamerpower.com\/wp-content\/uploads\/2015\/04\/EAMAC.jpg\" class=\"attachment-full size-full\" alt=\"Concours EAMAC - www.eamac.ne Ecole Africaine de la M\u00e9t\u00e9orologie et de l\u2019Aviation Civile\" srcset=\"https:\/\/kamerpower.com\/wp-content\/uploads\/2015\/04\/EAMAC.jpg 1280w, https:\/\/kamerpower.com\/wp-content\/uploads\/2015\/04\/EAMAC-600x338.jpg 600w, https:\/\/kamerpower.com\/wp-content\/uploads\/2015\/04\/EAMAC-300x169.jpg 300w, https:\/\/kamerpower.com\/wp-content\/uploads\/2015\/04\/EAMAC-768x432.jpg 768w, https:\/\/kamerpower.com\/wp-content\/uploads\/2015\/04\/EAMAC-720x405.jpg 720w, https:\/\/kamerpower.com\/wp-content\/uploads\/2015\/04\/EAMAC-520x293.jpg 520w, https:\/\/kamerpower.com\/wp-content\/uploads\/2015\/04\/EAMAC-320x180.jpg 320w, https:\/\/kamerpower.com\/wp-content\/uploads\/2015\/04\/EAMAC-150x84.jpg 150w, https:\/\/kamerpower.com\/wp-content\/uploads\/2015\/04\/EAMAC-1200x675.jpg 1200w\" sizes=\"(max-width: 1280px) 100vw, 1280px\" \/><\/a><\/div><div class=\"o-posts-grid-post-body\"><span class=\"o-posts-grid-post-category\"><a href=\"https:\/\/kamerpower.com\/fr\/category\/concours\/\">Concours lanc\u00e9s<\/a><\/span><h4 class=\"o-posts-grid-post-title\"><a href=\"https:\/\/kamerpower.com\/fr\/concours-asecna-2016-2017-eamac\/\">Concours ASECNA 2026-2027 EAMAC<\/a><\/h4><p class=\"o-posts-grid-post-meta\">Posted on <time datetime=\"2026-03-03T18:46:00+01:00\">3 mars 2026<\/time>  \/ 218 comments<\/p><\/div><\/div><\/div><div class=\"o-posts-grid-post-blog o-posts-grid-post-plain\"><div class=\"o-posts-grid-post\"><div class=\"o-posts-grid-post-image\"><a href=\"https:\/\/kamerpower.com\/fr\/concours-dentree-a-eamac-cycle-exploitation-en-aeronautique-civile-2021-2022\/\"><img decoding=\"async\" width=\"1280\" height=\"720\" src=\"https:\/\/kamerpower.com\/wp-content\/uploads\/2019\/02\/Inscription-Concours-dentr\u00e9e-\u00e0-leamac-2020-2021.png\" class=\"attachment-full size-full\" alt=\"Inscription Concours d&#039;entr\u00e9e \u00e0 l&#039;eamac 2026-2027\" srcset=\"https:\/\/kamerpower.com\/wp-content\/uploads\/2019\/02\/Inscription-Concours-dentr\u00e9e-\u00e0-leamac-2020-2021.png 1280w, https:\/\/kamerpower.com\/wp-content\/uploads\/2019\/02\/Inscription-Concours-dentr\u00e9e-\u00e0-leamac-2020-2021-600x338.png 600w, https:\/\/kamerpower.com\/wp-content\/uploads\/2019\/02\/Inscription-Concours-dentr\u00e9e-\u00e0-leamac-2020-2021-300x169.png 300w, https:\/\/kamerpower.com\/wp-content\/uploads\/2019\/02\/Inscription-Concours-dentr\u00e9e-\u00e0-leamac-2020-2021-768x432.png 768w, https:\/\/kamerpower.com\/wp-content\/uploads\/2019\/02\/Inscription-Concours-dentr\u00e9e-\u00e0-leamac-2020-2021-150x84.png 150w\" sizes=\"(max-width: 1280px) 100vw, 1280px\" \/><\/a><\/div><div class=\"o-posts-grid-post-body\"><span class=\"o-posts-grid-post-category\"><a href=\"https:\/\/kamerpower.com\/fr\/category\/concours\/\">Concours lanc\u00e9s<\/a><\/span><h4 class=\"o-posts-grid-post-title\"><a href=\"https:\/\/kamerpower.com\/fr\/concours-dentree-a-eamac-cycle-exploitation-en-aeronautique-civile-2021-2022\/\">Concours d&#8217;entree a EAMAC Cycle Exploitation en A\u00e9ronautique Civile  2026\/2027<\/a><\/h4><p class=\"o-posts-grid-post-meta\">Posted on <time datetime=\"2026-03-01T13:26:00+01:00\">1 mars 2026<\/time>  \/ 27 comments<\/p><\/div><\/div><\/div><div class=\"o-posts-grid-post-blog o-posts-grid-post-plain\"><div class=\"o-posts-grid-post\"><div class=\"o-posts-grid-post-image\"><a href=\"https:\/\/kamerpower.com\/fr\/concours-essal-cameroun-ecole-service-de-sante-des-armees-lome-togo\/\"><img decoding=\"async\" width=\"1280\" height=\"720\" src=\"https:\/\/kamerpower.com\/wp-content\/uploads\/2016\/05\/concour-essal-Togo-2017-2018-universit\u00e9-de-lom\u00e9-facult\u00e9-de-m\u00e9decine.jpg\" class=\"attachment-full size-full\" alt=\"Concour essal Togo 2026-2027 universit\u00e9 de lom\u00e9 facult\u00e9 de m\u00e9decine\" srcset=\"https:\/\/kamerpower.com\/wp-content\/uploads\/2016\/05\/concour-essal-Togo-2017-2018-universit\u00e9-de-lom\u00e9-facult\u00e9-de-m\u00e9decine.jpg 1280w, https:\/\/kamerpower.com\/wp-content\/uploads\/2016\/05\/concour-essal-Togo-2017-2018-universit\u00e9-de-lom\u00e9-facult\u00e9-de-m\u00e9decine-600x338.jpg 600w, https:\/\/kamerpower.com\/wp-content\/uploads\/2016\/05\/concour-essal-Togo-2017-2018-universit\u00e9-de-lom\u00e9-facult\u00e9-de-m\u00e9decine-300x169.jpg 300w, https:\/\/kamerpower.com\/wp-content\/uploads\/2016\/05\/concour-essal-Togo-2017-2018-universit\u00e9-de-lom\u00e9-facult\u00e9-de-m\u00e9decine-768x432.jpg 768w, https:\/\/kamerpower.com\/wp-content\/uploads\/2016\/05\/concour-essal-Togo-2017-2018-universit\u00e9-de-lom\u00e9-facult\u00e9-de-m\u00e9decine-150x84.jpg 150w\" sizes=\"(max-width: 1280px) 100vw, 1280px\" \/><\/a><\/div><div class=\"o-posts-grid-post-body\"><span class=\"o-posts-grid-post-category\"><a href=\"https:\/\/kamerpower.com\/fr\/category\/concours\/\">Concours lanc\u00e9s<\/a><\/span><h4 class=\"o-posts-grid-post-title\"><a href=\"https:\/\/kamerpower.com\/fr\/concours-essal-cameroun-ecole-service-de-sante-des-armees-lome-togo\/\">Concours ESSAL Cameroun 2026-2027: \u00c9cole service de sant\u00e9 des arm\u00e9es Lom\u00e9 Togo<\/a><\/h4><p class=\"o-posts-grid-post-meta\">Posted on <time datetime=\"2026-01-29T22:20:00+01:00\">29 janvier 2026<\/time>  \/ 6 comments<\/p><\/div><\/div><\/div><div class=\"o-posts-grid-post-blog o-posts-grid-post-plain\"><div class=\"o-posts-grid-post\"><div class=\"o-posts-grid-post-image\"><a href=\"https:\/\/kamerpower.com\/fr\/ouverture-concours-en-1ere-annee-cycle-2-ens-buea\/\"><img decoding=\"async\" width=\"2560\" height=\"1440\" src=\"https:\/\/kamerpower.com\/wp-content\/uploads\/2014\/12\/Ubi-150x150.png\" class=\"attachment-full size-full\" alt=\"University of Buea - Universit\u00e9 de Buea\" srcset=\"https:\/\/kamerpower.com\/wp-content\/uploads\/2014\/12\/Ubi-150x150.png 2560w, https:\/\/kamerpower.com\/wp-content\/uploads\/2014\/12\/Ubi-150x150-600x338.png 600w, https:\/\/kamerpower.com\/wp-content\/uploads\/2014\/12\/Ubi-150x150-300x169.png 300w, https:\/\/kamerpower.com\/wp-content\/uploads\/2014\/12\/Ubi-150x150-1920x1080.png 1920w, https:\/\/kamerpower.com\/wp-content\/uploads\/2014\/12\/Ubi-150x150-768x432.png 768w, https:\/\/kamerpower.com\/wp-content\/uploads\/2014\/12\/Ubi-150x150-1536x864.png 1536w, https:\/\/kamerpower.com\/wp-content\/uploads\/2014\/12\/Ubi-150x150-2048x1152.png 2048w, https:\/\/kamerpower.com\/wp-content\/uploads\/2014\/12\/Ubi-150x150-720x405.png 720w, https:\/\/kamerpower.com\/wp-content\/uploads\/2014\/12\/Ubi-150x150-520x293.png 520w, https:\/\/kamerpower.com\/wp-content\/uploads\/2014\/12\/Ubi-150x150-320x180.png 320w, https:\/\/kamerpower.com\/wp-content\/uploads\/2014\/12\/Ubi-150x150-150x84.png 150w, https:\/\/kamerpower.com\/wp-content\/uploads\/2014\/12\/Ubi-150x150-1200x675.png 1200w\" sizes=\"(max-width: 2560px) 100vw, 2560px\" \/><\/a><\/div><div class=\"o-posts-grid-post-body\"><span class=\"o-posts-grid-post-category\"><a href=\"https:\/\/kamerpower.com\/fr\/category\/concours\/\">Concours lanc\u00e9s<\/a><\/span><h4 class=\"o-posts-grid-post-title\"><a href=\"https:\/\/kamerpower.com\/fr\/ouverture-concours-en-1ere-annee-cycle-2-ens-buea\/\">Ouverture concours d&#8217;entr\u00e9e en 1\u00e8re ann\u00e9e du Cycle 2 ENS Bu\u00e9a 2026-2027<\/a><\/h4><p class=\"o-posts-grid-post-meta\">Posted on <time datetime=\"2026-01-19T17:57:35+01:00\">19 janvier 2026<\/time> <\/p><\/div><\/div><\/div><div class=\"o-posts-grid-post-blog o-posts-grid-post-plain\"><div class=\"o-posts-grid-post\"><div class=\"o-posts-grid-post-image\"><a href=\"https:\/\/kamerpower.com\/fr\/concours-ecole-normale-superieure-ens-de-universite-de-buea-1ere-annee-du-1er-cycle\/\"><img decoding=\"async\" width=\"1280\" height=\"720\" src=\"https:\/\/kamerpower.com\/wp-content\/uploads\/2016\/06\/University-of-Buea-Cameroon-UB-Ubuea-Universit\u00e9-de-Bu\u00e9a-Cameroun.png\" class=\"attachment-full size-full\" alt=\"University of Buea Cameroon - UB (Ubuea) Universit\u00e9 de Bu\u00e9a Cameroun\" srcset=\"https:\/\/kamerpower.com\/wp-content\/uploads\/2016\/06\/University-of-Buea-Cameroon-UB-Ubuea-Universit\u00e9-de-Bu\u00e9a-Cameroun.png 1280w, https:\/\/kamerpower.com\/wp-content\/uploads\/2016\/06\/University-of-Buea-Cameroon-UB-Ubuea-Universit\u00e9-de-Bu\u00e9a-Cameroun-600x338.png 600w, https:\/\/kamerpower.com\/wp-content\/uploads\/2016\/06\/University-of-Buea-Cameroon-UB-Ubuea-Universit\u00e9-de-Bu\u00e9a-Cameroun-300x169.png 300w, https:\/\/kamerpower.com\/wp-content\/uploads\/2016\/06\/University-of-Buea-Cameroon-UB-Ubuea-Universit\u00e9-de-Bu\u00e9a-Cameroun-768x432.png 768w, https:\/\/kamerpower.com\/wp-content\/uploads\/2016\/06\/University-of-Buea-Cameroon-UB-Ubuea-Universit\u00e9-de-Bu\u00e9a-Cameroun-150x84.png 150w\" sizes=\"(max-width: 1280px) 100vw, 1280px\" \/><\/a><\/div><div class=\"o-posts-grid-post-body\"><span class=\"o-posts-grid-post-category\"><a href=\"https:\/\/kamerpower.com\/fr\/category\/concours\/\">Concours lanc\u00e9s<\/a><\/span><h4 class=\"o-posts-grid-post-title\"><a href=\"https:\/\/kamerpower.com\/fr\/concours-ecole-normale-superieure-ens-de-universite-de-buea-1ere-annee-du-1er-cycle\/\">Concours Ecole Normale Sup\u00e9rieure ENS de Universit\u00e9 de Bu\u00e9a 1\u00e8re ann\u00e9e du 1er Cycle 2026-2027<\/a><\/h4><p class=\"o-posts-grid-post-meta\">Posted on <time datetime=\"2026-01-19T16:28:30+01:00\">19 janvier 2026<\/time> <\/p><\/div><\/div><\/div><div class=\"o-posts-grid-post-blog o-posts-grid-post-plain\"><div class=\"o-posts-grid-post\"><div class=\"o-posts-grid-post-image\"><a href=\"https:\/\/kamerpower.com\/fr\/concour-enset-ebolowa-1ere-annee-2nd-cycle\/\"><img decoding=\"async\" width=\"1280\" height=\"720\" src=\"https:\/\/kamerpower.com\/wp-content\/uploads\/2017\/12\/Concours-ENSET-d\u2019Ebolowa-Cameroun-2018-2019-2020-2021-un-cadeau-pour-la-jeunesse.png\" class=\"attachment-full size-full\" alt=\"Concours ENSET d\u2019Ebolowa Cameroun 2026-2027-2026 un cadeau pour la jeunesse\" srcset=\"https:\/\/kamerpower.com\/wp-content\/uploads\/2017\/12\/Concours-ENSET-d\u2019Ebolowa-Cameroun-2018-2019-2020-2021-un-cadeau-pour-la-jeunesse.png 1280w, https:\/\/kamerpower.com\/wp-content\/uploads\/2017\/12\/Concours-ENSET-d\u2019Ebolowa-Cameroun-2018-2019-2020-2021-un-cadeau-pour-la-jeunesse-600x338.png 600w, https:\/\/kamerpower.com\/wp-content\/uploads\/2017\/12\/Concours-ENSET-d\u2019Ebolowa-Cameroun-2018-2019-2020-2021-un-cadeau-pour-la-jeunesse-300x169.png 300w, https:\/\/kamerpower.com\/wp-content\/uploads\/2017\/12\/Concours-ENSET-d\u2019Ebolowa-Cameroun-2018-2019-2020-2021-un-cadeau-pour-la-jeunesse-768x432.png 768w, https:\/\/kamerpower.com\/wp-content\/uploads\/2017\/12\/Concours-ENSET-d\u2019Ebolowa-Cameroun-2018-2019-2020-2021-un-cadeau-pour-la-jeunesse-150x84.png 150w\" sizes=\"(max-width: 1280px) 100vw, 1280px\" \/><\/a><\/div><div class=\"o-posts-grid-post-body\"><span class=\"o-posts-grid-post-category\"><a href=\"https:\/\/kamerpower.com\/fr\/category\/concours\/\">Concours lanc\u00e9s<\/a><\/span><h4 class=\"o-posts-grid-post-title\"><a href=\"https:\/\/kamerpower.com\/fr\/concour-enset-ebolowa-1ere-annee-2nd-cycle\/\">Concour ENSET Ebolowa 2026-2027 1\u00e8re ann\u00e9e 2nd cycle<\/a><\/h4><p class=\"o-posts-grid-post-meta\">Posted on <time datetime=\"2026-01-17T11:15:00+01:00\">17 janvier 2026<\/time>  \/ 69 comments<\/p><\/div><\/div><\/div><\/div> <\/div><\/div>\n<\/div><\/div>\n<\/div>\n<\/div><\/div>\n\n\n\n<div id=\"wp-block-themeisle-blocks-popup-c42d8583\" class=\"wp-block-themeisle-blocks-popup is-front with-outside-button\" data-open=\"none\" data-dismiss=\"\" data-time=\"\" data-anchor=\"\" data-offset=\"\" data-outside=\"true\" data-anchorclose=\"\" data-disable-on=\"mobile\"><div class=\"otter-popup__modal_wrap\"><div role=\"presentation\" class=\"otter-popup__modal_wrap_overlay\"><\/div><div class=\"otter-popup__modal_content\"><div class=\"otter-popup__modal_header\"><button type=\"button\" class=\"components-button has-icon\"><svg width=\"24\" height=\"24\" xmlns=\"http:\/\/www.w3.org\/2000\/svg\" viewBox=\"0 0 24 24\" role=\"img\" aria-hidden=\"true\"><path d=\"M12 13.06l3.712 3.713 1.061-1.06L13.061 12l3.712-3.712-1.06-1.06L12 10.938 8.288 7.227l-1.061 1.06L10.939 12l-3.712 3.712 1.06 1.061L12 13.061z\"><\/path><\/svg><\/button><\/div><div class=\"otter-popup__modal_body\">\n\n<h2 id=\"wp-block-themeisle-blocks-advanced-heading-e8667356\" class=\"wp-block-themeisle-blocks-advanced-heading wp-block-themeisle-blocks-advanced-heading-e8667356\">Find the perfect course<\/h2>\n\n\n<p class=\"has-neve-text-color-color has-text-color\" style=\"font-size:16px\">All of our courses are designed to help you learn the fundamentals of coding and other related topics.<\/p>\n\n\n<div id=\"wp-block-themeisle-blocks-form-bb98feb4\" class=\"wp-block-themeisle-blocks-form\" data-option-name=\"bf9b28ff82ce323187abc5d0feb0d8f07ecd8436_bb98feb4\"><form class=\"otter-form__container\">\n\n<div id=\"wp-block-themeisle-blocks-form-input-4e9106e3\" class=\"wp-block-themeisle-blocks-form-input\"><label for=\"wp-block-themeisle-blocks-form-input-4e9106e3-input\" class=\"otter-form-input-label\"><span class=\"otter-form-input-label__label\">Name<\/span><span class=\"required\">*<\/span><\/label><input type=\"text\" id=\"wp-block-themeisle-blocks-form-input-4e9106e3-input\" required class=\"otter-form-input\"\/><\/div>\n\n\n<div id=\"wp-block-themeisle-blocks-form-input-1ff1475f\" class=\"wp-block-themeisle-blocks-form-input\"><label for=\"wp-block-themeisle-blocks-form-input-1ff1475f-input\" class=\"otter-form-input-label\"><span class=\"otter-form-input-label__label\">Email<\/span><span class=\"required\">*<\/span><\/label><input type=\"email\" id=\"wp-block-themeisle-blocks-form-input-1ff1475f-input\" required class=\"otter-form-input\"\/><\/div>\n\n\n<p class=\"has-text-align-left has-neve-text-color-color has-text-color has-small-font-size\">You agree to privacy and terms.<\/p>\n\n<div class=\"protection\" aria-hidden=\"true\"><input type=\"hidden\" id=\"wp-block-themeisle-blocks-form-bb98feb4_nonce_field\" name=\"wp-block-themeisle-blocks-form-bb98feb4_nonce_field\" value=\"6327a3bb7d\" \/><input type=\"hidden\" name=\"_wp_http_referer\" value=\"\/fr\/wp-json\/wp\/v2\/pages\/63393\" \/><input class=\"o-anti-bot\" type=\"checkbox\"><\/div>\n<div class=\"wp-block-button\"><button class=\"wp-block-button__link\" type=\"submit\">Send me the survey<\/button><\/div><\/form><\/div>\n\n<\/div><\/div><\/div><\/div>\n","protected":false},"excerpt":{"rendered":"","protected":false},"author":1,"featured_media":0,"parent":0,"menu_order":0,"comment_status":"closed","ping_status":"closed","template":"","meta":{"_themeisle_gutenberg_block_has_review":false,"footnotes":""},"class_list":["post-63393","page","type-page","status-publish","hentry"],"_links":{"self":[{"href":"https:\/\/kamerpower.com\/fr\/wp-json\/wp\/v2\/pages\/63393","targetHints":{"allow":["GET"]}}],"collection":[{"href":"https:\/\/kamerpower.com\/fr\/wp-json\/wp\/v2\/pages"}],"about":[{"href":"https:\/\/kamerpower.com\/fr\/wp-json\/wp\/v2\/types\/page"}],"author":[{"embeddable":true,"href":"https:\/\/kamerpower.com\/fr\/wp-json\/wp\/v2\/users\/1"}],"replies":[{"embeddable":true,"href":"https:\/\/kamerpower.com\/fr\/wp-json\/wp\/v2\/comments?post=63393"}],"version-history":[{"count":2,"href":"https:\/\/kamerpower.com\/fr\/wp-json\/wp\/v2\/pages\/63393\/revisions"}],"predecessor-version":[{"id":74720,"href":"https:\/\/kamerpower.com\/fr\/wp-json\/wp\/v2\/pages\/63393\/revisions\/74720"}],"wp:attachment":[{"href":"https:\/\/kamerpower.com\/fr\/wp-json\/wp\/v2\/media?parent=63393"}],"curies":[{"name":"wp","href":"https:\/\/api.w.org\/{rel}","templated":true}]}}