{"id":74495,"date":"2026-04-08T03:11:59","date_gmt":"2026-04-08T02:11:59","guid":{"rendered":"https:\/\/kamerpower.com\/?page_id=74495"},"modified":"2026-04-13T16:36:17","modified_gmt":"2026-04-13T15:36:17","slug":"concours-lances-au-cameroun-actuellement","status":"publish","type":"page","link":"https:\/\/kamerpower.com\/fr\/concours-lances-au-cameroun-actuellement\/","title":{"rendered":"Concours lanc\u00e9s au Cameroun actuellement 2026"},"content":{"rendered":"<h3><span style=\"color: #000000;\"><strong>Les derniers concours et recrutement lanc\u00e9s au Cameroun 2026<\/strong><\/span><\/h3>\n<p><span style=\"color: #000000;\">Quels sont les concours disponibles pour le moment au Cameroun ? Vous trouverez ci-dessous la liste des concours pour l&#8217;ann\u00e9e 2026\/2027 actuellement lanc\u00e9s au Cameroun, conform\u00e9ment aux derni\u00e8res dates des examens.<\/span><\/p>\n<div id=\"vsel\" class=\"vsel-shortcode vsel-shortcode-upcoming-events\"><div id=\"event-74418\" class=\"vsel-content concours-lances-au-cameroun vsel-upcoming vsel-current\"><div class=\"vsel-meta vsel-alignleft\" style=\"width:36%;\"><h3 class=\"vsel-meta-title\"><a href=\"https:\/\/kamerpower.com\/fr\/events\/dates-essal-ecole-service-de-sante-des-armees-lome\/\" rel=\"bookmark\" title=\"Concours dates ESSAL \u00c9cole service de sant\u00e9 des arm\u00e9es Lom\u00e9 2026-2027\">Concours dates ESSAL \u00c9cole service de sant\u00e9 des arm\u00e9es Lom\u00e9 2026-2027<\/a><\/h3><div class=\"vsel-meta-date vsel-meta-start-date\">Date de d\u00e9but\u00a0: <span>14 f\u00e9vrier 2026<\/span><\/div><div class=\"vsel-meta-date vsel-meta-end-date\">Date de fin\u00a0: <span>15 mai 2026<\/span><\/div><div class=\"vsel-meta-time\">Heure\u00a0: <span>7 h 00 min - 15 h 00 min<\/span><\/div><div class=\"vsel-meta-location\">Lieu: <span>\u00e9cole Militaire Interarm\u00e9es<\/span><\/div><\/div><div class=\"vsel-info vsel-alignright\" style=\"width:60%;\"><figure class=\"vsel-image vsel-alignright\" style=\"max-width:40%\"><img decoding=\"async\" width=\"1280\" height=\"720\" src=\"https:\/\/kamerpower.com\/wp-content\/uploads\/2016\/05\/concour-essal-Togo-2017-2018-universit\u00e9-de-lom\u00e9-facult\u00e9-de-m\u00e9decine.jpg\" class=\"vsel-image-img wp-post-image\" alt=\"Concour essal Togo 2026-2027 universit\u00e9 de lom\u00e9 facult\u00e9 de m\u00e9decine\" srcset=\"https:\/\/kamerpower.com\/wp-content\/uploads\/2016\/05\/concour-essal-Togo-2017-2018-universit\u00e9-de-lom\u00e9-facult\u00e9-de-m\u00e9decine.jpg 1280w, https:\/\/kamerpower.com\/wp-content\/uploads\/2016\/05\/concour-essal-Togo-2017-2018-universit\u00e9-de-lom\u00e9-facult\u00e9-de-m\u00e9decine-600x338.jpg 600w, https:\/\/kamerpower.com\/wp-content\/uploads\/2016\/05\/concour-essal-Togo-2017-2018-universit\u00e9-de-lom\u00e9-facult\u00e9-de-m\u00e9decine-300x169.jpg 300w, https:\/\/kamerpower.com\/wp-content\/uploads\/2016\/05\/concour-essal-Togo-2017-2018-universit\u00e9-de-lom\u00e9-facult\u00e9-de-m\u00e9decine-768x432.jpg 768w, https:\/\/kamerpower.com\/wp-content\/uploads\/2016\/05\/concour-essal-Togo-2017-2018-universit\u00e9-de-lom\u00e9-facult\u00e9-de-m\u00e9decine-150x84.jpg 150w\" sizes=\"(max-width: 1280px) 100vw, 1280px\" \/><\/figure><div class=\"vsel-text\"><span style=\"color: #000000;\">Un concours pour l\u2019admission \u00e0 l\u2019<a href=\"https:\/\/kamerpower.com\/fr\/recrutement-a-lecole-du-service-de-sante-des-armees-de-lome-togo-essal\/\"><strong>\u00c9cole du Service de Sant\u00e9 des Arm\u00e9es<\/strong><\/a> de Lom\u00e9 au Togo (<strong>ESSAL<\/strong>) <strong>Universit\u00e9 de Lom\u00e9 facult\u00e9 de m\u00e9decine &#8211; Togo<\/strong> ann\u00e9e acad\u00e9mique 2026\/2027 sera organis\u00e9 les <span style=\"color: #ff0000;\"><strong>14 fevrier 2026<\/strong><\/span> \u00e0 l\u2019\u00c9cole Militaire Inter-arm\u00e9es de Yaound\u00e9, centre unique d\u2019examen.\u00a0<\/span>\n\n<span style=\"color: #000000;\">L&#8217;\u00e9cole du service de sant\u00e9 des arm\u00e9es de Lom\u00e9 est une \u00e9cole qui forme les m\u00e9decins des arm\u00e9es de plusieurs Etats africains, pays de l\u2019<span style=\"font-weight: bold; color: #ff0000;\">Afrique Francophone<\/span> : <a href=\"https:\/\/kamerpower.com\/fr\/concours-essal-togo-ecole-service-de-sante-des-armees\/\">Togo<\/a>, B\u00e9nin, Burkina Faso, <span style=\"font-weight: bold;\">Cameroun<\/span>, Congo Brazzaville, C\u00f4te d\u2019Ivoire, Djibouti, Gabon, Guin\u00e9e Conakry, R\u00e9publique Centrafricaine, Madagascar, Mali, Niger, R\u00e9publique D\u00e9mocratique Du Congo, Tchad.<\/span>\n\n<span style=\"color: #000000;\">\u00catre \u00e2g\u00e9 de 18 ans au moins et de 21 ans au plus au 31\/12\/2026.<\/span>\n<ul>\n \t<li><span style=\"color: #000000;\"><span style=\"color: #3366ff;\"><strong>Dates \u00c9preuves \u00e9crite de pr\u00e9s\u00e9lection<\/strong><\/span>: Elles se d\u00e9rouleront les <strong>14 fevrier 2026<\/strong> \u00e0 l\u2019\u00e9cole militaire interarm\u00e9es et ne concerneront que les candidats pr\u00e9s\u00e9lectionn\u00e9s. Les dossiers complets de candidatures seront re\u00e7us \u00e0 la direction des ressources humaines de la d\u00e9fense au plus tard le <strong>12 fevrier 2026<\/strong>.<\/span><\/li>\n \t<li><span style=\"color: #000000;\"><span style=\"color: #3366ff;\"><strong>Dates \u00c9preuves de S\u00e9lection<\/strong><\/span>: Elles se d\u00e9rouleront les <strong>15 mai 2026<\/strong> \u00e0 l\u2019\u00e9cole Militaire Interarm\u00e9es. et ne concerneront que les candidats pr\u00e9s\u00e9lectionn\u00e9s.<\/span><\/li>\n<\/ul>\n<span style=\"color: #000000;\"><em><strong>plus info<\/strong><\/em><\/span>\n<ul>\n \t<li><strong><a href=\"https:\/\/kamerpower.com\/fr\/product\/telecharger-les-anciennes-concours-epreuves-essal-lome-togo\/\">Te\u0301le\u0301charger Anciennes e\u0301preuves ESSAL lome Togo<\/a><\/strong><\/li>\n \t<li><strong><a href=\"https:\/\/kamerpower.com\/fr\/concours-eamau-eamau-lome-togo-cameroun\/\">Concours EAMAU Lom\u00e9 Togo, Cameroun Epreuves<\/a>.<\/strong><\/li>\n \t<li><strong><a href=\"https:\/\/kamerpower.com\/fr\/essal-ecole-du-service-de-sante-des-armees-de-lome-concours-esaal\/\">Ecole du Service de Sant\u00e9 des Arm\u00e9es de Lom\u00e9 \u2013 Concours Esaal.\u00a0<\/a><\/strong><\/li>\n<\/ul><\/div><\/div><\/div><\/div>\n<div id=\"vsel\" class=\"vsel-shortcode vsel-shortcode-upcoming-events\"><div id=\"event-74418\" class=\"vsel-content concours-lances-au-cameroun vsel-upcoming vsel-current\"><div class=\"vsel-meta vsel-alignleft\" style=\"width:36%;\"><h3 class=\"vsel-meta-title\"><a href=\"https:\/\/kamerpower.com\/fr\/events\/dates-essal-ecole-service-de-sante-des-armees-lome\/\" rel=\"bookmark\" title=\"Concours dates ESSAL \u00c9cole service de sant\u00e9 des arm\u00e9es Lom\u00e9 2026-2027\">Concours dates ESSAL \u00c9cole service de sant\u00e9 des arm\u00e9es Lom\u00e9 2026-2027<\/a><\/h3><div class=\"vsel-meta-date vsel-meta-start-date\">Date de d\u00e9but\u00a0: <span>14 f\u00e9vrier 2026<\/span><\/div><div class=\"vsel-meta-date vsel-meta-end-date\">Date de fin\u00a0: <span>15 mai 2026<\/span><\/div><div class=\"vsel-meta-time\">Heure\u00a0: <span>7 h 00 min - 15 h 00 min<\/span><\/div><div class=\"vsel-meta-location\">Lieu: <span>\u00e9cole Militaire Interarm\u00e9es<\/span><\/div><\/div><div class=\"vsel-info vsel-alignright\" style=\"width:60%;\"><figure class=\"vsel-image vsel-alignright\" style=\"max-width:40%\"><img decoding=\"async\" width=\"1280\" height=\"720\" src=\"https:\/\/kamerpower.com\/wp-content\/uploads\/2016\/05\/concour-essal-Togo-2017-2018-universit\u00e9-de-lom\u00e9-facult\u00e9-de-m\u00e9decine.jpg\" class=\"vsel-image-img wp-post-image\" alt=\"Concour essal Togo 2026-2027 universit\u00e9 de lom\u00e9 facult\u00e9 de m\u00e9decine\" srcset=\"https:\/\/kamerpower.com\/wp-content\/uploads\/2016\/05\/concour-essal-Togo-2017-2018-universit\u00e9-de-lom\u00e9-facult\u00e9-de-m\u00e9decine.jpg 1280w, https:\/\/kamerpower.com\/wp-content\/uploads\/2016\/05\/concour-essal-Togo-2017-2018-universit\u00e9-de-lom\u00e9-facult\u00e9-de-m\u00e9decine-600x338.jpg 600w, https:\/\/kamerpower.com\/wp-content\/uploads\/2016\/05\/concour-essal-Togo-2017-2018-universit\u00e9-de-lom\u00e9-facult\u00e9-de-m\u00e9decine-300x169.jpg 300w, https:\/\/kamerpower.com\/wp-content\/uploads\/2016\/05\/concour-essal-Togo-2017-2018-universit\u00e9-de-lom\u00e9-facult\u00e9-de-m\u00e9decine-768x432.jpg 768w, https:\/\/kamerpower.com\/wp-content\/uploads\/2016\/05\/concour-essal-Togo-2017-2018-universit\u00e9-de-lom\u00e9-facult\u00e9-de-m\u00e9decine-150x84.jpg 150w\" sizes=\"(max-width: 1280px) 100vw, 1280px\" \/><\/figure><div class=\"vsel-text\"><p>Un concours pour l\u2019admission \u00e0 l\u2019\u00c9cole du Service de Sant\u00e9 des Arm\u00e9es de Lom\u00e9 au Togo (ESSAL) Universit\u00e9 de Lom\u00e9 facult\u00e9 de m\u00e9decine &#8211; Togo ann\u00e9e acad\u00e9mique 2026\/2027. \u00catre \u00e2g\u00e9 de 18 ans au moins et de 21 ans au plus.<\/p>\n<\/div><\/div><\/div><div id=\"event-74130\" class=\"vsel-content concours-lances-au-cameroun vsel-upcoming vsel-future\"><div class=\"vsel-meta vsel-alignleft\" style=\"width:36%;\"><h3 class=\"vsel-meta-title\"><a href=\"https:\/\/kamerpower.com\/fr\/events\/cameroun-concours-camrail-recrutement-des-jeunes\/\" rel=\"bookmark\" title=\"Cameroun \u2013 Concours Camrail Recrutement 2026-2027 formation aux metiers ferroviaires de base\">Cameroun \u2013 Concours Camrail Recrutement 2026-2027 formation aux metiers ferroviaires de base<\/a><\/h3><div class=\"vsel-meta-date vsel-meta-single-date\">Date\u00a0: <span>9 mai 2026<\/span><\/div><div class=\"vsel-meta-time\">Heure\u00a0: <span>7 h 30 min - 15 h 00 min<\/span><\/div><div class=\"vsel-meta-location\">Lieu: <span>Douala, Yaound\u00e9, Ngaound\u00e9r\u00e9<\/span><\/div><\/div><div class=\"vsel-info vsel-alignright\" style=\"width:60%;\"><figure class=\"vsel-image vsel-alignright\" style=\"max-width:40%\"><img decoding=\"async\" width=\"2560\" height=\"1440\" src=\"https:\/\/kamerpower.com\/wp-content\/uploads\/2019\/09\/Concours-Camrail-Recrutement-2019-2020-Cameroun-de-20-agents-de-man\u0153uvres-et-20-aide-conducteurs.png\" class=\"vsel-image-img wp-post-image\" alt=\"Concours Camrail Recrutement 2026-2027 Cameroun de 20 agents de man\u0153uvres et 20 aide conducteurs\" srcset=\"https:\/\/kamerpower.com\/wp-content\/uploads\/2019\/09\/Concours-Camrail-Recrutement-2019-2020-Cameroun-de-20-agents-de-man\u0153uvres-et-20-aide-conducteurs.png 2560w, https:\/\/kamerpower.com\/wp-content\/uploads\/2019\/09\/Concours-Camrail-Recrutement-2019-2020-Cameroun-de-20-agents-de-man\u0153uvres-et-20-aide-conducteurs-600x338.png 600w, https:\/\/kamerpower.com\/wp-content\/uploads\/2019\/09\/Concours-Camrail-Recrutement-2019-2020-Cameroun-de-20-agents-de-man\u0153uvres-et-20-aide-conducteurs-300x169.png 300w, https:\/\/kamerpower.com\/wp-content\/uploads\/2019\/09\/Concours-Camrail-Recrutement-2019-2020-Cameroun-de-20-agents-de-man\u0153uvres-et-20-aide-conducteurs-1920x1080.png 1920w, https:\/\/kamerpower.com\/wp-content\/uploads\/2019\/09\/Concours-Camrail-Recrutement-2019-2020-Cameroun-de-20-agents-de-man\u0153uvres-et-20-aide-conducteurs-768x432.png 768w, https:\/\/kamerpower.com\/wp-content\/uploads\/2019\/09\/Concours-Camrail-Recrutement-2019-2020-Cameroun-de-20-agents-de-man\u0153uvres-et-20-aide-conducteurs-1536x864.png 1536w, https:\/\/kamerpower.com\/wp-content\/uploads\/2019\/09\/Concours-Camrail-Recrutement-2019-2020-Cameroun-de-20-agents-de-man\u0153uvres-et-20-aide-conducteurs-2048x1152.png 2048w, https:\/\/kamerpower.com\/wp-content\/uploads\/2019\/09\/Concours-Camrail-Recrutement-2019-2020-Cameroun-de-20-agents-de-man\u0153uvres-et-20-aide-conducteurs-720x405.png 720w, https:\/\/kamerpower.com\/wp-content\/uploads\/2019\/09\/Concours-Camrail-Recrutement-2019-2020-Cameroun-de-20-agents-de-man\u0153uvres-et-20-aide-conducteurs-520x293.png 520w, https:\/\/kamerpower.com\/wp-content\/uploads\/2019\/09\/Concours-Camrail-Recrutement-2019-2020-Cameroun-de-20-agents-de-man\u0153uvres-et-20-aide-conducteurs-320x180.png 320w, https:\/\/kamerpower.com\/wp-content\/uploads\/2019\/09\/Concours-Camrail-Recrutement-2019-2020-Cameroun-de-20-agents-de-man\u0153uvres-et-20-aide-conducteurs-150x84.png 150w, https:\/\/kamerpower.com\/wp-content\/uploads\/2019\/09\/Concours-Camrail-Recrutement-2019-2020-Cameroun-de-20-agents-de-man\u0153uvres-et-20-aide-conducteurs-1200x675.png 1200w\" sizes=\"(max-width: 2560px) 100vw, 2560px\" \/><\/figure><div class=\"vsel-text\"><p>Cameroun &#8211; Concours Camrail Recrutement 2026-2027 annoncent le lancement conjoint d\u2019un concours pour le recrutement de quarante (40) aide-Conducteurs et de quarante (40) Agents man\u0153uvres Le concours aura lieu le samedi 09 mai 2026<\/p>\n<\/div><\/div><\/div><div id=\"event-74450\" class=\"vsel-content concours-lances-au-cameroun vsel-upcoming vsel-future\"><div class=\"vsel-meta vsel-alignleft\" style=\"width:36%;\"><h3 class=\"vsel-meta-title\"><a href=\"https:\/\/kamerpower.com\/fr\/events\/date-pour-concours-eamau\/\" rel=\"bookmark\" title=\"Date Pour le concours \/ recrutement EAMAU 2026-2027\">Date Pour le concours \/ recrutement EAMAU 2026-2027<\/a><\/h3><div class=\"vsel-meta-date vsel-meta-start-date\">Date de d\u00e9but\u00a0: <span>13 mai 2026<\/span><\/div><div class=\"vsel-meta-date vsel-meta-end-date\">Date de fin\u00a0: <span>14 mai 2026<\/span><\/div><div class=\"vsel-meta-time\">Heure\u00a0: <span>7 h 00 min - 15 h 00 min<\/span><\/div><div class=\"vsel-meta-location\">Lieu: <span>Chaque pays membre<\/span><\/div><\/div><div class=\"vsel-info vsel-alignright\" style=\"width:60%;\"><figure class=\"vsel-image vsel-alignright\" style=\"max-width:40%\"><img decoding=\"async\" width=\"1280\" height=\"720\" src=\"https:\/\/kamerpower.com\/wp-content\/uploads\/2016\/03\/Concours-EAMAU-2016-2017-EAMAU-Lom\u00e9-Togo-Cameroun-Congo.png\" class=\"vsel-image-img wp-post-image\" alt=\"Concours EAMAU 2026-2027 EAMAU Lom\u00e9 Togo, Cameroun Congo\" srcset=\"https:\/\/kamerpower.com\/wp-content\/uploads\/2016\/03\/Concours-EAMAU-2016-2017-EAMAU-Lom\u00e9-Togo-Cameroun-Congo.png 1280w, https:\/\/kamerpower.com\/wp-content\/uploads\/2016\/03\/Concours-EAMAU-2016-2017-EAMAU-Lom\u00e9-Togo-Cameroun-Congo-600x338.png 600w, https:\/\/kamerpower.com\/wp-content\/uploads\/2016\/03\/Concours-EAMAU-2016-2017-EAMAU-Lom\u00e9-Togo-Cameroun-Congo-300x169.png 300w, https:\/\/kamerpower.com\/wp-content\/uploads\/2016\/03\/Concours-EAMAU-2016-2017-EAMAU-Lom\u00e9-Togo-Cameroun-Congo-768x432.png 768w, https:\/\/kamerpower.com\/wp-content\/uploads\/2016\/03\/Concours-EAMAU-2016-2017-EAMAU-Lom\u00e9-Togo-Cameroun-Congo-150x84.png 150w\" sizes=\"(max-width: 1280px) 100vw, 1280px\" \/><\/figure><div class=\"vsel-text\"><p>Un recrutement pours des candidats au concours d&#8217;entr\u00e9e \u00e9dition 2026 est d\u00e9sormais lanc\u00e9 et sera cl\u00f4tur\u00e9 le vendredi 30 avril 2026. Toutes les pi\u00e8ces doivent \u00eatre fournies pour l&#8217;inscrip\u00adtion d\u00e9finitive \u00e0 l&#8217;EAMAU; certaines d&#8217;entre elles ont d\u00e9j\u00e0 \u00e9t\u00e9 fournies lors de l&#8217;inscription au concours.<\/p>\n<\/div><\/div><\/div><div id=\"event-74482\" class=\"vsel-content concours-lances-au-cameroun vsel-upcoming vsel-future\"><div class=\"vsel-meta vsel-alignleft\" style=\"width:36%;\"><h3 class=\"vsel-meta-title\"><a href=\"https:\/\/kamerpower.com\/fr\/events\/ucac-concours-universite-catholique-dafrique-centrale\/\" rel=\"bookmark\" title=\"UCAC Concours Universit\u00e9 Catholique d\u2019Afrique Centrale 2026-2027\">UCAC Concours Universit\u00e9 Catholique d\u2019Afrique Centrale 2026-2027<\/a><\/h3><div class=\"vsel-meta-date vsel-meta-start-date\">Date de d\u00e9but\u00a0: <span>14 mai 2026<\/span><\/div><div class=\"vsel-meta-date vsel-meta-end-date\">Date de fin\u00a0: <span>10 septembre 2026<\/span><\/div><div class=\"vsel-meta-time\">Heure\u00a0: <span>7 h 00 min - 15 h 00 min<\/span><\/div><div class=\"vsel-meta-location\">Lieu: <span>Yaound\u00e9<\/span><\/div><\/div><div class=\"vsel-info vsel-alignright\" style=\"width:60%;\"><figure class=\"vsel-image vsel-alignright\" style=\"max-width:40%\"><img decoding=\"async\" width=\"1280\" height=\"720\" src=\"https:\/\/kamerpower.com\/wp-content\/uploads\/2015\/04\/UCAC-Catholic-University-of-Central-Africa.jpg\" class=\"vsel-image-img wp-post-image\" alt=\"Universit\u00e9 catholique d&#039;afrique centrale Yaound\u00e9 UCAC\" srcset=\"https:\/\/kamerpower.com\/wp-content\/uploads\/2015\/04\/UCAC-Catholic-University-of-Central-Africa.jpg 1280w, https:\/\/kamerpower.com\/wp-content\/uploads\/2015\/04\/UCAC-Catholic-University-of-Central-Africa-600x338.jpg 600w, https:\/\/kamerpower.com\/wp-content\/uploads\/2015\/04\/UCAC-Catholic-University-of-Central-Africa-300x169.jpg 300w, https:\/\/kamerpower.com\/wp-content\/uploads\/2015\/04\/UCAC-Catholic-University-of-Central-Africa-768x432.jpg 768w, https:\/\/kamerpower.com\/wp-content\/uploads\/2015\/04\/UCAC-Catholic-University-of-Central-Africa-150x84.jpg 150w\" sizes=\"(max-width: 1280px) 100vw, 1280px\" \/><\/figure><div class=\"vsel-text\"><p>Le Recteur de l\u2019Universit\u00e9 Catholique d\u2019Afrique Centrale porte \u00e0 la connaissance des candidats int\u00e9ress\u00e9s qu\u2019il sera organis\u00e9 un concours UCAC d\u2019entr\u00e9e dans les premi\u00e8res ann\u00e9es<\/p>\n<\/div><\/div><\/div><div id=\"event-74127\" class=\"vsel-content concours-lances-au-cameroun vsel-upcoming vsel-future\"><div class=\"vsel-meta vsel-alignleft\" style=\"width:36%;\"><h3 class=\"vsel-meta-title\"><a href=\"https:\/\/kamerpower.com\/fr\/events\/dates-concours-eamac-asecna\/\" rel=\"bookmark\" title=\"Dates Concours EAMAC &#8211; ASECNA 2026-2027\">Dates Concours EAMAC &#8211; ASECNA 2026-2027<\/a><\/h3><div class=\"vsel-meta-date vsel-meta-start-date\">Date de d\u00e9but\u00a0: <span>20 mai 2026<\/span><\/div><div class=\"vsel-meta-date vsel-meta-end-date\">Date de fin\u00a0: <span>22 mai 2026<\/span><\/div><div class=\"vsel-meta-time vsel-meta-all-day\">\u00c9v\u00e8nement sur toute la journ\u00e9e<\/div><div class=\"vsel-meta-location\">Lieu: <span>Cameroun<\/span><\/div><\/div><div class=\"vsel-info vsel-alignright\" style=\"width:60%;\"><figure class=\"vsel-image vsel-alignright\" style=\"max-width:40%\"><img decoding=\"async\" width=\"1280\" height=\"720\" src=\"https:\/\/kamerpower.com\/wp-content\/uploads\/2019\/02\/Inscription-Concours-dentr\u00e9e-\u00e0-leamac-2020-2021.png\" class=\"vsel-image-img wp-post-image\" alt=\"Inscription Concours d&#039;entr\u00e9e \u00e0 l&#039;eamac 2026-2027\" srcset=\"https:\/\/kamerpower.com\/wp-content\/uploads\/2019\/02\/Inscription-Concours-dentr\u00e9e-\u00e0-leamac-2020-2021.png 1280w, https:\/\/kamerpower.com\/wp-content\/uploads\/2019\/02\/Inscription-Concours-dentr\u00e9e-\u00e0-leamac-2020-2021-600x338.png 600w, https:\/\/kamerpower.com\/wp-content\/uploads\/2019\/02\/Inscription-Concours-dentr\u00e9e-\u00e0-leamac-2020-2021-300x169.png 300w, https:\/\/kamerpower.com\/wp-content\/uploads\/2019\/02\/Inscription-Concours-dentr\u00e9e-\u00e0-leamac-2020-2021-768x432.png 768w, https:\/\/kamerpower.com\/wp-content\/uploads\/2019\/02\/Inscription-Concours-dentr\u00e9e-\u00e0-leamac-2020-2021-150x84.png 150w\" sizes=\"(max-width: 1280px) 100vw, 1280px\" \/><\/figure><div class=\"vsel-text\"><p>Le Concours d\u2019entr\u00e9 \u00e0 l\u2019EAMAC\u00a0&#8211; ASECNA session de juin est organis\u00e9 sous forme de 4 Cycles. L&#8217;inscriptions de Concours<\/p>\n<\/div><\/div><\/div><div id=\"event-74751\" class=\"vsel-content concours-lances-au-cameroun vsel-upcoming vsel-future\"><div class=\"vsel-meta vsel-alignleft\" style=\"width:36%;\"><h3 class=\"vsel-meta-title\"><a href=\"https:\/\/kamerpower.com\/fr\/events\/work-study-programme-edition-cameroun\/\" rel=\"bookmark\" title=\"Work Study Programme \u00e9dition 2026 &#8211; Cameroun\">Work Study Programme \u00e9dition 2026 &#8211; Cameroun<\/a><\/h3><div class=\"vsel-meta-date vsel-meta-start-date\">Date de d\u00e9but\u00a0: <span>26 mai 2026<\/span><\/div><div class=\"vsel-meta-date vsel-meta-end-date\">Date de fin\u00a0: <span>14 ao\u00fbt 2026<\/span><\/div><div class=\"vsel-meta-time\">Heure\u00a0: <span>7 h 00 min - 16 h 00 min<\/span><\/div><div class=\"vsel-meta-location\">Lieu: <span>Cameroun<\/span><\/div><\/div><div class=\"vsel-info vsel-alignright\" style=\"width:60%;\"><figure class=\"vsel-image vsel-alignright\" style=\"max-width:40%\"><img decoding=\"async\" width=\"1280\" height=\"720\" src=\"https:\/\/kamerpower.com\/wp-content\/uploads\/2015\/06\/MINESUP-Cameroun.jpg\" class=\"vsel-image-img wp-post-image\" alt=\"concours www.minesup.gov.cm Portail MINESUP 2026-2027\" srcset=\"https:\/\/kamerpower.com\/wp-content\/uploads\/2015\/06\/MINESUP-Cameroun.jpg 1280w, https:\/\/kamerpower.com\/wp-content\/uploads\/2015\/06\/MINESUP-Cameroun-600x338.jpg 600w, https:\/\/kamerpower.com\/wp-content\/uploads\/2015\/06\/MINESUP-Cameroun-300x169.jpg 300w, https:\/\/kamerpower.com\/wp-content\/uploads\/2015\/06\/MINESUP-Cameroun-768x432.jpg 768w, https:\/\/kamerpower.com\/wp-content\/uploads\/2015\/06\/MINESUP-Cameroun-720x405.jpg 720w, https:\/\/kamerpower.com\/wp-content\/uploads\/2015\/06\/MINESUP-Cameroun-520x293.jpg 520w, https:\/\/kamerpower.com\/wp-content\/uploads\/2015\/06\/MINESUP-Cameroun-320x180.jpg 320w, https:\/\/kamerpower.com\/wp-content\/uploads\/2015\/06\/MINESUP-Cameroun-1200x675.jpg 1200w\" sizes=\"(max-width: 1280px) 100vw, 1280px\" \/><\/figure><div class=\"vsel-text\"><p>Le Minist\u00e8re de l&#8217;Enseignement Sup\u00e9rieur organise, \u00e0 l&#8217;intention des \u00e9tudiants des Institutions d&#8217;Enseignement Sup\u00e9rieur nationales reconnues, l&#8217;\u00e9dition 2026 du Work Study Programme.<\/p>\n<\/div><\/div><\/div><div id=\"event-74462\" class=\"vsel-content concours-lances-au-cameroun vsel-upcoming vsel-future\"><div class=\"vsel-meta vsel-alignleft\" style=\"width:36%;\"><h3 class=\"vsel-meta-title\"><a href=\"https:\/\/kamerpower.com\/fr\/events\/cameroun-ouverture-examen-bts-cameroun\/\" rel=\"bookmark\" title=\"Cameroun: Ouverture examen BTS au Cameroun 2026-2027\">Cameroun: Ouverture examen BTS au Cameroun 2026-2027<\/a><\/h3><div class=\"vsel-meta-date vsel-meta-start-date\">Date de d\u00e9but\u00a0: <span>1 juin 2026<\/span><\/div><div class=\"vsel-meta-date vsel-meta-end-date\">Date de fin\u00a0: <span>31 juillet 2026<\/span><\/div><div class=\"vsel-meta-time\">Heure\u00a0: <span>7 h 00 min - 15 h 00 min<\/span><\/div><div class=\"vsel-meta-location\">Lieu: <span>Douala, Yaounde, Bandjoun, Garoua, Ngaoundere<\/span><\/div><\/div><div class=\"vsel-info vsel-alignright\" style=\"width:60%;\"><figure class=\"vsel-image vsel-alignright\" style=\"max-width:40%\"><img decoding=\"async\" width=\"1280\" height=\"720\" src=\"https:\/\/kamerpower.com\/wp-content\/uploads\/2024\/01\/Ouverture-de-examen-BTS-Cameroun.jpg\" class=\"vsel-image-img wp-post-image\" alt=\"Ouverture de l&#039;examen BTS 2026 au Cameroun\" srcset=\"https:\/\/kamerpower.com\/wp-content\/uploads\/2024\/01\/Ouverture-de-examen-BTS-Cameroun.jpg 1280w, https:\/\/kamerpower.com\/wp-content\/uploads\/2024\/01\/Ouverture-de-examen-BTS-Cameroun-600x338.jpg 600w, https:\/\/kamerpower.com\/wp-content\/uploads\/2024\/01\/Ouverture-de-examen-BTS-Cameroun-300x169.jpg 300w, https:\/\/kamerpower.com\/wp-content\/uploads\/2024\/01\/Ouverture-de-examen-BTS-Cameroun-768x432.jpg 768w, https:\/\/kamerpower.com\/wp-content\/uploads\/2024\/01\/Ouverture-de-examen-BTS-Cameroun-720x405.jpg 720w, https:\/\/kamerpower.com\/wp-content\/uploads\/2024\/01\/Ouverture-de-examen-BTS-Cameroun-520x293.jpg 520w, https:\/\/kamerpower.com\/wp-content\/uploads\/2024\/01\/Ouverture-de-examen-BTS-Cameroun-320x180.jpg 320w, https:\/\/kamerpower.com\/wp-content\/uploads\/2024\/01\/Ouverture-de-examen-BTS-Cameroun-150x84.jpg 150w, https:\/\/kamerpower.com\/wp-content\/uploads\/2024\/01\/Ouverture-de-examen-BTS-Cameroun-1200x675.jpg 1200w\" sizes=\"(max-width: 1280px) 100vw, 1280px\" \/><\/figure><div class=\"vsel-text\"><p>Il est ouvert au titre de la\u00a0session de 2026, l&#8217;examen national du\u00a0Brevet de Technicien Superieur (BTS 2026 Cameroun). Les candidats \u00e0 l&#8217;examen national du BTS Cameroun\u00a0peuvent avoir soit le statut de\u00a0candidat r\u00e9gulier, soit celui de candidat libre.<\/p>\n<\/div><\/div><\/div><div id=\"event-74428\" class=\"vsel-content concours-lances-au-cameroun vsel-upcoming vsel-future\"><div class=\"vsel-meta vsel-alignleft\" style=\"width:36%;\"><h3 class=\"vsel-meta-title\"><a href=\"https:\/\/kamerpower.com\/fr\/events\/eniet-dates-ecoles-normales-dinstituteurs-de-lenseignement-technique\/\" rel=\"bookmark\" title=\"Concours d&#8217;entr\u00e9e aux ENIET 2026-2027 Dates \u00c9coles Normales d\u2019Instituteurs de l\u2019Enseignement Technique\">Concours d&#8217;entr\u00e9e aux ENIET 2026-2027 Dates \u00c9coles Normales d\u2019Instituteurs de l\u2019Enseignement Technique<\/a><\/h3><div class=\"vsel-meta-date vsel-meta-start-date\">Date de d\u00e9but\u00a0: <span>28 juillet 2026<\/span><\/div><div class=\"vsel-meta-date vsel-meta-end-date\">Date de fin\u00a0: <span>7 ao\u00fbt 2026<\/span><\/div><div class=\"vsel-meta-time\">Heure\u00a0: <span>7 h 00 min - 15 h 00 min<\/span><\/div><div class=\"vsel-meta-location\">Lieu: <span>Tout Cameroun<\/span><\/div><\/div><div class=\"vsel-info vsel-alignright\" style=\"width:60%;\"><figure class=\"vsel-image vsel-alignright\" style=\"max-width:40%\"><img decoding=\"async\" width=\"1280\" height=\"720\" src=\"https:\/\/kamerpower.com\/wp-content\/uploads\/2021\/02\/Concours-ENIET-Cameroun-Ecoles-Normales-dInstituteurs-de-lEnseignement-Technique.png\" class=\"vsel-image-img wp-post-image\" alt=\"Concours ENIET Cameroun 2026-2027 - E\u0301coles Normales d\u2019Instituteurs de l\u2019Enseignement Technique\" srcset=\"https:\/\/kamerpower.com\/wp-content\/uploads\/2021\/02\/Concours-ENIET-Cameroun-Ecoles-Normales-dInstituteurs-de-lEnseignement-Technique.png 1280w, https:\/\/kamerpower.com\/wp-content\/uploads\/2021\/02\/Concours-ENIET-Cameroun-Ecoles-Normales-dInstituteurs-de-lEnseignement-Technique-600x338.png 600w, https:\/\/kamerpower.com\/wp-content\/uploads\/2021\/02\/Concours-ENIET-Cameroun-Ecoles-Normales-dInstituteurs-de-lEnseignement-Technique-300x169.png 300w, https:\/\/kamerpower.com\/wp-content\/uploads\/2021\/02\/Concours-ENIET-Cameroun-Ecoles-Normales-dInstituteurs-de-lEnseignement-Technique-768x432.png 768w, https:\/\/kamerpower.com\/wp-content\/uploads\/2021\/02\/Concours-ENIET-Cameroun-Ecoles-Normales-dInstituteurs-de-lEnseignement-Technique-720x405.png 720w, https:\/\/kamerpower.com\/wp-content\/uploads\/2021\/02\/Concours-ENIET-Cameroun-Ecoles-Normales-dInstituteurs-de-lEnseignement-Technique-520x293.png 520w, https:\/\/kamerpower.com\/wp-content\/uploads\/2021\/02\/Concours-ENIET-Cameroun-Ecoles-Normales-dInstituteurs-de-lEnseignement-Technique-320x180.png 320w, https:\/\/kamerpower.com\/wp-content\/uploads\/2021\/02\/Concours-ENIET-Cameroun-Ecoles-Normales-dInstituteurs-de-lEnseignement-Technique-150x84.png 150w, https:\/\/kamerpower.com\/wp-content\/uploads\/2021\/02\/Concours-ENIET-Cameroun-Ecoles-Normales-dInstituteurs-de-lEnseignement-Technique-1200x675.png 1200w\" sizes=\"(max-width: 1280px) 100vw, 1280px\" \/><\/figure><div class=\"vsel-text\"><p>Concours pour le recrutement de trois mille neuf cent (3900) \u00c9l\u00e8ves &#8211; ma\u00eetres dans les \u00c9coles Normales d\u2019Instituteurs de l\u2019Enseignement Technique de Bafoussam, Bertoua, Douala, Ebolowa, Garoua, Maroua, Ngaound\u00e9r\u00e9 et SOA pour francophones et de Jikejem, Kumba et Mbengwi<\/p>\n<\/div><\/div><\/div><div id=\"event-74434\" class=\"vsel-content entrance-exams concours-lances-au-cameroun vsel-upcoming vsel-future\"><div class=\"vsel-meta vsel-alignleft\" style=\"width:36%;\"><h3 class=\"vsel-meta-title\"><a href=\"https:\/\/kamerpower.com\/fr\/events\/dates-enieg-concours-ecoles-normales-dinstituteurs-de-lenseignement-general\/\" rel=\"bookmark\" title=\"Dates ENIEG concours 2026 \u00c9coles Normales d\u2019Instituteurs de l\u2019Enseignement G\u00e9n\u00e9ral\">Dates ENIEG concours 2026 \u00c9coles Normales d\u2019Instituteurs de l\u2019Enseignement G\u00e9n\u00e9ral<\/a><\/h3><div class=\"vsel-meta-date vsel-meta-start-date\">Date de d\u00e9but\u00a0: <span>28 juillet 2026<\/span><\/div><div class=\"vsel-meta-date vsel-meta-end-date\">Date de fin\u00a0: <span>8 ao\u00fbt 2026<\/span><\/div><div class=\"vsel-meta-time\">Heure\u00a0: <span>7 h 00 min - 15 h 00 min<\/span><\/div><div class=\"vsel-meta-location\">Lieu: <span>Tout Cameroun<\/span><\/div><\/div><div class=\"vsel-info vsel-alignright\" style=\"width:60%;\"><figure class=\"vsel-image vsel-alignright\" style=\"max-width:40%\"><img decoding=\"async\" width=\"1280\" height=\"720\" src=\"https:\/\/kamerpower.com\/wp-content\/uploads\/2020\/01\/Concours-ENIEG-Ecole-Normale-dInstituteurs-de-lEnseignement-General-Cameroun.png\" class=\"vsel-image-img wp-post-image\" alt=\"Concours ENIEG 2026-2027 E\u0301cole Normale d&#039;Instituteurs de l&#039;Enseignement Ge\u0301ne\u0301ral Cameroun\" srcset=\"https:\/\/kamerpower.com\/wp-content\/uploads\/2020\/01\/Concours-ENIEG-Ecole-Normale-dInstituteurs-de-lEnseignement-General-Cameroun.png 1280w, https:\/\/kamerpower.com\/wp-content\/uploads\/2020\/01\/Concours-ENIEG-Ecole-Normale-dInstituteurs-de-lEnseignement-General-Cameroun-600x338.png 600w, https:\/\/kamerpower.com\/wp-content\/uploads\/2020\/01\/Concours-ENIEG-Ecole-Normale-dInstituteurs-de-lEnseignement-General-Cameroun-300x169.png 300w, https:\/\/kamerpower.com\/wp-content\/uploads\/2020\/01\/Concours-ENIEG-Ecole-Normale-dInstituteurs-de-lEnseignement-General-Cameroun-768x432.png 768w, https:\/\/kamerpower.com\/wp-content\/uploads\/2020\/01\/Concours-ENIEG-Ecole-Normale-dInstituteurs-de-lEnseignement-General-Cameroun-720x405.png 720w, https:\/\/kamerpower.com\/wp-content\/uploads\/2020\/01\/Concours-ENIEG-Ecole-Normale-dInstituteurs-de-lEnseignement-General-Cameroun-520x293.png 520w, https:\/\/kamerpower.com\/wp-content\/uploads\/2020\/01\/Concours-ENIEG-Ecole-Normale-dInstituteurs-de-lEnseignement-General-Cameroun-320x180.png 320w, https:\/\/kamerpower.com\/wp-content\/uploads\/2020\/01\/Concours-ENIEG-Ecole-Normale-dInstituteurs-de-lEnseignement-General-Cameroun-150x84.png 150w, https:\/\/kamerpower.com\/wp-content\/uploads\/2020\/01\/Concours-ENIEG-Ecole-Normale-dInstituteurs-de-lEnseignement-General-Cameroun-1200x675.png 1200w\" sizes=\"(max-width: 1280px) 100vw, 1280px\" \/><\/figure><div class=\"vsel-text\"><p>Un concours pour recrutement de 5.040 \u00e9l\u00e8ves-ma\u00eetres dont 2.380 pour les ENIEG publiques Classiques, 1.827 pour les ENIEG publiques Bilingues et 833 pour les ENIEG publiques sp\u00e9cialis\u00e9es se d\u00e9roulera le mardi 28 juillet 2026.<\/p>\n<\/div><\/div><\/div><div id=\"event-74743\" class=\"vsel-content concours-lances-au-cameroun vsel-upcoming vsel-future\"><div class=\"vsel-meta vsel-alignleft\" style=\"width:36%;\"><h3 class=\"vsel-meta-title\"><a href=\"https:\/\/kamerpower.com\/fr\/events\/esstic-cameroun-concours-dossiers-epreuves-ecrites\/\" rel=\"bookmark\" title=\"ESSTIC Cameroun Concours &#8211; dossiers depot, dates \u00e9preuves \u00e9crites 2026\">ESSTIC Cameroun Concours &#8211; dossiers depot, dates \u00e9preuves \u00e9crites 2026<\/a><\/h3><div class=\"vsel-meta-date vsel-meta-start-date\">Date de d\u00e9but\u00a0: <span>1 septembre 2026<\/span><\/div><div class=\"vsel-meta-date vsel-meta-end-date\">Date de fin\u00a0: <span>4 septembre 2026<\/span><\/div><div class=\"vsel-meta-time\">Heure\u00a0: <span>7 h 00 min - 14 h 00 min<\/span><\/div><div class=\"vsel-meta-location\">Lieu: <span>Yaound\u00e9 et Douala<\/span><\/div><\/div><div class=\"vsel-info vsel-alignright\" style=\"width:60%;\"><figure class=\"vsel-image vsel-alignright\" style=\"max-width:40%\"><img decoding=\"async\" width=\"1280\" height=\"720\" src=\"https:\/\/kamerpower.com\/wp-content\/uploads\/2015\/07\/ESSTIC-Yaounde-Cameroun.gif\" class=\"vsel-image-img wp-post-image\" alt=\"ESSTIC Yaounde II Cameroun\" \/><\/figure><div class=\"vsel-text\"><p>Concours sur \u00e9preuves \u00e9crites et orales pour l&#8217;entr\u00e9e au niveau 1 du Cycle licence de l&#8217;Ecole\u00a0Sup\u00e9rieure des Sciences et Techniques de l&#8217;Information et de la Communication (ESSTIC) de l&#8217;Universit\u00e9\u00a0de Yaound\u00e9 II SOA.<\/p>\n<\/div><\/div><\/div><div id=\"event-74779\" class=\"vsel-content concours-lances-au-cameroun vsel-upcoming vsel-future\"><div class=\"vsel-meta vsel-alignleft\" style=\"width:36%;\"><h3 class=\"vsel-meta-title\"><a href=\"https:\/\/kamerpower.com\/fr\/events\/concours-institut-superieur-de-emergence-ise-yaounde-hie\/\" rel=\"bookmark\" title=\"Concours Institut Sup\u00e9rieur de l\u2019Emergence &#8211; ISE de Yaound\u00e9 2026-2027 HIE\">Concours Institut Sup\u00e9rieur de l\u2019Emergence &#8211; ISE de Yaound\u00e9 2026-2027 HIE<\/a><\/h3><div class=\"vsel-meta-date vsel-meta-single-date\">Date\u00a0: <span>22 septembre 2026<\/span><\/div><div class=\"vsel-meta-time\">Heure\u00a0: <span>7 h 00 min - 14 h 00 min<\/span><\/div><div class=\"vsel-meta-location\">Lieu: <span>Douala et Yaound\u00e9<\/span><\/div><\/div><div class=\"vsel-info vsel-alignright\" style=\"width:60%;\"><figure class=\"vsel-image vsel-alignright\" style=\"max-width:40%\"><img decoding=\"async\" width=\"1280\" height=\"720\" src=\"https:\/\/kamerpower.com\/wp-content\/uploads\/2026\/04\/Concours-ISE-de-Yaounde-Institut-Superieur-de-lEmergence-ISE-HIE-Higher-Institute-of-Emergence.jpg\" class=\"vsel-image-img wp-post-image\" alt=\"Concours ISE de Yaounde - Institut Supe\u0301rieur de l\u2019Emergence - ISE - HIE Higher Institute of Emergence\" srcset=\"https:\/\/kamerpower.com\/wp-content\/uploads\/2026\/04\/Concours-ISE-de-Yaounde-Institut-Superieur-de-lEmergence-ISE-HIE-Higher-Institute-of-Emergence.jpg 1280w, https:\/\/kamerpower.com\/wp-content\/uploads\/2026\/04\/Concours-ISE-de-Yaounde-Institut-Superieur-de-lEmergence-ISE-HIE-Higher-Institute-of-Emergence-300x169.jpg 300w, https:\/\/kamerpower.com\/wp-content\/uploads\/2026\/04\/Concours-ISE-de-Yaounde-Institut-Superieur-de-lEmergence-ISE-HIE-Higher-Institute-of-Emergence-768x432.jpg 768w, https:\/\/kamerpower.com\/wp-content\/uploads\/2026\/04\/Concours-ISE-de-Yaounde-Institut-Superieur-de-lEmergence-ISE-HIE-Higher-Institute-of-Emergence-720x405.jpg 720w, https:\/\/kamerpower.com\/wp-content\/uploads\/2026\/04\/Concours-ISE-de-Yaounde-Institut-Superieur-de-lEmergence-ISE-HIE-Higher-Institute-of-Emergence-520x293.jpg 520w, https:\/\/kamerpower.com\/wp-content\/uploads\/2026\/04\/Concours-ISE-de-Yaounde-Institut-Superieur-de-lEmergence-ISE-HIE-Higher-Institute-of-Emergence-320x180.jpg 320w, https:\/\/kamerpower.com\/wp-content\/uploads\/2026\/04\/Concours-ISE-de-Yaounde-Institut-Superieur-de-lEmergence-ISE-HIE-Higher-Institute-of-Emergence-600x338.jpg 600w, https:\/\/kamerpower.com\/wp-content\/uploads\/2026\/04\/Concours-ISE-de-Yaounde-Institut-Superieur-de-lEmergence-ISE-HIE-Higher-Institute-of-Emergence-150x84.jpg 150w\" sizes=\"(max-width: 1280px) 100vw, 1280px\" \/><\/figure><div class=\"vsel-text\"><p>Concours pour le recrutement de 150 \u00e9tudiants en 1ere ann\u00e9e dans les Mentions Technologies du Tertiaire (MTT) et des Technologies de l\u2019Information et du Num\u00e9rique (MTIN) de la Division de la Formation Initiale \u00e0 ISE Yaounde<\/p>\n<\/div><\/div><\/div><div id=\"event-74798\" class=\"vsel-content concours-lances-au-cameroun vsel-upcoming vsel-future\"><div class=\"vsel-meta vsel-alignleft\" style=\"width:36%;\"><h3 class=\"vsel-meta-title\"><a href=\"https:\/\/kamerpower.com\/fr\/events\/concours-estlc-ambam-universite-ebolowa\/\" rel=\"bookmark\" title=\"Concours ESTLC Ambam de Universit\u00e9 d\u2019Ebolowa 2026-2027\">Concours ESTLC Ambam de Universit\u00e9 d\u2019Ebolowa 2026-2027<\/a><\/h3><div class=\"vsel-meta-date vsel-meta-single-date\">Date\u00a0: <span>26 septembre 2026<\/span><\/div><div class=\"vsel-meta-time\">Heure\u00a0: <span>7 h 00 min - 14 h 00 min<\/span><\/div><div class=\"vsel-meta-location\">Lieu: <span>Ambam, Bafia, Bafoussam, Bertoua, Douala, Ebolowa, Garoua, Buea et Yaounde<\/span><\/div><\/div><div class=\"vsel-info vsel-alignright\" style=\"width:60%;\"><figure class=\"vsel-image vsel-alignright\" style=\"max-width:40%\"><img decoding=\"async\" width=\"1280\" height=\"720\" src=\"https:\/\/kamerpower.com\/wp-content\/uploads\/2026\/04\/Concours-ESTLC-Ambam-PDF-Universite-dEbolowa.jpg\" class=\"vsel-image-img wp-post-image\" alt=\"Concours ESTLC Ambam PDF - Universite\u0301 d\u2019Ebolowa\" srcset=\"https:\/\/kamerpower.com\/wp-content\/uploads\/2026\/04\/Concours-ESTLC-Ambam-PDF-Universite-dEbolowa.jpg 1280w, https:\/\/kamerpower.com\/wp-content\/uploads\/2026\/04\/Concours-ESTLC-Ambam-PDF-Universite-dEbolowa-300x169.jpg 300w, https:\/\/kamerpower.com\/wp-content\/uploads\/2026\/04\/Concours-ESTLC-Ambam-PDF-Universite-dEbolowa-768x432.jpg 768w, https:\/\/kamerpower.com\/wp-content\/uploads\/2026\/04\/Concours-ESTLC-Ambam-PDF-Universite-dEbolowa-720x405.jpg 720w, https:\/\/kamerpower.com\/wp-content\/uploads\/2026\/04\/Concours-ESTLC-Ambam-PDF-Universite-dEbolowa-520x293.jpg 520w, https:\/\/kamerpower.com\/wp-content\/uploads\/2026\/04\/Concours-ESTLC-Ambam-PDF-Universite-dEbolowa-320x180.jpg 320w, https:\/\/kamerpower.com\/wp-content\/uploads\/2026\/04\/Concours-ESTLC-Ambam-PDF-Universite-dEbolowa-600x338.jpg 600w, https:\/\/kamerpower.com\/wp-content\/uploads\/2026\/04\/Concours-ESTLC-Ambam-PDF-Universite-dEbolowa-150x84.jpg 150w\" sizes=\"(max-width: 1280px) 100vw, 1280px\" \/><\/figure><div class=\"vsel-text\"><p>Ouverture du concours ESTLC pour le recrutement en premi\u00e8re ann\u00e9e du cursus des INGENIEURS \u00e0 l&#8217;Ecole Sup\u00e9rieure de Transport, de Logistique et de Commerce (ESTLC) de l\u2019Universit\u00e9 d\u2019Ebolowa \u00e0 Ambam<\/p>\n<\/div><\/div><\/div><div id=\"event-74747\" class=\"vsel-content concours-lances-au-cameroun vsel-upcoming vsel-future\"><div class=\"vsel-meta vsel-alignleft\" style=\"width:36%;\"><h3 class=\"vsel-meta-title\"><a href=\"https:\/\/kamerpower.com\/fr\/events\/concour-esmv-ngaoundere-criteres-epreuves-admission\/\" rel=\"bookmark\" title=\"Concours ESMV Ngaound\u00e9r\u00e9 2026-2027 crit\u00e8res, \u00e9preuves, admission\">Concours ESMV Ngaound\u00e9r\u00e9 2026-2027 crit\u00e8res, \u00e9preuves, admission<\/a><\/h3><div class=\"vsel-meta-date vsel-meta-start-date\">Date de d\u00e9but\u00a0: <span>9 octobre 2026<\/span><\/div><div class=\"vsel-meta-date vsel-meta-end-date\">Date de fin\u00a0: <span>10 octobre 2026<\/span><\/div><div class=\"vsel-meta-time\">Heure\u00a0: <span>7 h 30 min - 16 h 00 min<\/span><\/div><div class=\"vsel-meta-location\">Lieu: <span>Ngaound\u00e9r\u00e9, Dschang, Maroua, Yaound\u00e9, Bu\u00e9a<\/span><\/div><\/div><div class=\"vsel-info vsel-alignright\" style=\"width:60%;\"><figure class=\"vsel-image vsel-alignright\" style=\"max-width:40%\"><img decoding=\"async\" width=\"1280\" height=\"720\" src=\"https:\/\/kamerpower.com\/wp-content\/uploads\/2021\/08\/Universite-de-Ngaoundere-Cours-En-Ligne-IUT-ENS-EGEM-FSEG-EGCIM-FS-FMSB-ENSAI-FALSH-FSJP-FSE.png\" class=\"vsel-image-img wp-post-image\" alt=\"Universit\u00e9 de Ngaound\u00e9r\u00e9 Cours En Ligne IUT, ENS, EGEM FSEG, EGCIM, FS, FMSB, ENSAI, FALSH, FSJP, FSE\" srcset=\"https:\/\/kamerpower.com\/wp-content\/uploads\/2021\/08\/Universite-de-Ngaoundere-Cours-En-Ligne-IUT-ENS-EGEM-FSEG-EGCIM-FS-FMSB-ENSAI-FALSH-FSJP-FSE.png 1280w, https:\/\/kamerpower.com\/wp-content\/uploads\/2021\/08\/Universite-de-Ngaoundere-Cours-En-Ligne-IUT-ENS-EGEM-FSEG-EGCIM-FS-FMSB-ENSAI-FALSH-FSJP-FSE-600x338.png 600w, https:\/\/kamerpower.com\/wp-content\/uploads\/2021\/08\/Universite-de-Ngaoundere-Cours-En-Ligne-IUT-ENS-EGEM-FSEG-EGCIM-FS-FMSB-ENSAI-FALSH-FSJP-FSE-300x169.png 300w, https:\/\/kamerpower.com\/wp-content\/uploads\/2021\/08\/Universite-de-Ngaoundere-Cours-En-Ligne-IUT-ENS-EGEM-FSEG-EGCIM-FS-FMSB-ENSAI-FALSH-FSJP-FSE-768x432.png 768w, https:\/\/kamerpower.com\/wp-content\/uploads\/2021\/08\/Universite-de-Ngaoundere-Cours-En-Ligne-IUT-ENS-EGEM-FSEG-EGCIM-FS-FMSB-ENSAI-FALSH-FSJP-FSE-720x405.png 720w, https:\/\/kamerpower.com\/wp-content\/uploads\/2021\/08\/Universite-de-Ngaoundere-Cours-En-Ligne-IUT-ENS-EGEM-FSEG-EGCIM-FS-FMSB-ENSAI-FALSH-FSJP-FSE-520x293.png 520w, https:\/\/kamerpower.com\/wp-content\/uploads\/2021\/08\/Universite-de-Ngaoundere-Cours-En-Ligne-IUT-ENS-EGEM-FSEG-EGCIM-FS-FMSB-ENSAI-FALSH-FSJP-FSE-320x180.png 320w, https:\/\/kamerpower.com\/wp-content\/uploads\/2021\/08\/Universite-de-Ngaoundere-Cours-En-Ligne-IUT-ENS-EGEM-FSEG-EGCIM-FS-FMSB-ENSAI-FALSH-FSJP-FSE-150x84.png 150w, https:\/\/kamerpower.com\/wp-content\/uploads\/2021\/08\/Universite-de-Ngaoundere-Cours-En-Ligne-IUT-ENS-EGEM-FSEG-EGCIM-FS-FMSB-ENSAI-FALSH-FSJP-FSE-1200x675.png 1200w\" sizes=\"(max-width: 1280px) 100vw, 1280px\" \/><\/figure><div class=\"vsel-text\"><p>Concours sur \u00e9preuves pour le recrutement \u00e9l\u00e8ves en premi\u00e9re ann\u00e9e des Docteurs v\u00e9t\u00e9rinaires et \u00e9l\u00e8ves en premi\u00e8re ann\u00e9e des Ing\u00e9nieurs en Productions Animales de l\u2019Ecole des Sciences et de M\u00e9decine V\u00e9t\u00e9rinaires (ESMV) de l&#8217;Universit\u00e9 de Ngaound\u00e9r\u00e9.<\/p>\n<\/div><\/div><\/div><div class=\"vsel-nav\"><\/div><\/div>\n<hr \/>\n<h3><span style=\"color: #339966;\"><strong>TOUTE CONCOURS DISPONIBLES AU CAMEROUN EN 2026<\/strong><\/span><\/h3>\n<hr \/>\n<div id=\"vsel\" class=\"vsel-shortcode vsel-shortcode-past-events\"><div id=\"event-74452\" class=\"vsel-content concours-lances-au-cameroun vsel-past\"><div class=\"vsel-meta vsel-alignleft\" style=\"width:36%;\"><h3 class=\"vsel-meta-title\"><a href=\"https:\/\/kamerpower.com\/fr\/events\/le-concours-iai-date\/\" rel=\"bookmark\" title=\"Le Concours IAI Date Epreuves 2026 Cameroun\">Le Concours IAI Date Epreuves 2026 Cameroun<\/a><\/h3><div class=\"vsel-meta-date vsel-meta-single-date\">Date\u00a0: <span>25 avril 2026<\/span><\/div><div class=\"vsel-meta-time\">Heure\u00a0: <span>7 h 00 min - 15 h 00 min<\/span><\/div><div class=\"vsel-meta-location\">Lieu: <span>Cameroun<\/span><\/div><\/div><div class=\"vsel-info vsel-alignright\" style=\"width:60%;\"><figure class=\"vsel-image vsel-alignright\" style=\"max-width:40%\"><img decoding=\"async\" width=\"1280\" height=\"720\" src=\"https:\/\/kamerpower.com\/wp-content\/uploads\/2016\/02\/Concours-IAI-Cameroun-2016-2017-Epreuves-concours-iai-cameroun.png\" class=\"vsel-image-img wp-post-image\" alt=\"Concours IAI Cameroun 2026-2027 Epreuves Gabon IAI\" srcset=\"https:\/\/kamerpower.com\/wp-content\/uploads\/2016\/02\/Concours-IAI-Cameroun-2016-2017-Epreuves-concours-iai-cameroun.png 1280w, https:\/\/kamerpower.com\/wp-content\/uploads\/2016\/02\/Concours-IAI-Cameroun-2016-2017-Epreuves-concours-iai-cameroun-600x338.png 600w\" sizes=\"(max-width: 1280px) 100vw, 1280px\" \/><\/figure><div class=\"vsel-text\"><p>Une opportunit\u00e9 majeure pour les jeunes bacheliers de se former aux m\u00e9tiers d&#8217;avenir dans le secteur du num\u00e9rique. L&#8217;Institut Africain d&#8217;Informatique (IAI-Cameroun), Centre d\u2019Excellence Technologique Paul BIYA, annonce l&#8217;ouverture de son concours.<\/p>\n<\/div><\/div><\/div><div id=\"event-74512\" class=\"vsel-content concours-lances-au-cameroun vsel-past\"><div class=\"vsel-meta vsel-alignleft\" style=\"width:36%;\"><h3 class=\"vsel-meta-title\"><a href=\"https:\/\/kamerpower.com\/fr\/events\/examen-daptitude-au-stage-avocat-cameroun\/\" rel=\"bookmark\" title=\"Examen d\u2019Aptitude au Stage d\u2019Avocat au Cameroun 2026\">Examen d\u2019Aptitude au Stage d\u2019Avocat au Cameroun 2026<\/a><\/h3><div class=\"vsel-meta-date vsel-meta-start-date\">Date de d\u00e9but\u00a0: <span>18 avril 2026<\/span><\/div><div class=\"vsel-meta-date vsel-meta-end-date\">Date de fin\u00a0: <span>19 avril 2026<\/span><\/div><div class=\"vsel-meta-time\">Heure\u00a0: <span>7 h 00 min - 15 h 00 min<\/span><\/div><div class=\"vsel-meta-location\">Lieu: <span>Yaound\u00e9.<\/span><\/div><\/div><div class=\"vsel-info vsel-alignright\" style=\"width:60%;\"><figure class=\"vsel-image vsel-alignright\" style=\"max-width:40%\"><img decoding=\"async\" width=\"1280\" height=\"720\" src=\"https:\/\/kamerpower.com\/wp-content\/uploads\/MINJUSTICE-Minist\u00e8re-de-la-justice-Cameroun-www.minjustice.gov_.cm_.png\" class=\"vsel-image-img wp-post-image\" alt=\"MINJUSTICE - Minist\u00e8re de la justice Cameroun www.minjustice.gov.cm\" srcset=\"https:\/\/kamerpower.com\/wp-content\/uploads\/MINJUSTICE-Minist\u00e8re-de-la-justice-Cameroun-www.minjustice.gov_.cm_.png 1280w, https:\/\/kamerpower.com\/wp-content\/uploads\/MINJUSTICE-Minist\u00e8re-de-la-justice-Cameroun-www.minjustice.gov_.cm_-600x338.png 600w, https:\/\/kamerpower.com\/wp-content\/uploads\/MINJUSTICE-Minist\u00e8re-de-la-justice-Cameroun-www.minjustice.gov_.cm_-300x169.png 300w, https:\/\/kamerpower.com\/wp-content\/uploads\/MINJUSTICE-Minist\u00e8re-de-la-justice-Cameroun-www.minjustice.gov_.cm_-768x432.png 768w, https:\/\/kamerpower.com\/wp-content\/uploads\/MINJUSTICE-Minist\u00e8re-de-la-justice-Cameroun-www.minjustice.gov_.cm_-150x84.png 150w\" sizes=\"(max-width: 1280px) 100vw, 1280px\" \/><\/figure><div class=\"vsel-text\"><p>Examen d\u2019Aptitude au Stage d\u2019Avocat au Cameroun, session 2026, sera organis\u00e9 les 18 et 19 avril 2026 \u00e0 Yaound\u00e9. \u00catre titulaire de la Licence en Droit ou d\u2019un dipl\u00f4me reconnu \u00e9quivalent.<\/p>\n<\/div><\/div><\/div><div id=\"event-74658\" class=\"vsel-content concours-disponibles-actuellement-au-senegal concours-lances-au-cameroun vsel-past\"><div class=\"vsel-meta vsel-alignleft\" style=\"width:36%;\"><h3 class=\"vsel-meta-title\"><a href=\"https:\/\/kamerpower.com\/fr\/events\/concours-issea-yaounde-ensae-senegal-ensea-abidjan\/\" rel=\"bookmark\" title=\"Concours ISSEA Yaounde, ENSAE Senegal, ENSEA Abidjan 2026\">Concours ISSEA Yaounde, ENSAE Senegal, ENSEA Abidjan 2026<\/a><\/h3><div class=\"vsel-meta-date vsel-meta-start-date\">Date de d\u00e9but\u00a0: <span>7 avril 2026<\/span><\/div><div class=\"vsel-meta-date vsel-meta-end-date\">Date de fin\u00a0: <span>10 avril 2026<\/span><\/div><div class=\"vsel-meta-time\">Heure\u00a0: <span>8 h 00 min - 12 h 00 min<\/span><\/div><div class=\"vsel-meta-location\">Lieu: <span>Abidjan, Yaound\u00e9, Dakar, Cotonou<\/span><\/div><\/div><div class=\"vsel-info vsel-alignright\" style=\"width:60%;\"><figure class=\"vsel-image vsel-alignright\" style=\"max-width:40%\"><img decoding=\"async\" width=\"1280\" height=\"720\" src=\"https:\/\/kamerpower.com\/wp-content\/uploads\/2021\/01\/Comment-integrer-lENSEA-Concours-dentree-TSS-AS-ISE-2021-2022-Cote-divoire.jpg\" class=\"vsel-image-img wp-post-image\" alt=\"Comment integrer l&#039;ENSEA - Concours d&#039;entr\u00e9e TSS, AS &amp; ISE 2026-2027 Cote d&#039;ivoire\" srcset=\"https:\/\/kamerpower.com\/wp-content\/uploads\/2021\/01\/Comment-integrer-lENSEA-Concours-dentree-TSS-AS-ISE-2021-2022-Cote-divoire.jpg 1280w, https:\/\/kamerpower.com\/wp-content\/uploads\/2021\/01\/Comment-integrer-lENSEA-Concours-dentree-TSS-AS-ISE-2021-2022-Cote-divoire-600x338.jpg 600w\" sizes=\"(max-width: 1280px) 100vw, 1280px\" \/><\/figure><div class=\"vsel-text\"><p>ENSEA, ISSEA et\u00a0ENSAE (Concours ENSAE Senegal TSS ISE ITS) Ecole Nationale de la Statistique et de l\u2019Analyse Economique Concours ISSEA (ENSAE Dakar &#8211; Yaounde &#8211; Abidjan)<\/p>\n<\/div><\/div><\/div><div id=\"event-74648\" class=\"vsel-content concours-lances-au-cameroun vsel-past\"><div class=\"vsel-meta vsel-alignleft\" style=\"width:36%;\"><h3 class=\"vsel-meta-title\"><a href=\"https:\/\/kamerpower.com\/fr\/events\/capesa-inscriptions-ise-cycle-long-as\/\" rel=\"bookmark\" title=\"Date Concours du CAPESA 2026-2027 et Inscriptions &#8211; ISE cycle long \/ AS et ISE\">Date Concours du CAPESA 2026-2027 et Inscriptions &#8211; ISE cycle long \/ AS et ISE<\/a><\/h3><div class=\"vsel-meta-date vsel-meta-start-date\">Date de d\u00e9but\u00a0: <span>7 avril 2026<\/span><\/div><div class=\"vsel-meta-date vsel-meta-end-date\">Date de fin\u00a0: <span>10 avril 2026<\/span><\/div><div class=\"vsel-meta-time\">Heure\u00a0: <span>7 h 30 min - 15 h 30 min<\/span><\/div><div class=\"vsel-meta-location\">Lieu: <span>R\u00e9gion CEMAC<\/span><\/div><\/div><div class=\"vsel-info vsel-alignright\" style=\"width:60%;\"><figure class=\"vsel-image vsel-alignright\" style=\"max-width:40%\"><img decoding=\"async\" width=\"1280\" height=\"720\" src=\"https:\/\/kamerpower.com\/wp-content\/uploads\/2015\/12\/ISSEA-cemac-Cameroun-Concours-Epreuves-et-Resultats.jpg\" class=\"vsel-image-img wp-post-image\" alt=\"ISSEA cemac Cameroun Concours, Epreuves et Resultats EAMAU Concours\" srcset=\"https:\/\/kamerpower.com\/wp-content\/uploads\/2015\/12\/ISSEA-cemac-Cameroun-Concours-Epreuves-et-Resultats.jpg 1280w, https:\/\/kamerpower.com\/wp-content\/uploads\/2015\/12\/ISSEA-cemac-Cameroun-Concours-Epreuves-et-Resultats-600x338.jpg 600w, https:\/\/kamerpower.com\/wp-content\/uploads\/2015\/12\/ISSEA-cemac-Cameroun-Concours-Epreuves-et-Resultats-300x169.jpg 300w, https:\/\/kamerpower.com\/wp-content\/uploads\/2015\/12\/ISSEA-cemac-Cameroun-Concours-Epreuves-et-Resultats-768x432.jpg 768w, https:\/\/kamerpower.com\/wp-content\/uploads\/2015\/12\/ISSEA-cemac-Cameroun-Concours-Epreuves-et-Resultats-1024x576.jpg 1024w, https:\/\/kamerpower.com\/wp-content\/uploads\/2015\/12\/ISSEA-cemac-Cameroun-Concours-Epreuves-et-Resultats-520x293.jpg 520w, https:\/\/kamerpower.com\/wp-content\/uploads\/2015\/12\/ISSEA-cemac-Cameroun-Concours-Epreuves-et-Resultats-1200x675.jpg 1200w\" sizes=\"(max-width: 1280px) 100vw, 1280px\" \/><\/figure><div class=\"vsel-text\"><p>Ouverture d&#8217;un concours de formation pour le recrutement des \u00e9l\u00e8ves Ing\u00e9nieurs Statisticiens \u00c9conomistes (ISE) cycle long et AS au Centre d&#8217;Appui aux \u00c9coles de Statistique Africaines (CAPESA).<\/p>\n<\/div><\/div><\/div><div id=\"event-74131\" class=\"vsel-content concours-lances-au-cameroun vsel-past\"><div class=\"vsel-meta vsel-alignleft\" style=\"width:36%;\"><h3 class=\"vsel-meta-title\"><a href=\"https:\/\/kamerpower.com\/fr\/events\/concours-emia-cameroun-yaounde-forces-de-defense\/\" rel=\"bookmark\" title=\"Concours EMIA 2026-2027 Cameroun EMIA Yaounde\">Concours EMIA 2026-2027 Cameroun EMIA Yaounde<\/a><\/h3><div class=\"vsel-meta-date vsel-meta-single-date\">Date\u00a0: <span>30 mars 2026<\/span><\/div><div class=\"vsel-meta-time\">Heure\u00a0: <span>7 h 00 min - 15 h 00 min<\/span><\/div><div class=\"vsel-meta-location\">Lieu: <span>EMIA Yaounde<\/span><\/div><\/div><div class=\"vsel-info vsel-alignright\" style=\"width:60%;\"><figure class=\"vsel-image vsel-alignright\" style=\"max-width:40%\"><img decoding=\"async\" width=\"1280\" height=\"720\" src=\"https:\/\/kamerpower.com\/wp-content\/uploads\/2014\/10\/EMIA-300x2001.jpg\" class=\"vsel-image-img wp-post-image\" alt=\"Concours EMIA 2026-2027 Cameroun EMIA Yaounde: Le gouvernement lance le concours d&#039;entr\u00e9e en EMIA Yaounde - Cameroun 2026-2027 MINDEF.\" srcset=\"https:\/\/kamerpower.com\/wp-content\/uploads\/2014\/10\/EMIA-300x2001.jpg 1280w, https:\/\/kamerpower.com\/wp-content\/uploads\/2014\/10\/EMIA-300x2001-600x338.jpg 600w, https:\/\/kamerpower.com\/wp-content\/uploads\/2014\/10\/EMIA-300x2001-300x169.jpg 300w, https:\/\/kamerpower.com\/wp-content\/uploads\/2014\/10\/EMIA-300x2001-768x432.jpg 768w, https:\/\/kamerpower.com\/wp-content\/uploads\/2014\/10\/EMIA-300x2001-150x84.jpg 150w\" sizes=\"(max-width: 1280px) 100vw, 1280px\" \/><\/figure><div class=\"vsel-text\"><p>Concours EMIA 2026-2027 Cameroun EMIA Yaounde. Il est port\u00e9 \u00e0 la connaissance des jeunes camerounais des deux sexes d\u00e9sireux\u00a0de faire carri\u00e8re dans les Forces de D\u00e9fense.<\/p>\n<\/div><\/div><\/div><div id=\"event-74571\" class=\"vsel-content concours-lances-au-cameroun vsel-past\"><div class=\"vsel-meta vsel-alignleft\" style=\"width:36%;\"><h3 class=\"vsel-meta-title\"><a href=\"https:\/\/kamerpower.com\/fr\/events\/ouverture-ens-de-yaounde-concours-dentree\/\" rel=\"bookmark\" title=\"Ouverture ENS de Yaounde concours d&#8217;entr\u00e9e 2026\">Ouverture ENS de Yaounde concours d&#8217;entr\u00e9e 2026<\/a><\/h3><div class=\"vsel-meta-date vsel-meta-start-date\">Date de d\u00e9but\u00a0: <span>14 mars 2026<\/span><\/div><div class=\"vsel-meta-date vsel-meta-end-date\">Date de fin\u00a0: <span>15 mars 2026<\/span><\/div><div class=\"vsel-meta-time\">Heure\u00a0: <span>8 h 00 min - 15 h 00 min<\/span><\/div><div class=\"vsel-meta-location\">Lieu: <span>Bafoussam, Douala, Ebolowa, et Yaound\u00e9<\/span><\/div><\/div><div class=\"vsel-info vsel-alignright\" style=\"width:60%;\"><figure class=\"vsel-image vsel-alignright\" style=\"max-width:40%\"><img decoding=\"async\" width=\"1280\" height=\"720\" src=\"https:\/\/kamerpower.com\/wp-content\/uploads\/2014\/12\/university-of-Yaounde-1-150x150.png\" class=\"vsel-image-img wp-post-image\" alt=\"Universit\u00e9 de Yaound\u00e9 1 Cameroun - University of Yaounde 1\" srcset=\"https:\/\/kamerpower.com\/wp-content\/uploads\/2014\/12\/university-of-Yaounde-1-150x150.png 1280w, https:\/\/kamerpower.com\/wp-content\/uploads\/2014\/12\/university-of-Yaounde-1-150x150-600x338.png 600w, https:\/\/kamerpower.com\/wp-content\/uploads\/2014\/12\/university-of-Yaounde-1-150x150-300x169.png 300w, https:\/\/kamerpower.com\/wp-content\/uploads\/2014\/12\/university-of-Yaounde-1-150x150-768x432.png 768w, https:\/\/kamerpower.com\/wp-content\/uploads\/2014\/12\/university-of-Yaounde-1-150x150-720x405.png 720w, https:\/\/kamerpower.com\/wp-content\/uploads\/2014\/12\/university-of-Yaounde-1-150x150-520x293.png 520w, https:\/\/kamerpower.com\/wp-content\/uploads\/2014\/12\/university-of-Yaounde-1-150x150-320x180.png 320w, https:\/\/kamerpower.com\/wp-content\/uploads\/2014\/12\/university-of-Yaounde-1-150x150-150x84.png 150w, https:\/\/kamerpower.com\/wp-content\/uploads\/2014\/12\/university-of-Yaounde-1-150x150-1200x675.png 1200w\" sizes=\"(max-width: 1280px) 100vw, 1280px\" \/><\/figure><div class=\"vsel-text\"><p>Concours sur \u00e9preuves pour le recrutement en 1\u00e8re\u00a0ann\u00e9e du 1\u00e8re cycle et 1\u00e8re ann\u00e9e du 2nd Cycle\u00a0de ENS Yaounde l&#8217;Ecole Normale\u00a0Sup\u00e9rieure de l&#8217;Universit\u00e9 de Yaounde I (ENS) est ouvert.<\/p>\n<\/div><\/div><\/div><div id=\"event-74132\" class=\"vsel-content concours-lances-au-cameroun vsel-past\"><div class=\"vsel-meta vsel-alignleft\" style=\"width:36%;\"><h3 class=\"vsel-meta-title\"><a href=\"https:\/\/kamerpower.com\/fr\/events\/concours-enset-douala-1ere-2eme-3eme-annee-universite-de-douala\/\" rel=\"bookmark\" title=\"Arret\u00e9 Concours ENSET de Douala 2026-2027 1\u00e8re 2\u00e8me 3\u00e8me ann\u00e9e Universit\u00e9 de Douala\">Arret\u00e9 Concours ENSET de Douala 2026-2027 1\u00e8re 2\u00e8me 3\u00e8me ann\u00e9e Universit\u00e9 de Douala<\/a><\/h3><div class=\"vsel-meta-date vsel-meta-start-date\">Date de d\u00e9but\u00a0: <span>14 mars 2026<\/span><\/div><div class=\"vsel-meta-date vsel-meta-end-date\">Date de fin\u00a0: <span>15 mars 2026<\/span><\/div><div class=\"vsel-meta-time\">Heure\u00a0: <span>7 h 00 min - 15 h 00 min<\/span><\/div><div class=\"vsel-meta-location\">Lieu: <span>Douala, Bafoussam, Bamenda, Bertoua, Buea,  Ebolowa, Garoua, Maroua, Ngaoundere, et Yaounde<\/span><\/div><\/div><div class=\"vsel-info vsel-alignright\" style=\"width:60%;\"><figure class=\"vsel-image vsel-alignright\" style=\"max-width:40%\"><img decoding=\"async\" width=\"1280\" height=\"720\" src=\"https:\/\/kamerpower.com\/wp-content\/uploads\/2017\/04\/Concours-CEPAMOQ-Universit\u00e9-de-Douala-2017-2018-Master-II.png\" class=\"vsel-image-img wp-post-image\" alt=\"Concours CEPAMOQ Universit\u00e9 de Douala 2026-2027 Master II\" srcset=\"https:\/\/kamerpower.com\/wp-content\/uploads\/2017\/04\/Concours-CEPAMOQ-Universit\u00e9-de-Douala-2017-2018-Master-II.png 1280w, https:\/\/kamerpower.com\/wp-content\/uploads\/2017\/04\/Concours-CEPAMOQ-Universit\u00e9-de-Douala-2017-2018-Master-II-600x338.png 600w, https:\/\/kamerpower.com\/wp-content\/uploads\/2017\/04\/Concours-CEPAMOQ-Universit\u00e9-de-Douala-2017-2018-Master-II-300x169.png 300w, https:\/\/kamerpower.com\/wp-content\/uploads\/2017\/04\/Concours-CEPAMOQ-Universit\u00e9-de-Douala-2017-2018-Master-II-768x432.png 768w, https:\/\/kamerpower.com\/wp-content\/uploads\/2017\/04\/Concours-CEPAMOQ-Universit\u00e9-de-Douala-2017-2018-Master-II-150x84.png 150w\" sizes=\"(max-width: 1280px) 100vw, 1280px\" \/><\/figure><div class=\"vsel-text\"><p>Portant ouverture des concours d\u2019entr\u00e9e en 1\u00e8re ann\u00e9e du premier cycle, en 3\u00e8me ann\u00e9e du premier cycle, en 1\u00e8re ann\u00e9e du second cycle et en 2\u00e8me ann\u00e9e du second cycle \u00e0 l\u2019Ecole Normale Sup\u00e9rieure d\u2019Enseignement Technique de l\u2019Universit\u00e9 de Douala.<\/p>\n<\/div><\/div><\/div><div id=\"event-74575\" class=\"vsel-content concours-lances-au-cameroun vsel-past\"><div class=\"vsel-meta vsel-alignleft\" style=\"width:36%;\"><h3 class=\"vsel-meta-title\"><a href=\"https:\/\/kamerpower.com\/fr\/events\/ouverture-concours-ecole-normale-superieure-de-universite-de-maroua\/\" rel=\"bookmark\" title=\"Ouverture du concours Ecole\u00a0Normale Sup\u00e9rieure de l&#8217;Universit\u00e9 de Maroua 2026\/2027\">Ouverture du concours Ecole\u00a0Normale Sup\u00e9rieure de l&#8217;Universit\u00e9 de Maroua 2026\/2027<\/a><\/h3><div class=\"vsel-meta-date vsel-meta-start-date\">Date de d\u00e9but\u00a0: <span>13 mars 2026<\/span><\/div><div class=\"vsel-meta-date vsel-meta-end-date\">Date de fin\u00a0: <span>14 mars 2026<\/span><\/div><div class=\"vsel-meta-time\">Heure\u00a0: <span>7 h 00 min - 14 h 00 min<\/span><\/div><div class=\"vsel-meta-location\">Lieu: <span>Bertoua, Douala, Dschang, Maroua, Garoua, Ngaound\u00e9r\u00e9, Yaound\u00e9<\/span><\/div><\/div><div class=\"vsel-info vsel-alignright\" style=\"width:60%;\"><figure class=\"vsel-image vsel-alignright\" style=\"max-width:40%\"><img decoding=\"async\" width=\"1280\" height=\"720\" src=\"https:\/\/kamerpower.com\/wp-content\/uploads\/2021\/08\/Le-Universite-de-Maroua-Universite-du-cameroun-Dernieres-informations.jpg\" class=\"vsel-image-img wp-post-image\" alt=\"Le Universit\u00e9 de Maroua - Universit\u00e9 du cameroun Derni\u00e8res informations\" srcset=\"https:\/\/kamerpower.com\/wp-content\/uploads\/2021\/08\/Le-Universite-de-Maroua-Universite-du-cameroun-Dernieres-informations.jpg 1280w, https:\/\/kamerpower.com\/wp-content\/uploads\/2021\/08\/Le-Universite-de-Maroua-Universite-du-cameroun-Dernieres-informations-600x338.jpg 600w, https:\/\/kamerpower.com\/wp-content\/uploads\/2021\/08\/Le-Universite-de-Maroua-Universite-du-cameroun-Dernieres-informations-300x169.jpg 300w, https:\/\/kamerpower.com\/wp-content\/uploads\/2021\/08\/Le-Universite-de-Maroua-Universite-du-cameroun-Dernieres-informations-768x432.jpg 768w, https:\/\/kamerpower.com\/wp-content\/uploads\/2021\/08\/Le-Universite-de-Maroua-Universite-du-cameroun-Dernieres-informations-720x405.jpg 720w, https:\/\/kamerpower.com\/wp-content\/uploads\/2021\/08\/Le-Universite-de-Maroua-Universite-du-cameroun-Dernieres-informations-520x293.jpg 520w, https:\/\/kamerpower.com\/wp-content\/uploads\/2021\/08\/Le-Universite-de-Maroua-Universite-du-cameroun-Dernieres-informations-320x180.jpg 320w, https:\/\/kamerpower.com\/wp-content\/uploads\/2021\/08\/Le-Universite-de-Maroua-Universite-du-cameroun-Dernieres-informations-150x84.jpg 150w, https:\/\/kamerpower.com\/wp-content\/uploads\/2021\/08\/Le-Universite-de-Maroua-Universite-du-cameroun-Dernieres-informations-1200x675.jpg 1200w\" sizes=\"(max-width: 1280px) 100vw, 1280px\" \/><\/figure><div class=\"vsel-text\"><p>Ouverture du concours d&#8217;entr\u00e9e de recrutement de la section des El\u00e8ves-Professeurs de l&#8217;Enseignement Secondaire G\u00e9n\u00e9ral Ecole Normale Sup\u00e9rieure de l&#8217;Universit\u00e9 de Maroua (ENS de Maroua 1\u00e8re ann\u00e9e du 1er Cycle et 1\u00e8re ann\u00e9e du 2eme Cycle).<\/p>\n<\/div><\/div><\/div><div id=\"event-74532\" class=\"vsel-content concours-lances-au-cameroun vsel-past\"><div class=\"vsel-meta vsel-alignleft\" style=\"width:36%;\"><h3 class=\"vsel-meta-title\"><a href=\"https:\/\/kamerpower.com\/fr\/events\/concours-dentree-a-enset-ebolowa-dates-importantes-inscription\/\" rel=\"bookmark\" title=\"Concours d&#8217;entr\u00e9e \u00e0 l&#8217;ENSET d&#8217;Ebolowa Dates importantes 2026 Inscription\">Concours d&#8217;entr\u00e9e \u00e0 l&#8217;ENSET d&#8217;Ebolowa Dates importantes 2026 Inscription<\/a><\/h3><div class=\"vsel-meta-date vsel-meta-start-date\">Date de d\u00e9but\u00a0: <span>12 mars 2026<\/span><\/div><div class=\"vsel-meta-date vsel-meta-end-date\">Date de fin\u00a0: <span>13 mars 2026<\/span><\/div><div class=\"vsel-meta-time\">Heure\u00a0: <span>8 h 00 min - 15 h 00 min<\/span><\/div><div class=\"vsel-meta-location\">Lieu: <span>Bafoussam, Bambili, Buea, Ngaoundere, Yaound\u00e9, Ebolowa<\/span><\/div><\/div><div class=\"vsel-info vsel-alignright\" style=\"width:60%;\"><figure class=\"vsel-image vsel-alignright\" style=\"max-width:40%\"><img decoding=\"async\" width=\"1280\" height=\"720\" src=\"https:\/\/kamerpower.com\/wp-content\/uploads\/2017\/12\/Concours-ENSET-d\u2019Ebolowa-Cameroun-2018-2019-2020-2021-un-cadeau-pour-la-jeunesse.png\" class=\"vsel-image-img wp-post-image\" alt=\"Concours ENSET d\u2019Ebolowa Cameroun 2026-2027-2026 un cadeau pour la jeunesse\" srcset=\"https:\/\/kamerpower.com\/wp-content\/uploads\/2017\/12\/Concours-ENSET-d\u2019Ebolowa-Cameroun-2018-2019-2020-2021-un-cadeau-pour-la-jeunesse.png 1280w, https:\/\/kamerpower.com\/wp-content\/uploads\/2017\/12\/Concours-ENSET-d\u2019Ebolowa-Cameroun-2018-2019-2020-2021-un-cadeau-pour-la-jeunesse-600x338.png 600w, https:\/\/kamerpower.com\/wp-content\/uploads\/2017\/12\/Concours-ENSET-d\u2019Ebolowa-Cameroun-2018-2019-2020-2021-un-cadeau-pour-la-jeunesse-300x169.png 300w, https:\/\/kamerpower.com\/wp-content\/uploads\/2017\/12\/Concours-ENSET-d\u2019Ebolowa-Cameroun-2018-2019-2020-2021-un-cadeau-pour-la-jeunesse-768x432.png 768w, https:\/\/kamerpower.com\/wp-content\/uploads\/2017\/12\/Concours-ENSET-d\u2019Ebolowa-Cameroun-2018-2019-2020-2021-un-cadeau-pour-la-jeunesse-150x84.png 150w\" sizes=\"(max-width: 1280px) 100vw, 1280px\" \/><\/figure><div class=\"vsel-text\"><p>Ouverture et inscription du concours pour le recrutement en 1ere ann\u00e9e du 1er cycle et 1ere ann\u00e9e du 2nd cycle des El\u00e8ves-Professeurs \u00e0 l\u2019Ecole Normale Sup\u00e9rieure d\u2019Enseignement Technique (ENSET Ebolowa Cameroun.<\/p>\n<\/div><\/div><\/div><div id=\"event-74563\" class=\"vsel-content concours-lances-au-cameroun vsel-past\"><div class=\"vsel-meta vsel-alignleft\" style=\"width:36%;\"><h3 class=\"vsel-meta-title\"><a href=\"https:\/\/kamerpower.com\/fr\/events\/concours-entree-ecole-normale-superieure-de-bertoua\/\" rel=\"bookmark\" title=\"Concours d\u2019entr\u00e9e en Ecole Normale Sup\u00e9rieure de Bertoua 2026\">Concours d\u2019entr\u00e9e en Ecole Normale Sup\u00e9rieure de Bertoua 2026<\/a><\/h3><div class=\"vsel-meta-date vsel-meta-start-date\">Date de d\u00e9but\u00a0: <span>12 mars 2026<\/span><\/div><div class=\"vsel-meta-date vsel-meta-end-date\">Date de fin\u00a0: <span>13 mars 2026<\/span><\/div><div class=\"vsel-meta-time\">Heure\u00a0: <span>7 h 00 min - 15 h 00 min<\/span><\/div><div class=\"vsel-meta-location\">Lieu: <span>Bertoua, Ngaound\u00e9r\u00e9 et Yaound\u00e9<\/span><\/div><\/div><div class=\"vsel-info vsel-alignright\" style=\"width:60%;\"><figure class=\"vsel-image vsel-alignright\" style=\"max-width:40%\"><img decoding=\"async\" width=\"1280\" height=\"720\" src=\"https:\/\/kamerpower.com\/wp-content\/uploads\/2016\/11\/Concours-ENS-de-Bertoua-2018-2019-Cr\u00e9ation-de-lEcole-Normale-Sup\u00e9rieure-Bertoua-Concours-ENS-Bertoua.jpg\" class=\"vsel-image-img wp-post-image\" alt=\"Concours ENS de Bertoua 2026-2027 Cr\u00e9ation de l&#039;Ecole Normale Sup\u00e9rieure Bertoua Concours ENS Bertoua\" srcset=\"https:\/\/kamerpower.com\/wp-content\/uploads\/2016\/11\/Concours-ENS-de-Bertoua-2018-2019-Cr\u00e9ation-de-lEcole-Normale-Sup\u00e9rieure-Bertoua-Concours-ENS-Bertoua.jpg 1280w, https:\/\/kamerpower.com\/wp-content\/uploads\/2016\/11\/Concours-ENS-de-Bertoua-2018-2019-Cr\u00e9ation-de-lEcole-Normale-Sup\u00e9rieure-Bertoua-Concours-ENS-Bertoua-600x338.jpg 600w, https:\/\/kamerpower.com\/wp-content\/uploads\/2016\/11\/Concours-ENS-de-Bertoua-2018-2019-Cr\u00e9ation-de-lEcole-Normale-Sup\u00e9rieure-Bertoua-Concours-ENS-Bertoua-300x169.jpg 300w, https:\/\/kamerpower.com\/wp-content\/uploads\/2016\/11\/Concours-ENS-de-Bertoua-2018-2019-Cr\u00e9ation-de-lEcole-Normale-Sup\u00e9rieure-Bertoua-Concours-ENS-Bertoua-768x432.jpg 768w, https:\/\/kamerpower.com\/wp-content\/uploads\/2016\/11\/Concours-ENS-de-Bertoua-2018-2019-Cr\u00e9ation-de-lEcole-Normale-Sup\u00e9rieure-Bertoua-Concours-ENS-Bertoua-150x84.jpg 150w\" sizes=\"(max-width: 1280px) 100vw, 1280px\" \/><\/figure><div class=\"vsel-text\"><p>Ouverture du concours d\u2019entr\u00e9e en 1\u00e8re \u00c0n\u00e9e du 2nd Cycle et 1\u00e8re Ann\u00e9e du 1er Cycle de la section des El\u00e8ves-Professeurs de l\u2019Enseignement secondaire g\u00e9n\u00e9ral de l\u2019Ecole Normale Sup\u00e9rieure de Bertoua.<\/p>\n<\/div><\/div><\/div><div id=\"event-74443\" class=\"vsel-content concours-lances-au-cameroun vsel-past\"><div class=\"vsel-meta vsel-alignleft\" style=\"width:36%;\"><h3 class=\"vsel-meta-title\"><a href=\"https:\/\/kamerpower.com\/fr\/events\/iford-dates-concours-institut-de-formation-et-de-recherche-demographiques\/\" rel=\"bookmark\" title=\"IFORD 2026-2027 dates Concours Institut de formation et de recherche demographiques\">IFORD 2026-2027 dates Concours Institut de formation et de recherche demographiques<\/a><\/h3><div class=\"vsel-meta-date vsel-meta-start-date\">Date de d\u00e9but\u00a0: <span>24 f\u00e9vrier 2026<\/span><\/div><div class=\"vsel-meta-date vsel-meta-end-date\">Date de fin\u00a0: <span>25 f\u00e9vrier 2026<\/span><\/div><div class=\"vsel-meta-time\">Heure\u00a0: <span>7 h 00 min - 15 h 00 min<\/span><\/div><div class=\"vsel-meta-location\">Lieu: <span>Yaound\u00e9<\/span><\/div><\/div><div class=\"vsel-info vsel-alignright\" style=\"width:60%;\"><figure class=\"vsel-image vsel-alignright\" style=\"max-width:40%\"><img decoding=\"async\" width=\"1280\" height=\"720\" src=\"https:\/\/kamerpower.com\/wp-content\/uploads\/2016\/01\/IFORD-Concours-Resultats-anciens-sujets.jpeg\" class=\"vsel-image-img wp-post-image\" alt=\"Concours IFORD 2026-2027 IFORD Concours, Resultats, anciens sujets\" srcset=\"https:\/\/kamerpower.com\/wp-content\/uploads\/2016\/01\/IFORD-Concours-Resultats-anciens-sujets.jpeg 1280w, https:\/\/kamerpower.com\/wp-content\/uploads\/2016\/01\/IFORD-Concours-Resultats-anciens-sujets-600x338.jpeg 600w, https:\/\/kamerpower.com\/wp-content\/uploads\/2016\/01\/IFORD-Concours-Resultats-anciens-sujets-300x169.jpeg 300w, https:\/\/kamerpower.com\/wp-content\/uploads\/2016\/01\/IFORD-Concours-Resultats-anciens-sujets-768x432.jpeg 768w, https:\/\/kamerpower.com\/wp-content\/uploads\/2016\/01\/IFORD-Concours-Resultats-anciens-sujets-150x84.jpeg 150w\" sizes=\"(max-width: 1280px) 100vw, 1280px\" \/><\/figure><div class=\"vsel-text\"><p>Le concours d\u2019entr\u00e9e \u00e0 l\u2019 IFORD est ouvert, le concours Institut de formation et de recherche demographiques aura lieu les 24 et 25 f\u00e9vrier 2026 dans les diff\u00e9rents centres d\u2019examen. Les candidats d\u00e9sireux de s\u2019inscrire doivent se procurer un dossier sp\u00e9cial d\u2019inscription aupr\u00e8s de la direction de la statistitique.<\/p>\n<\/div><\/div><\/div><div id=\"event-74612\" class=\"vsel-content concours-lances-au-cameroun vsel-past\"><div class=\"vsel-meta vsel-alignleft\" style=\"width:36%;\"><h3 class=\"vsel-meta-title\"><a href=\"https:\/\/kamerpower.com\/fr\/events\/cameroun-test-recrutement-instituteurs-de-enseignement\/\" rel=\"bookmark\" title=\"Cameroun &#8211; Test de s\u00e9lection Recrutement Instituteurs de l&#8217;Enseignement Maternel et Primaire 2026\">Cameroun &#8211; Test de s\u00e9lection Recrutement Instituteurs de l&#8217;Enseignement Maternel et Primaire 2026<\/a><\/h3><div class=\"vsel-meta-date vsel-meta-single-date\">Date\u00a0: <span>14 f\u00e9vrier 2026<\/span><\/div><div class=\"vsel-meta-time\">Heure\u00a0: <span>7 h 00 min - 15 h 00 min<\/span><\/div><div class=\"vsel-meta-location\">Lieu: <span>Tous les chefs de R\u00e9gion<\/span><\/div><\/div><div class=\"vsel-info vsel-alignright\" style=\"width:60%;\"><figure class=\"vsel-image vsel-alignright\" style=\"max-width:40%\"><img decoding=\"async\" width=\"1280\" height=\"720\" src=\"https:\/\/kamerpower.com\/wp-content\/uploads\/2023\/08\/MINESEC-MINEDUB-Cameroun-Recrutement-et-Concours.png\" class=\"vsel-image-img wp-post-image\" alt=\"MINESEC - MINEDUB Cameroun Recrutement et Concours\" srcset=\"https:\/\/kamerpower.com\/wp-content\/uploads\/2023\/08\/MINESEC-MINEDUB-Cameroun-Recrutement-et-Concours.png 1280w, https:\/\/kamerpower.com\/wp-content\/uploads\/2023\/08\/MINESEC-MINEDUB-Cameroun-Recrutement-et-Concours-600x338.png 600w, https:\/\/kamerpower.com\/wp-content\/uploads\/2023\/08\/MINESEC-MINEDUB-Cameroun-Recrutement-et-Concours-300x169.png 300w, https:\/\/kamerpower.com\/wp-content\/uploads\/2023\/08\/MINESEC-MINEDUB-Cameroun-Recrutement-et-Concours-768x432.png 768w, https:\/\/kamerpower.com\/wp-content\/uploads\/2023\/08\/MINESEC-MINEDUB-Cameroun-Recrutement-et-Concours-720x405.png 720w, https:\/\/kamerpower.com\/wp-content\/uploads\/2023\/08\/MINESEC-MINEDUB-Cameroun-Recrutement-et-Concours-520x293.png 520w, https:\/\/kamerpower.com\/wp-content\/uploads\/2023\/08\/MINESEC-MINEDUB-Cameroun-Recrutement-et-Concours-320x180.png 320w, https:\/\/kamerpower.com\/wp-content\/uploads\/2023\/08\/MINESEC-MINEDUB-Cameroun-Recrutement-et-Concours-150x84.png 150w, https:\/\/kamerpower.com\/wp-content\/uploads\/2023\/08\/MINESEC-MINEDUB-Cameroun-Recrutement-et-Concours-1200x675.png 1200w\" sizes=\"(max-width: 1280px) 100vw, 1280px\" \/><\/figure><div class=\"vsel-text\"><p>Un test de s\u00e9lection pour le recrutement de 3000 Instituteurs dans le cadre de la deuxi\u00e8me phase du troisi\u00e8me programme de contractualisation des Instituteurs de l&#8217;Enseignement Maternel et Primaire.<\/p>\n<\/div><\/div><\/div><div id=\"event-74581\" class=\"vsel-content concours-lances-au-cameroun vsel-past\"><div class=\"vsel-meta vsel-alignleft\" style=\"width:36%;\"><h3 class=\"vsel-meta-title\"><a href=\"https:\/\/kamerpower.com\/fr\/events\/concours-gendarmerie-nationale-cameroun\/\" rel=\"bookmark\" title=\"Concours Gendarmerie Nationale au Cameroun 2026-2027\">Concours Gendarmerie Nationale au Cameroun 2026-2027<\/a><\/h3><div class=\"vsel-meta-date vsel-meta-single-date\">Date\u00a0: <span>15 janvier 2026<\/span><\/div><div class=\"vsel-meta-time\">Heure\u00a0: <span>7 h 30 min - 15 h 00 min<\/span><\/div><div class=\"vsel-meta-location\">Lieu: <span>Postes de commandement des Secteurs Militaires<\/span><\/div><\/div><div class=\"vsel-info vsel-alignright\" style=\"width:60%;\"><figure class=\"vsel-image vsel-alignright\" style=\"max-width:40%\"><img decoding=\"async\" width=\"1280\" height=\"720\" src=\"https:\/\/kamerpower.com\/wp-content\/uploads\/2025\/12\/Concours-Gendarmerie-Nationale-Camerounaise-MINDEF.jpg\" class=\"vsel-image-img wp-post-image\" alt=\"Concours Gendarmerie Nationale Camerounaise MINDEF 2026-2027\" srcset=\"https:\/\/kamerpower.com\/wp-content\/uploads\/2025\/12\/Concours-Gendarmerie-Nationale-Camerounaise-MINDEF.jpg 1280w, https:\/\/kamerpower.com\/wp-content\/uploads\/2025\/12\/Concours-Gendarmerie-Nationale-Camerounaise-MINDEF-600x338.jpg 600w, https:\/\/kamerpower.com\/wp-content\/uploads\/2025\/12\/Concours-Gendarmerie-Nationale-Camerounaise-MINDEF-300x169.jpg 300w, https:\/\/kamerpower.com\/wp-content\/uploads\/2025\/12\/Concours-Gendarmerie-Nationale-Camerounaise-MINDEF-768x432.jpg 768w, https:\/\/kamerpower.com\/wp-content\/uploads\/2025\/12\/Concours-Gendarmerie-Nationale-Camerounaise-MINDEF-150x84.jpg 150w\" sizes=\"(max-width: 1280px) 100vw, 1280px\" \/><\/figure><div class=\"vsel-text\"><p>Le concours Gendarmerie camerounaise pour \u00e9l\u00e8ves Sous-officiers de gendarmerie, El\u00e8ves Gendarmes, sant\u00e9 militaire est lance. Il est port\u00e9 \u00e0 la connaissance des jeunes camerounais des deux sexes d\u00e9sireux de faire carri\u00e8re.<\/p>\n<\/div><\/div><\/div><div class=\"vsel-nav\"><\/div><\/div>\n\n\n<div class=\"wp-block-buttons is-content-justification-center is-layout-flex wp-container-core-buttons-is-layout-16018d1d wp-block-buttons-is-layout-flex\">\n<div class=\"wp-block-button\"><a class=\"wp-block-button__link has-white-color has-vivid-red-background-color has-text-color has-background has-link-color has-text-align-center wp-element-button\" href=\"https:\/\/kamerpower.com\/upcoming-events\/\" style=\"border-top-left-radius:18px;border-top-right-radius:18px;border-bottom-left-radius:18px;border-bottom-right-radius:18px\"><strong>Autres concours lanc\u00e9s<\/strong><\/a><\/div>\n<\/div>\n","protected":false},"excerpt":{"rendered":"<p>&#46;&#46;&#46;<\/p>\n","protected":false},"author":1,"featured_media":63347,"parent":0,"menu_order":0,"comment_status":"closed","ping_status":"closed","template":"","meta":{"_themeisle_gutenberg_block_has_review":false,"footnotes":""},"class_list":["post-74495","page","type-page","status-publish","has-post-thumbnail","hentry"],"_links":{"self":[{"href":"https:\/\/kamerpower.com\/fr\/wp-json\/wp\/v2\/pages\/74495","targetHints":{"allow":["GET"]}}],"collection":[{"href":"https:\/\/kamerpower.com\/fr\/wp-json\/wp\/v2\/pages"}],"about":[{"href":"https:\/\/kamerpower.com\/fr\/wp-json\/wp\/v2\/types\/page"}],"author":[{"embeddable":true,"href":"https:\/\/kamerpower.com\/fr\/wp-json\/wp\/v2\/users\/1"}],"replies":[{"embeddable":true,"href":"https:\/\/kamerpower.com\/fr\/wp-json\/wp\/v2\/comments?post=74495"}],"version-history":[{"count":2,"href":"https:\/\/kamerpower.com\/fr\/wp-json\/wp\/v2\/pages\/74495\/revisions"}],"predecessor-version":[{"id":74630,"href":"https:\/\/kamerpower.com\/fr\/wp-json\/wp\/v2\/pages\/74495\/revisions\/74630"}],"wp:featuredmedia":[{"embeddable":true,"href":"https:\/\/kamerpower.com\/fr\/wp-json\/wp\/v2\/media\/63347"}],"wp:attachment":[{"href":"https:\/\/kamerpower.com\/fr\/wp-json\/wp\/v2\/media?parent=74495"}],"curies":[{"name":"wp","href":"https:\/\/api.w.org\/{rel}","templated":true}]}}